{"id":741,"date":"2024-10-02T10:25:07","date_gmt":"2024-10-02T16:25:07","guid":{"rendered":"https:\/\/garbar.info\/?page_id=741"},"modified":"2024-10-02T10:41:35","modified_gmt":"2024-10-02T16:41:35","slug":"aviso-de-privacidad","status":"publish","type":"page","link":"https:\/\/garbar.info\/zh\/aviso-de-privacidad\/","title":{"rendered":"\u9690\u79c1\u58f0\u660e"},"content":{"rendered":"<div data-elementor-type=\"wp-page\" data-elementor-id=\"741\" class=\"elementor elementor-741\" data-elementor-post-type=\"page\">\n\t\t\t\t\t\t<section class=\"elementor-section elementor-top-section elementor-element elementor-element-ba5c231 elementor-section-boxed elementor-section-height-default elementor-section-height-default\" data-id=\"ba5c231\" data-element_type=\"section\" data-settings=\"{&quot;background_background&quot;:&quot;classic&quot;}\">\n\t\t\t\t\t\t<div class=\"elementor-container elementor-column-gap-default\">\n\t\t\t\t\t<div class=\"elementor-column elementor-col-100 elementor-top-column elementor-element elementor-element-e082185\" data-id=\"e082185\" data-element_type=\"column\">\n\t\t\t<div class=\"elementor-widget-wrap elementor-element-populated\">\n\t\t\t\t\t\t<div class=\"elementor-element elementor-element-6343e53 elementor-widget elementor-widget-heading\" data-id=\"6343e53\" data-element_type=\"widget\" data-widget_type=\"heading.default\">\n\t\t\t\t<div class=\"elementor-widget-container\">\n\t\t\t\t\t<h1 class=\"elementor-heading-title elementor-size-default\">\u9690\u79c1\u58f0\u660e<\/h1>\t\t\t\t<\/div>\n\t\t\t\t<\/div>\n\t\t\t\t<div class=\"elementor-element elementor-element-a68713b elementor-widget-divider--view-line elementor-widget elementor-widget-divider\" data-id=\"a68713b\" data-element_type=\"widget\" data-widget_type=\"divider.default\">\n\t\t\t\t<div class=\"elementor-widget-container\">\n\t\t\t\t\t\t\t<div class=\"elementor-divider\">\n\t\t\t<span class=\"elementor-divider-separator\">\n\t\t\t\t\t\t<\/span>\n\t\t<\/div>\n\t\t\t\t\t\t<\/div>\n\t\t\t\t<\/div>\n\t\t\t\t<div class=\"elementor-element elementor-element-3ac9a5d elementor-widget elementor-widget-heading\" data-id=\"3ac9a5d\" data-element_type=\"widget\" data-widget_type=\"heading.default\">\n\t\t\t\t<div class=\"elementor-widget-container\">\n\t\t\t\t\t<h1 class=\"elementor-heading-title elementor-size-default\">AVISO DE PRIVACIDAD\n\n<\/h1>\t\t\t\t<\/div>\n\t\t\t\t<\/div>\n\t\t\t\t<div class=\"elementor-element elementor-element-90d2452 elementor-widget elementor-widget-heading\" data-id=\"90d2452\" data-element_type=\"widget\" data-widget_type=\"heading.default\">\n\t\t\t\t<div class=\"elementor-widget-container\">\n\t\t\t\t\t<h1 class=\"elementor-heading-title elementor-size-default\">GARC\u00cdA BARRAGAN ABOGADOS, S.C., despacho de abogados con domicilio en R\u00edo Guadiana No 11, Col. Cuauht\u00e9moc, C.P. 06500, Alcald\u00eda Cuauht\u00e9moc, Ciudad de M\u00e9xico, M\u00e9xico, de conformidad con la Ley Federal de Protecci\u00f3n de Datos Personales en Posesi\u00f3n de los Particulares; el Reglamento de la Ley Federal de Protecci\u00f3n de Datos Personales en Posesi\u00f3n de los Particulares; los Lineamientos del Aviso de Privacidad publicados en el Diario Oficial de la Federaci\u00f3n el d\u00eda 17 de enero de 2013, y en apego a los principios de licitud, consentimiento, informaci\u00f3n, calidad, finalidad, lealtad, proporcionalidad y responsabilidad, da a conocer a sus Clientes, visitantes de la p\u00e1gina web y cualquier persona interesada en contactarnos, que los Datos Personales que habremos de tratar con motivo de la prestaci\u00f3n de servicios legales que les ofrecemos o por virtud de cualquier relaci\u00f3n jur\u00eddica que nos vincule, ser\u00e1n utilizados estrictamente para las finalidades necesarias al cumplimiento de las obligaciones derivadas de la mencionada relaci\u00f3n jur\u00eddica, particularmente aqu\u00e9llas que se desprendan de la prestaci\u00f3n de servicios legales.\n\n<\/h1>\t\t\t\t<\/div>\n\t\t\t\t<\/div>\n\t\t\t\t<div class=\"elementor-element elementor-element-ab53b9f elementor-widget elementor-widget-heading\" data-id=\"ab53b9f\" data-element_type=\"widget\" data-widget_type=\"heading.default\">\n\t\t\t\t<div class=\"elementor-widget-container\">\n\t\t\t\t\t<h1 class=\"elementor-heading-title elementor-size-default\">Recabamos sus datos personales \u00fanicamente cuando nos los proporcionen directamente, ya sea al ponerse en contacto con nosotros mediante nuestra p\u00e1gina de internet; completar formularios o encuestas; al darse de alta como Cliente de nuestra firma; mediante el env\u00edo de Curriculum Vitae; solicitud de facturaci\u00f3n por servicios contratados, entre otras v\u00edas an\u00e1logas. Los datos que obtenemos por estos medios son:\n\n<\/h1>\t\t\t\t<\/div>\n\t\t\t\t<\/div>\n\t\t\t\t<div class=\"elementor-element elementor-element-72c576a elementor-widget elementor-widget-heading\" data-id=\"72c576a\" data-element_type=\"widget\" data-widget_type=\"heading.default\">\n\t\t\t\t<div class=\"elementor-widget-container\">\n\t\t\t\t\t<h1 class=\"elementor-heading-title elementor-size-default\">Nombre, tel\u00e9fono, correo electr\u00f3nico, domicilio, compa\u00f1\u00eda para la que labora, registro federal de contribuyentes, ocupaci\u00f3n o profesi\u00f3n, y puesto.\n\n\n<\/h1>\t\t\t\t<\/div>\n\t\t\t\t<\/div>\n\t\t\t\t<div class=\"elementor-element elementor-element-2a11c68 elementor-widget elementor-widget-heading\" data-id=\"2a11c68\" data-element_type=\"widget\" data-widget_type=\"heading.default\">\n\t\t\t\t<div class=\"elementor-widget-container\">\n\t\t\t\t\t<h1 class=\"elementor-heading-title elementor-size-default\">Nosotros no recabamos datos personales sensibles a trav\u00e9s de nuestro sitio web.\n\n\n\n<\/h1>\t\t\t\t<\/div>\n\t\t\t\t<\/div>\n\t\t\t\t<div class=\"elementor-element elementor-element-1b8aebe elementor-widget elementor-widget-heading\" data-id=\"1b8aebe\" data-element_type=\"widget\" data-widget_type=\"heading.default\">\n\t\t\t\t<div class=\"elementor-widget-container\">\n\t\t\t\t\t<h1 class=\"elementor-heading-title elementor-size-default\">La obtenci\u00f3n, uso o almacenamiento, as\u00ed como el acceso, manejo, aprovechamiento, transferencia o disposici\u00f3n que llevamos a cabo de los datos personales de nuestros Clientes, tienen como fin proporcionarle informaci\u00f3n y cotizaciones sobre nuestros servicios; la prestaci\u00f3n de servicios legales conforme a nuestras \u00e1reas de pr\u00e1ctica; el env\u00edo de boletines de noticias; aplicaci\u00f3n de encuestas de satisfacci\u00f3n por nuestros servicios; env\u00edo de invitaciones a eventos; dar respuesta a solicitudes de informaci\u00f3n; dar cumplimiento a obligaciones contractuales contra\u00eddas con nuestros Clientes, tales como: recepci\u00f3n y procesamiento de pagos, generaci\u00f3n de los comprobantes fiscales, alta de cuenta en nuestra base de datos de Clientes, notificaciones relacionadas con nuestros servicios, env\u00edo de documentos y servicios de atenci\u00f3n telef\u00f3nica; dar cumplimiento a la legislaci\u00f3n aplicable; evaluaci\u00f3n de una posible contrataci\u00f3n a personas candidatas a puestos de empleo, y el tratamiento de los datos personales internamente con finalidades de administraci\u00f3n, auditor\u00edas internas, eval\u00fao, desarrollo y mejora de la calidad de nuestros servicios, generaci\u00f3n de informaci\u00f3n estad\u00edstica en relaci\u00f3n con la cartera de Clientes y realizaci\u00f3n de estudios internos sobre sus h\u00e1bitos de consumo y aspectos demogr\u00e1ficos.\n\n<\/h1>\t\t\t\t<\/div>\n\t\t\t\t<\/div>\n\t\t\t\t<div class=\"elementor-element elementor-element-64089c2 elementor-widget elementor-widget-heading\" data-id=\"64089c2\" data-element_type=\"widget\" data-widget_type=\"heading.default\">\n\t\t\t\t<div class=\"elementor-widget-container\">\n\t\t\t\t\t<h1 class=\"elementor-heading-title elementor-size-default\">Se hace de su conocimiento que podemos transferir sus datos personales a proveedores de servicios para actividades de promoci\u00f3n y comercializaci\u00f3n de nuestros servicios; por requerimiento de una autoridad mediante una orden judicial, y para el cumplimiento de obligaciones derivadas de una relaci\u00f3n jur\u00eddica con Usted.\n\n<\/h1>\t\t\t\t<\/div>\n\t\t\t\t<\/div>\n\t\t\t\t<div class=\"elementor-element elementor-element-5d35f0c elementor-widget elementor-widget-heading\" data-id=\"5d35f0c\" data-element_type=\"widget\" data-widget_type=\"heading.default\">\n\t\t\t\t<div class=\"elementor-widget-container\">\n\t\t\t\t\t<h1 class=\"elementor-heading-title elementor-size-default\">En virtud de lo anterior, Usted entiende que, como titular de los Datos Personales, otorga su consentimiento de manera t\u00e1cita en caso de no manifestar oposici\u00f3n al presente Aviso de Privacidad. Si Usted desea manifestar su negativa para el tratamiento de sus Datos Personales, de acuerdo a las finalidades anteriormente expresadas, puede hacerlo enviando un correo electr\u00f3nico a la socia encargada del \u00e1rea de protecci\u00f3n de datos personales, la Lic. Adriana L\u00f3pez Gonz\u00e1lez, cuya direcci\u00f3n electr\u00f3nica se muestra a continuaci\u00f3n: alopez@garbar.mx\n\n\n<\/h1>\t\t\t\t<\/div>\n\t\t\t\t<\/div>\n\t\t\t\t<div class=\"elementor-element elementor-element-b6c3f46 elementor-widget elementor-widget-heading\" data-id=\"b6c3f46\" data-element_type=\"widget\" data-widget_type=\"heading.default\">\n\t\t\t\t<div class=\"elementor-widget-container\">\n\t\t\t\t\t<h1 class=\"elementor-heading-title elementor-size-default\">Asimismo, con la intenci\u00f3n de proteger la privacidad de nuestros Clientes y de las personas visitantes de la p\u00e1gina web, les informamos que el periodo de tratamiento de sus Datos Personales ser\u00e1 el m\u00ednimo indispensable para el cumplimiento de la relaci\u00f3n jur\u00eddica que nos vincula con Usted, y de igual forma  hemos implementado diversas medidas de seguridad que permiten mantener y proteger dichos Datos Personales contra cualquier destrucci\u00f3n, da\u00f1o, alteraci\u00f3n, p\u00e9rdida, divulgaci\u00f3n, obtenci\u00f3n, uso, acceso o tratamiento no autorizado, mismos que, cuando existan finalidades leg\u00edtimas, concretas o acordes con nuestra relaci\u00f3n jur\u00eddica, ser\u00e1n resguardados en Bases de Datos propiedad de GARC\u00cdA BARRAGAN ABOGADOS, S.C.\n\n\n\n<\/h1>\t\t\t\t<\/div>\n\t\t\t\t<\/div>\n\t\t\t\t<div class=\"elementor-element elementor-element-019d234 elementor-widget elementor-widget-heading\" data-id=\"019d234\" data-element_type=\"widget\" data-widget_type=\"heading.default\">\n\t\t\t\t<div class=\"elementor-widget-container\">\n\t\t\t\t\t<h1 class=\"elementor-heading-title elementor-size-default\">GARC\u00cdA BARRAG\u00c1N ABOGADOS, S.C., manifiesta que \u00fanicamente llevar\u00e1 a cabo transferencias nacionales o internacionales de los Datos Personales cuando \u00e9stas sean estrictamente necesarias para el mantenimiento o cumplimiento de la relaci\u00f3n jur\u00eddica que nos vincula y previa comunicaci\u00f3n al tercero del presente Aviso de Privacidad y las finalidades a las que se ha sujetado el tratamiento de los Datos Personales con Usted.\n\n\n\n\n<\/h1>\t\t\t\t<\/div>\n\t\t\t\t<\/div>\n\t\t\t\t<div class=\"elementor-element elementor-element-c58f726 elementor-widget elementor-widget-heading\" data-id=\"c58f726\" data-element_type=\"widget\" data-widget_type=\"heading.default\">\n\t\t\t\t<div class=\"elementor-widget-container\">\n\t\t\t\t\t<h1 class=\"elementor-heading-title elementor-size-default\">Los Derechos ARCO (acceso, rectificaci\u00f3n, cancelaci\u00f3n y oposici\u00f3n) deber\u00e1n ejercitarse a trav\u00e9s de la presentaci\u00f3n de un escrito libre, firmado por el interesado, su representante o persona que lo haga a su ruego cuando estuviere imposibilitado en los casos conducentes, en idioma espa\u00f1ol, que se deber\u00e1 ingresar de manera gratuita en el domicilio de GARC\u00cdA BARRAG\u00c1N ABOGADOS, S.C., o bien al correo de la socia encargada del \u00e1rea, la Lic. Adriana L\u00f3pez Gonz\u00e1lez: alopez@garbar.mx\n\n\n\n\n\n<\/h1>\t\t\t\t<\/div>\n\t\t\t\t<\/div>\n\t\t\t\t<div class=\"elementor-element elementor-element-cce3daf elementor-widget elementor-widget-heading\" data-id=\"cce3daf\" data-element_type=\"widget\" data-widget_type=\"heading.default\">\n\t\t\t\t<div class=\"elementor-widget-container\">\n\t\t\t\t\t<h1 class=\"elementor-heading-title elementor-size-default\">La solicitud de acceso, rectificaci\u00f3n, cancelaci\u00f3n u oposici\u00f3n de Datos Personales deber\u00e1 ser promovida de manera escrita, contendiendo, por lo menos, los siguientes datos:\n\n\n\n\n\n\n<\/h1>\t\t\t\t<\/div>\n\t\t\t\t<\/div>\n\t\t\t\t<div class=\"elementor-element elementor-element-81a17b8 elementor-widget elementor-widget-heading\" data-id=\"81a17b8\" data-element_type=\"widget\" data-widget_type=\"heading.default\">\n\t\t\t\t<div class=\"elementor-widget-container\">\n\t\t\t\t\t<h1 class=\"elementor-heading-title elementor-size-default\">a)     El nombre del interesado, copia de un documento oficial de identificaci\u00f3n y correo electr\u00f3nico, o bien, nombre del representante, as\u00ed como el documento que acredite la representaci\u00f3n legal y correo electr\u00f3nico tanto de \u00e9ste como del representado;\n\n\n\n\n\n\n\n<\/h1>\t\t\t\t<\/div>\n\t\t\t\t<\/div>\n\t\t\t\t<div class=\"elementor-element elementor-element-11f2775 elementor-widget elementor-widget-heading\" data-id=\"11f2775\" data-element_type=\"widget\" data-widget_type=\"heading.default\">\n\t\t\t\t<div class=\"elementor-widget-container\">\n\t\t\t\t\t<h1 class=\"elementor-heading-title elementor-size-default\">b)    La expresi\u00f3n y acreditaci\u00f3n de su inter\u00e9s;\n\n<\/h1>\t\t\t\t<\/div>\n\t\t\t\t<\/div>\n\t\t\t\t<div class=\"elementor-element elementor-element-72190d6 elementor-widget elementor-widget-heading\" data-id=\"72190d6\" data-element_type=\"widget\" data-widget_type=\"heading.default\">\n\t\t\t\t<div class=\"elementor-widget-container\">\n\t\t\t\t\t<h1 class=\"elementor-heading-title elementor-size-default\">c)     La precisi\u00f3n de los datos personales que son materia de la solicitud de acceso, rectificaci\u00f3n, cancelaci\u00f3n, u oposici\u00f3n a su publicaci\u00f3n, as\u00ed como la persona que recabo dicha informaci\u00f3n;\n\n<\/h1>\t\t\t\t<\/div>\n\t\t\t\t<\/div>\n\t\t\t\t<div class=\"elementor-element elementor-element-58f6bb8 elementor-widget elementor-widget-heading\" data-id=\"58f6bb8\" data-element_type=\"widget\" data-widget_type=\"heading.default\">\n\t\t\t\t<div class=\"elementor-widget-container\">\n\t\t\t\t\t<h1 class=\"elementor-heading-title elementor-size-default\">d)    Las razones por las cuales se considera que los Datos Personales en posesi\u00f3n de GARC\u00cdA BARRAG\u00c1N ABOGADOS, S.C., son falsos, inexactos, de riesgo para su integridad, o bien, le resulta discriminatoria, as\u00ed como la pruebas correspondientes con la que busque acreditar dicha situaci\u00f3n.\n\n<\/h1>\t\t\t\t<\/div>\n\t\t\t\t<\/div>\n\t\t\t\t<div class=\"elementor-element elementor-element-3f84654 elementor-widget elementor-widget-heading\" data-id=\"3f84654\" data-element_type=\"widget\" data-widget_type=\"heading.default\">\n\t\t\t\t<div class=\"elementor-widget-container\">\n\t\t\t\t\t<h1 class=\"elementor-heading-title elementor-size-default\">La promoci\u00f3n de la solicitud podr\u00e1 ser ejercitada en cualquier momento. GARC\u00cdA BARRAG\u00c1N ABOGADOS S.C., ha implementado un sistema espec\u00edfico para recabar las solicitudes de ejercicio de los Derechos ARCO, por lo que toda persona interesada puede enviar un correo electr\u00f3nico a la direcci\u00f3n electr\u00f3nica de la Lic. Adriana L\u00f3pez Gonz\u00e1lez, indicada a continuaci\u00f3n: alopez@garbar.mx\n\n<\/h1>\t\t\t\t<\/div>\n\t\t\t\t<\/div>\n\t\t\t\t<div class=\"elementor-element elementor-element-793c071 elementor-widget elementor-widget-heading\" data-id=\"793c071\" data-element_type=\"widget\" data-widget_type=\"heading.default\">\n\t\t\t\t<div class=\"elementor-widget-container\">\n\t\t\t\t\t<h1 class=\"elementor-heading-title elementor-size-default\">GARC\u00cdA BARRAG\u00c1N ABOGADOS S.C., dar\u00e1 respuesta a la solicitud que corresponda en un plazo no mayor a veinte d\u00edas h\u00e1biles a partir de la presentaci\u00f3n de aqu\u00e9lla, dicho plazo podr\u00e1 ser ampliado en los supuestos que indican las disposiciones aplicables.\n\n<\/h1>\t\t\t\t<\/div>\n\t\t\t\t<\/div>\n\t\t\t\t<div class=\"elementor-element elementor-element-5f987af elementor-widget elementor-widget-heading\" data-id=\"5f987af\" data-element_type=\"widget\" data-widget_type=\"heading.default\">\n\t\t\t\t<div class=\"elementor-widget-container\">\n\t\t\t\t\t<h1 class=\"elementor-heading-title elementor-size-default\">En caso de que la solicitud sea procedente, GARC\u00cdA BARRAG\u00c1N ABOGADOS, S.C., dar\u00e1 cumplimiento a la misma dentro de los quince d\u00edas h\u00e1biles siguientes a aqu\u00e9l en que fue comunicada la respuesta y en la misma forma en que la solicitud fue presentada.\n\n<\/h1>\t\t\t\t<\/div>\n\t\t\t\t<\/div>\n\t\t\t\t<div class=\"elementor-element elementor-element-bcf111a elementor-widget elementor-widget-heading\" data-id=\"bcf111a\" data-element_type=\"widget\" data-widget_type=\"heading.default\">\n\t\t\t\t<div class=\"elementor-widget-container\">\n\t\t\t\t\t<h1 class=\"elementor-heading-title elementor-size-default\">En caso de que GARC\u00cdA BARRAG\u00c1N ABOGADOS, S.C., con fundamento en las leyes y disposiciones reglamentarias aplicables, niegue la solicitud de ejercicio de los Derechos ARCO, proceder\u00e1 a justificar su respuesta y notificarlo por v\u00eda electr\u00f3nica, pudiendo el interesado dar inicio al procedimiento de protecci\u00f3n de datos ante el Instituto Federal de Acceso a la Informaci\u00f3n y Protecci\u00f3n de Datos.\n\n<\/h1>\t\t\t\t<\/div>\n\t\t\t\t<\/div>\n\t\t\t\t<div class=\"elementor-element elementor-element-3f3a98f elementor-widget elementor-widget-heading\" data-id=\"3f3a98f\" data-element_type=\"widget\" data-widget_type=\"heading.default\">\n\t\t\t\t<div class=\"elementor-widget-container\">\n\t\t\t\t\t<h1 class=\"elementor-heading-title elementor-size-default\">Los titulares de los Derechos Personales podr\u00e1n, en cualquier momento, revocar el consentimiento que hubieren otorgado de forma expresa o t\u00e1cita al presente Aviso de Privacidad. Para ello, es necesario que presenten un escrito libre, firmado por el interesado, su representante o persona que lo haga a su ruego cuando estuviere imposibilitado en los casos conducentes, en idioma espa\u00f1ol, que se deber\u00e1 ingresar de manera gratuita en el domicilio de GARC\u00cdA BARRAG\u00c1N ABOGADOS, S.C., o bien al correo de la socia encargada del \u00e1rea, la Lic. Adriana L\u00f3pez Gonz\u00e1lez: alopez@garbar.mx. En aquellos casos en que el titular solicite de manera expresa la confirmaci\u00f3n al cese de tratamiento de sus Datos Personales, GARC\u00cdA BARRAG\u00c1N ABOGADOS, S.C. responder\u00e1 dicha solicitud y se la comunicar\u00e1 a su correo electr\u00f3nico dentro de los quince d\u00edas h\u00e1biles siguientes a aqu\u00e9l en que la solicitud fue recibida.\n\n<\/h1>\t\t\t\t<\/div>\n\t\t\t\t<\/div>\n\t\t\t\t<div class=\"elementor-element elementor-element-96664fe elementor-widget elementor-widget-heading\" data-id=\"96664fe\" data-element_type=\"widget\" data-widget_type=\"heading.default\">\n\t\t\t\t<div class=\"elementor-widget-container\">\n\t\t\t\t\t<h1 class=\"elementor-heading-title elementor-size-default\">GARC\u00cdA BARRAG\u00c1N ABOGADOS S.C., se reserva en todo momento el derecho de efectuar actualizaciones o modificaciones al presente Aviso de Privacidad, en cuyo caso \u00e9stas se pondr\u00e1n a disposici\u00f3n de los Clientes y personas interesadas a trav\u00e9s de la p\u00e1gina de internet www.garbar.mx, a trav\u00e9s de correo electr\u00f3nico dirigido a la Lic Adriana L\u00f3pez Gonz\u00e1lez alopez@garbar.mx, o bien, por cualquier otra v\u00eda autorizada por la legislaci\u00f3n de la materia. Para mayor informaci\u00f3n o acceso al Aviso de Privacidad, requerimiento o ejercicio de Derechos de Acceso, Rectificaci\u00f3n, Cancelaci\u00f3n u Oposici\u00f3n deber\u00e1 contactar por escrito a la Lic. Adriana L\u00f3pez Gonz\u00e1lez en el citado domicilio o bien ingrese a nuestra p\u00e1gina web: www.garbar.mx\n\n<\/h1>\t\t\t\t<\/div>\n\t\t\t\t<\/div>\n\t\t\t\t\t<\/div>\n\t\t<\/div>\n\t\t\t\t\t<\/div>\n\t\t<\/section>\n\t\t\t\t<\/div>","protected":false},"excerpt":{"rendered":"<p>Aviso de Privacidad AVISO DE PRIVACIDAD GARC\u00cdA BARRAGAN ABOGADOS, S.C., despacho de abogados con domicilio en R\u00edo Guadiana No 11, Col. Cuauht\u00e9moc, C.P. 06500, Alcald\u00eda Cuauht\u00e9moc, Ciudad de M\u00e9xico, M\u00e9xico, de conformidad con la Ley Federal de Protecci\u00f3n de Datos Personales en Posesi\u00f3n de los Particulares; el Reglamento de la Ley Federal de Protecci\u00f3n de &#8230; <a title=\"\u9690\u79c1\u58f0\u660e\" class=\"read-more\" href=\"https:\/\/garbar.info\/zh\/aviso-de-privacidad\/\" aria-label=\"\u9605\u8bfb Aviso de Privacidad\">\u9605\u8bfb\u66f4\u591a<\/a><\/p>","protected":false},"author":1,"featured_media":0,"parent":0,"menu_order":0,"comment_status":"closed","ping_status":"closed","template":"elementor_header_footer","meta":{"inline_featured_image":false,"footnotes":""},"class_list":["post-741","page","type-page","status-publish"],"_links":{"self":[{"href":"https:\/\/garbar.info\/zh\/wp-json\/wp\/v2\/pages\/741","targetHints":{"allow":["GET"]}}],"collection":[{"href":"https:\/\/garbar.info\/zh\/wp-json\/wp\/v2\/pages"}],"about":[{"href":"https:\/\/garbar.info\/zh\/wp-json\/wp\/v2\/types\/page"}],"author":[{"embeddable":true,"href":"https:\/\/garbar.info\/zh\/wp-json\/wp\/v2\/users\/1"}],"replies":[{"embeddable":true,"href":"https:\/\/garbar.info\/zh\/wp-json\/wp\/v2\/comments?post=741"}],"version-history":[{"count":10,"href":"https:\/\/garbar.info\/zh\/wp-json\/wp\/v2\/pages\/741\/revisions"}],"predecessor-version":[{"id":753,"href":"https:\/\/garbar.info\/zh\/wp-json\/wp\/v2\/pages\/741\/revisions\/753"}],"wp:attachment":[{"href":"https:\/\/garbar.info\/zh\/wp-json\/wp\/v2\/media?parent=741"}],"curies":[{"name":"wp","href":"https:\/\/api.w.org\/{rel}","templated":true}]}}