{"id":642,"date":"2024-10-02T08:34:07","date_gmt":"2024-10-02T14:34:07","guid":{"rendered":"https:\/\/garbar.info\/?page_id=642"},"modified":"2024-10-02T08:41:16","modified_gmt":"2024-10-02T14:41:16","slug":"laboral","status":"publish","type":"page","link":"https:\/\/garbar.info\/en\/areas-de-practica\/laboral\/","title":{"rendered":"Labour and Employment"},"content":{"rendered":"<div data-elementor-type=\"wp-page\" data-elementor-id=\"642\" class=\"elementor elementor-642\" data-elementor-post-type=\"page\">\n\t\t\t\t\t\t<section class=\"elementor-section elementor-top-section elementor-element elementor-element-ba5c231 elementor-section-boxed elementor-section-height-default elementor-section-height-default\" data-id=\"ba5c231\" data-element_type=\"section\" data-settings=\"{&quot;background_background&quot;:&quot;classic&quot;}\">\n\t\t\t\t\t\t<div class=\"elementor-container elementor-column-gap-default\">\n\t\t\t\t\t<div class=\"elementor-column elementor-col-50 elementor-top-column elementor-element elementor-element-e082185\" data-id=\"e082185\" data-element_type=\"column\">\n\t\t\t<div class=\"elementor-widget-wrap elementor-element-populated\">\n\t\t\t\t\t\t<div class=\"elementor-element elementor-element-f5638b9 elementor-widget elementor-widget-heading\" data-id=\"f5638b9\" data-element_type=\"widget\" data-widget_type=\"heading.default\">\n\t\t\t\t<div class=\"elementor-widget-container\">\n\t\t\t\t\t<h2 class=\"elementor-heading-title elementor-size-default\">Our Services<\/h2>\t\t\t\t<\/div>\n\t\t\t\t<\/div>\n\t\t\t\t<div class=\"elementor-element elementor-element-6343e53 elementor-widget elementor-widget-heading\" data-id=\"6343e53\" data-element_type=\"widget\" data-widget_type=\"heading.default\">\n\t\t\t\t<div class=\"elementor-widget-container\">\n\t\t\t\t\t<h1 class=\"elementor-heading-title elementor-size-default\">Labour and Employment<\/h1>\t\t\t\t<\/div>\n\t\t\t\t<\/div>\n\t\t\t\t<div class=\"elementor-element elementor-element-76d897b elementor-hidden-mobile elementor-widget elementor-widget-spacer\" data-id=\"76d897b\" data-element_type=\"widget\" data-widget_type=\"spacer.default\">\n\t\t\t\t<div class=\"elementor-widget-container\">\n\t\t\t\t\t\t\t<div class=\"elementor-spacer\">\n\t\t\t<div class=\"elementor-spacer-inner\"><\/div>\n\t\t<\/div>\n\t\t\t\t\t\t<\/div>\n\t\t\t\t<\/div>\n\t\t\t\t<div class=\"elementor-element elementor-element-e8e4634 elementor-hidden-mobile elementor-widget elementor-widget-premium-addon-button\" data-id=\"e8e4634\" data-element_type=\"widget\" data-widget_type=\"premium-addon-button.default\">\n\t\t\t\t<div class=\"elementor-widget-container\">\n\t\t\t\t\t\r\n\r\n\t\t<a class=\"premium-button premium-button-style2 premium-btn-sm premium-button-style2-shutinver\" href=\"https:\/\/garbar.info\/en\/areas-de-practica\/\">\r\n\t\t\t<div class=\"premium-button-text-icon-wrapper\">\r\n\t\t\t\t\r\n\t\t\t\t\t\t\t\t\t<span >\r\n\t\t\t\t\t\tServices\t\t\t\t\t<\/span>\r\n\t\t\t\t\r\n\t\t\t\t\t\t\t<\/div>\r\n\r\n\t\t\t\r\n\t\t\t\r\n\t\t\t\r\n\t\t<\/a>\r\n\r\n\r\n\t\t\t\t\t\t<\/div>\n\t\t\t\t<\/div>\n\t\t\t\t\t<\/div>\n\t\t<\/div>\n\t\t\t\t<div class=\"elementor-column elementor-col-50 elementor-top-column elementor-element elementor-element-c8807ac\" data-id=\"c8807ac\" data-element_type=\"column\">\n\t\t\t<div class=\"elementor-widget-wrap elementor-element-populated\">\n\t\t\t\t\t\t<div class=\"elementor-element elementor-element-3ac9a5d elementor-widget elementor-widget-heading\" data-id=\"3ac9a5d\" data-element_type=\"widget\" data-widget_type=\"heading.default\">\n\t\t\t\t<div class=\"elementor-widget-container\">\n\t\t\t\t\t<h1 class=\"elementor-heading-title elementor-size-default\">En Garc\u00eda Barrag\u00e1n Abogados asesoramos a los clientes en todas las \u00e1reas del derecho laboral, incluyendo la contrataci\u00f3n individual y la contrataci\u00f3n colectiva, aspectos de outsourcing, planeaci\u00f3n laboral y litigio en todos sus aspectos, y el juicio de amparo en materia laboral. Atendemos grandes corporativos transnacionales, as\u00ed como peque\u00f1as y medianas empresas. Como resultado de nuestra experiencia profesional estamos convencidos de que todo cliente requiere una acertada asesor\u00eda legal que le d\u00e9 seguridad y se vea reflejada en el \u00e9xito de su negocio; por ello nuestro objetivo fundamental es proporcionarles a nuestros clientes la seguridad jur\u00eddica que avale y haga exitosa cualquier transacci\u00f3n.\n\n\n<\/h1>\t\t\t\t<\/div>\n\t\t\t\t<\/div>\n\t\t\t\t<div class=\"elementor-element elementor-element-85fc0ab elementor-widget elementor-widget-heading\" data-id=\"85fc0ab\" data-element_type=\"widget\" data-widget_type=\"heading.default\">\n\t\t\t\t<div class=\"elementor-widget-container\">\n\t\t\t\t\t<h1 class=\"elementor-heading-title elementor-size-default\">En Garc\u00eda Barrag\u00e1n Abogados atendemos desde grandes corporativos transnacionales hasta peque\u00f1as y medianas empresas. Como resultado de nuestra experiencia profesional estamos convencidos de que todo cliente requiere una acertada asesor\u00eda legal que le d\u00e9 seguridad y se vea reflejada en el \u00e9xito de su negocio; por ello nuestro objetivo fundamental es proporcionarles a nuestros clientes la seguridad jur\u00eddica que avale y haga exitosa cualquier transacci\u00f3n.\n\n<\/h1>\t\t\t\t<\/div>\n\t\t\t\t<\/div>\n\t\t\t\t<div class=\"elementor-element elementor-element-b36c77f elementor-widget elementor-widget-heading\" data-id=\"b36c77f\" data-element_type=\"widget\" data-widget_type=\"heading.default\">\n\t\t\t\t<div class=\"elementor-widget-container\">\n\t\t\t\t\t<h1 class=\"elementor-heading-title elementor-size-default\">Nuestros servicios en material laboral se dividen en seis rubros:\n\n<\/h1>\t\t\t\t<\/div>\n\t\t\t\t<\/div>\n\t\t\t\t<div class=\"elementor-element elementor-element-94784c1 elementor-widget elementor-widget-heading\" data-id=\"94784c1\" data-element_type=\"widget\" data-widget_type=\"heading.default\">\n\t\t\t\t<div class=\"elementor-widget-container\">\n\t\t\t\t\t<h1 class=\"elementor-heading-title elementor-size-default\">1. AUDITORIA Y CARPETA DE OPERACI\u00d3N LABORAL\n\n<\/h1>\t\t\t\t<\/div>\n\t\t\t\t<\/div>\n\t\t\t\t<div class=\"elementor-element elementor-element-93265b0 elementor-widget elementor-widget-heading\" data-id=\"93265b0\" data-element_type=\"widget\" data-widget_type=\"heading.default\">\n\t\t\t\t<div class=\"elementor-widget-container\">\n\t\t\t\t\t<h1 class=\"elementor-heading-title elementor-size-default\">A trav\u00e9s de estos servicios, buscamos prevenir y mejorar el funcionamiento de car\u00e1cter administrativo laboral interno de la empresa. Conforme a la Ley Federal del Trabajo, todos los documentos, planes y programas m\u00ednimos permiten comprobar que se cumplen en forma cabal y correcta las obligaciones en materia laboral. Por otro lado, la empresa dispone de ellos, puesto que son los instrumentos probatorios id\u00f3neos para acreditar el cumplimiento en menci\u00f3n en caso de encontrarse en el supuesto de un conflicto laboral que pueda perjudicarles.\n\n<\/h1>\t\t\t\t<\/div>\n\t\t\t\t<\/div>\n\t\t\t\t<div class=\"elementor-element elementor-element-78c089a elementor-widget elementor-widget-heading\" data-id=\"78c089a\" data-element_type=\"widget\" data-widget_type=\"heading.default\">\n\t\t\t\t<div class=\"elementor-widget-container\">\n\t\t\t\t\t<h1 class=\"elementor-heading-title elementor-size-default\">2. CONSULTOR\u00cdA\n\n<\/h1>\t\t\t\t<\/div>\n\t\t\t\t<\/div>\n\t\t\t\t<div class=\"elementor-element elementor-element-78d526c elementor-widget elementor-widget-heading\" data-id=\"78d526c\" data-element_type=\"widget\" data-widget_type=\"heading.default\">\n\t\t\t\t<div class=\"elementor-widget-container\">\n\t\t\t\t\t<h1 class=\"elementor-heading-title elementor-size-default\">Las consultas o asesor\u00edas que brindamos est\u00e1n destinadas a resolver todo tipo de dudas o procedimientos a seguir de \u00edndole extrajudicial, como son:\n\n<\/h1>\t\t\t\t<\/div>\n\t\t\t\t<\/div>\n\t\t\t\t<div class=\"elementor-element elementor-element-64264d2 elementor-widget elementor-widget-heading\" data-id=\"64264d2\" data-element_type=\"widget\" data-widget_type=\"heading.default\">\n\t\t\t\t<div class=\"elementor-widget-container\">\n\t\t\t\t\t<h1 class=\"elementor-heading-title elementor-size-default\">\u2022 Consultas sobre condiciones laborales.\n<br>\n\u2022 Consultas sobre elaboraci\u00f3n de formatos jur\u00eddico- laborales.\n<br>\n\u2022 Actividades y Resoluciones de la Comisi\u00f3n Nacional de Salarios M\u00ednimos.\n<br>\n\u2022 Reparto de Utilidades.\n<br>\n\u2022 Capacitaci\u00f3n y Adiestramiento.\n<br>\n\u2022 Seguridad e Higiene en el trabajo.\n<br>\n\u2022 Registro de Planes y Programas de las Comisiones Mixtas ante las autoridades de trabajo.<\/h1>\t\t\t\t<\/div>\n\t\t\t\t<\/div>\n\t\t\t\t<div class=\"elementor-element elementor-element-4046781 elementor-widget elementor-widget-heading\" data-id=\"4046781\" data-element_type=\"widget\" data-widget_type=\"heading.default\">\n\t\t\t\t<div class=\"elementor-widget-container\">\n\t\t\t\t\t<h1 class=\"elementor-heading-title elementor-size-default\">3. ASESOR\u00cdA EN CONFLICTOS COLECTIVOS\n\n<\/h1>\t\t\t\t<\/div>\n\t\t\t\t<\/div>\n\t\t\t\t<div class=\"elementor-element elementor-element-84edcae elementor-widget elementor-widget-heading\" data-id=\"84edcae\" data-element_type=\"widget\" data-widget_type=\"heading.default\">\n\t\t\t\t<div class=\"elementor-widget-container\">\n\t\t\t\t\t<h1 class=\"elementor-heading-title elementor-size-default\">Esta asesor\u00eda consiste en la intervenci\u00f3n directa de nuestros especialistas en conflictos de car\u00e1cter colectivo, tales como celebraci\u00f3n y revisi\u00f3n de contratos colectivos, juicios de titularidad, conflictos colectivos de naturaleza econ\u00f3mica, etc.\n\n<\/h1>\t\t\t\t<\/div>\n\t\t\t\t<\/div>\n\t\t\t\t<div class=\"elementor-element elementor-element-f5facb4 elementor-widget elementor-widget-heading\" data-id=\"f5facb4\" data-element_type=\"widget\" data-widget_type=\"heading.default\">\n\t\t\t\t<div class=\"elementor-widget-container\">\n\t\t\t\t\t<h1 class=\"elementor-heading-title elementor-size-default\">4. RECURSOS LEGALES\n\n<\/h1>\t\t\t\t<\/div>\n\t\t\t\t<\/div>\n\t\t\t\t<div class=\"elementor-element elementor-element-cc78144 elementor-widget elementor-widget-heading\" data-id=\"cc78144\" data-element_type=\"widget\" data-widget_type=\"heading.default\">\n\t\t\t\t<div class=\"elementor-widget-container\">\n\t\t\t\t\t<h1 class=\"elementor-heading-title elementor-size-default\">Tramitaci\u00f3n de recursos legales derivados de inspecciones y visitas efectuadas por las autoridades de trabajo a las empresas.\n\n<\/h1>\t\t\t\t<\/div>\n\t\t\t\t<\/div>\n\t\t\t\t<div class=\"elementor-element elementor-element-f2053c1 elementor-widget elementor-widget-heading\" data-id=\"f2053c1\" data-element_type=\"widget\" data-widget_type=\"heading.default\">\n\t\t\t\t<div class=\"elementor-widget-container\">\n\t\t\t\t\t<h1 class=\"elementor-heading-title elementor-size-default\">5. LITIGIO EN CONFLICTOS INDIVIDUALES\n\n<\/h1>\t\t\t\t<\/div>\n\t\t\t\t<\/div>\n\t\t\t\t<div class=\"elementor-element elementor-element-f43c8c6 elementor-widget elementor-widget-heading\" data-id=\"f43c8c6\" data-element_type=\"widget\" data-widget_type=\"heading.default\">\n\t\t\t\t<div class=\"elementor-widget-container\">\n\t\t\t\t\t<h1 class=\"elementor-heading-title elementor-size-default\">Respecto de juicios promovidos por trabajadores en lo individual, que se tramiten ante las siguientes autoridades:\n\n<\/h1>\t\t\t\t<\/div>\n\t\t\t\t<\/div>\n\t\t\t\t<div class=\"elementor-element elementor-element-548af67 elementor-widget elementor-widget-heading\" data-id=\"548af67\" data-element_type=\"widget\" data-widget_type=\"heading.default\">\n\t\t\t\t<div class=\"elementor-widget-container\">\n\t\t\t\t\t<h1 class=\"elementor-heading-title elementor-size-default\">\u2022 Juntas Locales de Conciliaci\u00f3n y Arbitraje del D.F.\n<br>\n\u2022 Juntas Federales de Conciliaci\u00f3n y Arbitraje.\n<br>\n\u2022 Procuradur\u00eda de la Defensa del Trabajo.\n<br>\n\u2022 Tribunales Colegiados en materia de Trabajo.\n<br>\n\u2022 Juzgados de Distrito en materia de Trabajo.\n<br>\n\u2022 Suprema Corte de Justicia de la Naci\u00f3n.\n<\/h1>\t\t\t\t<\/div>\n\t\t\t\t<\/div>\n\t\t\t\t<div class=\"elementor-element elementor-element-a008b19 elementor-widget elementor-widget-heading\" data-id=\"a008b19\" data-element_type=\"widget\" data-widget_type=\"heading.default\">\n\t\t\t\t<div class=\"elementor-widget-container\">\n\t\t\t\t\t<h1 class=\"elementor-heading-title elementor-size-default\">6. RECURSOS HUMANOS<\/h1>\t\t\t\t<\/div>\n\t\t\t\t<\/div>\n\t\t\t\t<div class=\"elementor-element elementor-element-f9b6573 elementor-widget elementor-widget-heading\" data-id=\"f9b6573\" data-element_type=\"widget\" data-widget_type=\"heading.default\">\n\t\t\t\t<div class=\"elementor-widget-container\">\n\t\t\t\t\t<h1 class=\"elementor-heading-title elementor-size-default\">\u2022 Contrataci\u00f3n de Personal (Elaboraci\u00f3n de contratos de todo tipo).\n<br>\n\u2022 Impartici\u00f3n de cursos de capacitaci\u00f3n al personal.\n<br>\n\u2022 Elaboraci\u00f3n de Actas Administrativas.\n<br>\n\u2022 Intervenci\u00f3n en Procesos de liquidaci\u00f3n de personal.\n<br>\n\u2022 Negociaci\u00f3n con trabajadores para evitar y\/o solucionar conflictos.<\/h1>\t\t\t\t<\/div>\n\t\t\t\t<\/div>\n\t\t\t\t<div class=\"elementor-element elementor-element-fcc7bb0 elementor-hidden-desktop elementor-widget elementor-widget-premium-addon-button\" data-id=\"fcc7bb0\" data-element_type=\"widget\" data-widget_type=\"premium-addon-button.default\">\n\t\t\t\t<div class=\"elementor-widget-container\">\n\t\t\t\t\t\r\n\r\n\t\t<a class=\"premium-button premium-button-style2 premium-btn-sm premium-button-style2-shutinver\" href=\"https:\/\/garbar.info\/en\/areas-de-practica\/\">\r\n\t\t\t<div class=\"premium-button-text-icon-wrapper\">\r\n\t\t\t\t\r\n\t\t\t\t\t\t\t\t\t<span >\r\n\t\t\t\t\t\tServices\t\t\t\t\t<\/span>\r\n\t\t\t\t\r\n\t\t\t\t\t\t\t<\/div>\r\n\r\n\t\t\t\r\n\t\t\t\r\n\t\t\t\r\n\t\t<\/a>\r\n\r\n\r\n\t\t\t\t\t\t<\/div>\n\t\t\t\t<\/div>\n\t\t\t\t\t<\/div>\n\t\t<\/div>\n\t\t\t\t\t<\/div>\n\t\t<\/section>\n\t\t\t\t<\/div>","protected":false},"excerpt":{"rendered":"<p>Nuestros Servicios Laboral Servicios En Garc\u00eda Barrag\u00e1n Abogados asesoramos a los clientes en todas las \u00e1reas del derecho laboral, incluyendo la contrataci\u00f3n individual y la contrataci\u00f3n colectiva, aspectos de outsourcing, planeaci\u00f3n laboral y litigio en todos sus aspectos, y el juicio de amparo en materia laboral. Atendemos grandes corporativos transnacionales, as\u00ed como peque\u00f1as y medianas &#8230; <a title=\"Labour and Employment\" class=\"read-more\" href=\"https:\/\/garbar.info\/en\/areas-de-practica\/laboral\/\" aria-label=\"Read more about Laboral\">Read more<\/a><\/p>","protected":false},"author":1,"featured_media":0,"parent":434,"menu_order":0,"comment_status":"closed","ping_status":"closed","template":"elementor_header_footer","meta":{"inline_featured_image":false,"footnotes":""},"class_list":["post-642","page","type-page","status-publish"],"_links":{"self":[{"href":"https:\/\/garbar.info\/en\/wp-json\/wp\/v2\/pages\/642","targetHints":{"allow":["GET"]}}],"collection":[{"href":"https:\/\/garbar.info\/en\/wp-json\/wp\/v2\/pages"}],"about":[{"href":"https:\/\/garbar.info\/en\/wp-json\/wp\/v2\/types\/page"}],"author":[{"embeddable":true,"href":"https:\/\/garbar.info\/en\/wp-json\/wp\/v2\/users\/1"}],"replies":[{"embeddable":true,"href":"https:\/\/garbar.info\/en\/wp-json\/wp\/v2\/comments?post=642"}],"version-history":[{"count":4,"href":"https:\/\/garbar.info\/en\/wp-json\/wp\/v2\/pages\/642\/revisions"}],"predecessor-version":[{"id":647,"href":"https:\/\/garbar.info\/en\/wp-json\/wp\/v2\/pages\/642\/revisions\/647"}],"up":[{"embeddable":true,"href":"https:\/\/garbar.info\/en\/wp-json\/wp\/v2\/pages\/434"}],"wp:attachment":[{"href":"https:\/\/garbar.info\/en\/wp-json\/wp\/v2\/media?parent=642"}],"curies":[{"name":"wp","href":"https:\/\/api.w.org\/{rel}","templated":true}]}}