{"id":443,"date":"2024-09-25T10:28:43","date_gmt":"2024-09-25T16:28:43","guid":{"rendered":"https:\/\/garbar.info\/?page_id=443"},"modified":"2025-11-06T07:45:28","modified_gmt":"2025-11-06T13:45:28","slug":"noticias","status":"publish","type":"page","link":"https:\/\/garbar.info\/en\/noticias\/","title":{"rendered":"News"},"content":{"rendered":"<div data-elementor-type=\"wp-page\" data-elementor-id=\"443\" class=\"elementor elementor-443\" data-elementor-post-type=\"page\">\n\t\t\t\t\t\t<section class=\"elementor-section elementor-top-section elementor-element elementor-element-ba5c231 elementor-section-boxed elementor-section-height-default elementor-section-height-default\" data-id=\"ba5c231\" data-element_type=\"section\" data-settings=\"{&quot;background_background&quot;:&quot;classic&quot;}\">\n\t\t\t\t\t\t<div class=\"elementor-container elementor-column-gap-default\">\n\t\t\t\t\t<div class=\"elementor-column elementor-col-100 elementor-top-column elementor-element elementor-element-e082185\" data-id=\"e082185\" data-element_type=\"column\">\n\t\t\t<div class=\"elementor-widget-wrap elementor-element-populated\">\n\t\t\t\t\t\t<div class=\"elementor-element elementor-element-f5638b9 elementor-widget elementor-widget-heading\" data-id=\"f5638b9\" data-element_type=\"widget\" data-widget_type=\"heading.default\">\n\t\t\t\t<div class=\"elementor-widget-container\">\n\t\t\t\t\t<h2 class=\"elementor-heading-title elementor-size-default\">Newsletter<\/h2>\t\t\t\t<\/div>\n\t\t\t\t<\/div>\n\t\t\t\t<div class=\"elementor-element elementor-element-6343e53 elementor-widget elementor-widget-heading\" data-id=\"6343e53\" data-element_type=\"widget\" data-widget_type=\"heading.default\">\n\t\t\t\t<div class=\"elementor-widget-container\">\n\t\t\t\t\t<h1 class=\"elementor-heading-title elementor-size-default\">News<\/h1>\t\t\t\t<\/div>\n\t\t\t\t<\/div>\n\t\t\t\t\t<\/div>\n\t\t<\/div>\n\t\t\t\t\t<\/div>\n\t\t<\/section>\n\t\t\t\t<section class=\"elementor-section elementor-top-section elementor-element elementor-element-233c865 elementor-section-boxed elementor-section-height-default elementor-section-height-default\" data-id=\"233c865\" data-element_type=\"section\" data-settings=\"{&quot;background_background&quot;:&quot;classic&quot;}\">\n\t\t\t\t\t\t<div class=\"elementor-container elementor-column-gap-default\">\n\t\t\t\t\t<div class=\"elementor-column elementor-col-100 elementor-top-column elementor-element elementor-element-7e12970\" data-id=\"7e12970\" data-element_type=\"column\">\n\t\t\t<div class=\"elementor-widget-wrap elementor-element-populated\">\n\t\t\t\t\t\t<div class=\"elementor-element elementor-element-6db08fe premium-blog-align-left elementor-widget elementor-widget-premium-addon-blog\" data-id=\"6db08fe\" data-element_type=\"widget\" data-settings=\"{&quot;force_height&quot;:&quot;true&quot;,&quot;premium_blog_columns_number&quot;:&quot;33.33%&quot;,&quot;premium_blog_grid&quot;:&quot;yes&quot;,&quot;premium_blog_layout&quot;:&quot;even&quot;,&quot;premium_blog_columns_number_tablet&quot;:&quot;50%&quot;,&quot;premium_blog_columns_number_mobile&quot;:&quot;100%&quot;,&quot;scroll_to_offset&quot;:&quot;yes&quot;}\" data-widget_type=\"premium-addon-blog.default\">\n\t\t\t\t<div class=\"elementor-widget-container\">\n\t\t\t\t\t\r\n\t\t\t\t\t\t\t<div class=\"premium-blog-filter\">\r\n\t\t\t<ul class=\"premium-blog-filters-container\">\r\n\t\t\t\t\t\t\t\t\t<li>\r\n\t\t\t\t\t\t<a href=\"javascript:;\" class=\"category active\" data-filter=\"*\">\r\n\t\t\t\t\t\t\tTodas\t\t\t\t\t\t<\/a>\r\n\t\t\t\t\t<\/li>\r\n\t\t\t\t\t\t\t\t\t\t\t\t\t\t<li>\r\n\t\t\t\t\t\t\t<a href=\"javascript:;\" class=\"category\" data-filter=\"administrativo\">\r\n\t\t\t\t\t\t\t\tAdministrative\t\t\t\t\t\t\t<\/a>\r\n\t\t\t\t\t\t<\/li>\r\n\t\t\t\t\t\t\t\t\t\t<li>\r\n\t\t\t\t\t\t\t<a href=\"javascript:;\" class=\"category\" data-filter=\"agrario\">\r\n\t\t\t\t\t\t\t\tAgrarian\t\t\t\t\t\t\t<\/a>\r\n\t\t\t\t\t\t<\/li>\r\n\t\t\t\t\t\t\t\t\t\t<li>\r\n\t\t\t\t\t\t\t<a href=\"javascript:;\" class=\"category\" data-filter=\"arbitraje\">\r\n\t\t\t\t\t\t\t\tArbitration\t\t\t\t\t\t\t<\/a>\r\n\t\t\t\t\t\t<\/li>\r\n\t\t\t\t\t\t\t\t\t\t<li>\r\n\t\t\t\t\t\t\t<a href=\"javascript:;\" class=\"category\" data-filter=\"bancario-y-financiero\">\r\n\t\t\t\t\t\t\t\tBanking and Finance\t\t\t\t\t\t\t<\/a>\r\n\t\t\t\t\t\t<\/li>\r\n\t\t\t\t\t\t\t\t\t\t<li>\r\n\t\t\t\t\t\t\t<a href=\"javascript:;\" class=\"category\" data-filter=\"comercio-exterior-y-derecho-aduanero\">\r\n\t\t\t\t\t\t\t\tForeign Trade and Customs Law\t\t\t\t\t\t\t<\/a>\r\n\t\t\t\t\t\t<\/li>\r\n\t\t\t\t\t\t\t\t\t\t<li>\r\n\t\t\t\t\t\t\t<a href=\"javascript:;\" class=\"category\" data-filter=\"construccion\">\r\n\t\t\t\t\t\t\t\tConstruction\t\t\t\t\t\t\t<\/a>\r\n\t\t\t\t\t\t<\/li>\r\n\t\t\t\t\t\t\t\t\t\t<li>\r\n\t\t\t\t\t\t\t<a href=\"javascript:;\" class=\"category\" data-filter=\"corporate-ma\">\r\n\t\t\t\t\t\t\t\tCorporate\/M&amp;A\t\t\t\t\t\t\t<\/a>\r\n\t\t\t\t\t\t<\/li>\r\n\t\t\t\t\t\t\t\t\t\t<li>\r\n\t\t\t\t\t\t\t<a href=\"javascript:;\" class=\"category\" data-filter=\"energia-y-recursos-naturales\">\r\n\t\t\t\t\t\t\t\tEnergy\t\t\t\t\t\t\t<\/a>\r\n\t\t\t\t\t\t<\/li>\r\n\t\t\t\t\t\t\t\t\t\t<li>\r\n\t\t\t\t\t\t\t<a href=\"javascript:;\" class=\"category\" data-filter=\"fiscal\">\r\n\t\t\t\t\t\t\t\tTax Law\t\t\t\t\t\t\t<\/a>\r\n\t\t\t\t\t\t<\/li>\r\n\t\t\t\t\t\t\t\t\t\t<li>\r\n\t\t\t\t\t\t\t<a href=\"javascript:;\" class=\"category\" data-filter=\"hoteleria-y-turismo\">\r\n\t\t\t\t\t\t\t\tHotels and Tourism\t\t\t\t\t\t\t<\/a>\r\n\t\t\t\t\t\t<\/li>\r\n\t\t\t\t\t\t\t\t\t\t<li>\r\n\t\t\t\t\t\t\t<a href=\"javascript:;\" class=\"category\" data-filter=\"inmobiliario\">\r\n\t\t\t\t\t\t\t\tReal Estate and Construction\t\t\t\t\t\t\t<\/a>\r\n\t\t\t\t\t\t<\/li>\r\n\t\t\t\t\t\t\t\t\t\t<li>\r\n\t\t\t\t\t\t\t<a href=\"javascript:;\" class=\"category\" data-filter=\"laboral-y-seguridad-social\">\r\n\t\t\t\t\t\t\t\tLabor and Social Security\t\t\t\t\t\t\t<\/a>\r\n\t\t\t\t\t\t<\/li>\r\n\t\t\t\t\t\t\t\t\t\t<li>\r\n\t\t\t\t\t\t\t<a href=\"javascript:;\" class=\"category\" data-filter=\"litigios-civiles-y-comerciales\">\r\n\t\t\t\t\t\t\t\tLitigios Civiles y Comerciales\t\t\t\t\t\t\t<\/a>\r\n\t\t\t\t\t\t<\/li>\r\n\t\t\t\t\t\t\t\t\t\t<li>\r\n\t\t\t\t\t\t\t<a href=\"javascript:;\" class=\"category\" data-filter=\"litigios-y-metodos-alternativos-de-solucion-de-controversias\">\r\n\t\t\t\t\t\t\t\tLitigation and Alternative Dispute Resolution Methods\t\t\t\t\t\t\t<\/a>\r\n\t\t\t\t\t\t<\/li>\r\n\t\t\t\t\t\t\t\t\t\t<li>\r\n\t\t\t\t\t\t\t<a href=\"javascript:;\" class=\"category\" data-filter=\"mercantil\">\r\n\t\t\t\t\t\t\t\tCommercial Law\t\t\t\t\t\t\t<\/a>\r\n\t\t\t\t\t\t<\/li>\r\n\t\t\t\t\t\t\t\t\t\t<li>\r\n\t\t\t\t\t\t\t<a href=\"javascript:;\" class=\"category\" data-filter=\"propiedad-intelectual\">\r\n\t\t\t\t\t\t\t\tIntellectual Property\t\t\t\t\t\t\t<\/a>\r\n\t\t\t\t\t\t<\/li>\r\n\t\t\t\t\t\t\t\t\t\t<li>\r\n\t\t\t\t\t\t\t<a href=\"javascript:;\" class=\"category\" data-filter=\"regulatorio\">\r\n\t\t\t\t\t\t\t\tRegulatory\t\t\t\t\t\t\t<\/a>\r\n\t\t\t\t\t\t<\/li>\r\n\t\t\t\t\t\t\t\t\t\t<li>\r\n\t\t\t\t\t\t\t<a href=\"javascript:;\" class=\"category\" data-filter=\"resolucion-de-disputas\">\r\n\t\t\t\t\t\t\t\tResoluci\u00f3n de Disputas\t\t\t\t\t\t\t<\/a>\r\n\t\t\t\t\t\t<\/li>\r\n\t\t\t\t\t\t\t\t\t\t<li>\r\n\t\t\t\t\t\t\t<a href=\"javascript:;\" class=\"category\" data-filter=\"telecomunicaciones\">\r\n\t\t\t\t\t\t\t\tTelecommunications\t\t\t\t\t\t\t<\/a>\r\n\t\t\t\t\t\t<\/li>\r\n\t\t\t\t\t\t\t<\/ul>\r\n\t\t<\/div>\r\n\t\t\t\t\t\t<div class=\"premium-blog-wrap  premium-blog-even\" data-page=\"443\">\r\n\t\t\t\t\t<div class=\"premium-blog-post-outer-container arbitraje\" data-total=\"1\">\r\n\t\t\t<div class=\"premium-blog-post-container premium-blog-skin-classic\">\r\n\t\t\t\t\t\t\t\t\t<div class=\"premium-blog-thumb-effect-wrapper\">\r\n\t\t\t\t\t\t<div class=\"premium-blog-thumbnail-container premium-blog-zoomin-effect\">\r\n\t\t\t\t\t\t\t<img fetchpriority=\"high\" decoding=\"async\" width=\"2200\" height=\"1150\" src=\"https:\/\/garbar.info\/wp-content\/uploads\/2026\/02\/garbar-dgbl-chambers-2026-all.jpg\" class=\"attachment-full size-full wp-image-1659\" alt=\"\" srcset=\"https:\/\/garbar.info\/wp-content\/uploads\/2026\/02\/garbar-dgbl-chambers-2026-all.jpg 2200w, https:\/\/garbar.info\/wp-content\/uploads\/2026\/02\/garbar-dgbl-chambers-2026-all-300x157.jpg 300w, https:\/\/garbar.info\/wp-content\/uploads\/2026\/02\/garbar-dgbl-chambers-2026-all-1024x535.jpg 1024w, https:\/\/garbar.info\/wp-content\/uploads\/2026\/02\/garbar-dgbl-chambers-2026-all-768x401.jpg 768w, https:\/\/garbar.info\/wp-content\/uploads\/2026\/02\/garbar-dgbl-chambers-2026-all-1536x803.jpg 1536w, https:\/\/garbar.info\/wp-content\/uploads\/2026\/02\/garbar-dgbl-chambers-2026-all-2048x1071.jpg 2048w, https:\/\/garbar.info\/wp-content\/uploads\/2026\/02\/garbar-dgbl-chambers-2026-all-18x9.jpg 18w\" sizes=\"(max-width: 2200px) 100vw, 2200px\" \/>\t\t\t\t\t\t<\/div>\r\n\t\t\t\t\t\t\t\t\t\t\t\t\t<div class=\"premium-blog-thumbnail-overlay\">\r\n\t\t\t\t\t\t\t\t<a class=\"elementor-icon\" href=\"https:\/\/garbar.info\/en\/chambers-and-partners-2026-ha-reconocido-a-nuestro-socio-daniel-garcia-barragan-l\/\" target=\"_self\"><span>Chambers and Partners 2026 ha reconocido a nuestro socio Daniel Garc\u00eda Barrag\u00e1n L.<\/span><\/a>\r\n\t\t\t\t\t\t\t<\/div>\r\n\r\n\t\t\t\t\t\t\t\t\t\t\t\t\t\t\t\t\t\t<\/div>\r\n\t\t\t\t\t\t\t\t\t\t\t\t<div class=\"premium-blog-content-wrapper\">\r\n\r\n\t\t\t\t\t<div class=\"premium-blog-inner-container\">\r\n\r\n\t\t\t\t\t\t\t\t\t\t\t\t\t\t<h2 class=\"premium-blog-entry-title\">\r\n\t\t\t<a href=\"https:\/\/garbar.info\/en\/chambers-and-partners-2026-ha-reconocido-a-nuestro-socio-daniel-garcia-barragan-l\/\" target=\"_self\">\r\n\t\t\t\tChambers and Partners 2026 ha reconocido a nuestro socio Daniel Garc\u00eda Barrag\u00e1n L.\t\t\t<\/a>\r\n\t\t<\/h2>\r\n\t\t\t\t<div class=\"premium-blog-entry-meta\">\r\n\t\t\t\r\n\t\t\t\t\t\t\t<span class=\"premium-blog-meta-separator\">\u2022<\/span>\r\n\t\t\t\t<div class=\"premium-blog-post-time premium-blog-meta-data\">\r\n\t\t\t\t\t<i class=\"fa fa-calendar-alt\" aria-hidden=\"true\"><\/i>\r\n\t\t\t\t\t<span>18 de February de 2026<\/span>\r\n\t\t\t\t<\/div>\r\n\t\t\t\r\n\t\t\t\t\t\t\t<span class=\"premium-blog-meta-separator\">\u2022<\/span>\r\n\t\t\t\t<div class=\"premium-blog-post-categories premium-blog-meta-data\">\r\n\t\t\t\t\t<i class=\"fa fa-align-left fa-fw\" aria-hidden=\"true\"><\/i>\r\n\t\t\t\t\t<a href=\"https:\/\/garbar.info\/en\/category\/arbitraje\/\" rel=\"category tag\">Arbitration<\/a>\t\t\t\t<\/div>\r\n\t\t\t\r\n\t\t\t\t\t<\/div>\r\n\t\t\r\n\t\t\t\t\t<\/div>\r\n\r\n\t\t\t\t\t\t\t\t\t\t\r\n\t\t\t\t<\/div>\r\n\t\t\t<\/div>\r\n\t\t<\/div>\r\n\r\n\t\t\t\t<div class=\"premium-blog-post-outer-container litigios-y-metodos-alternativos-de-solucion-de-controversias\" data-total=\"1\">\r\n\t\t\t<div class=\"premium-blog-post-container premium-blog-skin-classic\">\r\n\t\t\t\t\t\t\t\t\t<div class=\"premium-blog-thumb-effect-wrapper\">\r\n\t\t\t\t\t\t<div class=\"premium-blog-thumbnail-container premium-blog-zoomin-effect\">\r\n\t\t\t\t\t\t\t<img decoding=\"async\" width=\"1920\" height=\"1053\" src=\"https:\/\/garbar.info\/wp-content\/uploads\/2025\/11\/garbar.2025.analisis.ley_.amparo.news_.jpg\" class=\"attachment-full size-full wp-image-1522\" alt=\"\" srcset=\"https:\/\/garbar.info\/wp-content\/uploads\/2025\/11\/garbar.2025.analisis.ley_.amparo.news_.jpg 1920w, https:\/\/garbar.info\/wp-content\/uploads\/2025\/11\/garbar.2025.analisis.ley_.amparo.news_-300x165.jpg 300w, https:\/\/garbar.info\/wp-content\/uploads\/2025\/11\/garbar.2025.analisis.ley_.amparo.news_-1024x562.jpg 1024w, https:\/\/garbar.info\/wp-content\/uploads\/2025\/11\/garbar.2025.analisis.ley_.amparo.news_-768x421.jpg 768w, https:\/\/garbar.info\/wp-content\/uploads\/2025\/11\/garbar.2025.analisis.ley_.amparo.news_-1536x842.jpg 1536w, https:\/\/garbar.info\/wp-content\/uploads\/2025\/11\/garbar.2025.analisis.ley_.amparo.news_-18x10.jpg 18w\" sizes=\"(max-width: 1920px) 100vw, 1920px\" \/>\t\t\t\t\t\t<\/div>\r\n\t\t\t\t\t\t\t\t\t\t\t\t\t<div class=\"premium-blog-thumbnail-overlay\">\r\n\t\t\t\t\t\t\t\t<a class=\"elementor-icon\" href=\"https:\/\/garbar.info\/en\/analisis-al-decreto-por-el-que-se-reforman-y-adicionan-disposiciones-a-la-ley-de-amparo\/\" target=\"_self\"><span>\u00a0An\u00e1lisis al Decreto por el que se reforman y adicionan disposiciones a la Ley de Amparo<\/span><\/a>\r\n\t\t\t\t\t\t\t<\/div>\r\n\r\n\t\t\t\t\t\t\t\t\t\t\t\t\t\t\t\t\t\t<\/div>\r\n\t\t\t\t\t\t\t\t\t\t\t\t<div class=\"premium-blog-content-wrapper\">\r\n\r\n\t\t\t\t\t<div class=\"premium-blog-inner-container\">\r\n\r\n\t\t\t\t\t\t\t\t\t\t\t\t\t\t<h2 class=\"premium-blog-entry-title\">\r\n\t\t\t<a href=\"https:\/\/garbar.info\/en\/analisis-al-decreto-por-el-que-se-reforman-y-adicionan-disposiciones-a-la-ley-de-amparo\/\" target=\"_self\">\r\n\t\t\t\t\u00a0An\u00e1lisis al Decreto por el que se reforman y adicionan disposiciones a la Ley de Amparo\t\t\t<\/a>\r\n\t\t<\/h2>\r\n\t\t\t\t<div class=\"premium-blog-entry-meta\">\r\n\t\t\t\r\n\t\t\t\t\t\t\t<span class=\"premium-blog-meta-separator\">\u2022<\/span>\r\n\t\t\t\t<div class=\"premium-blog-post-time premium-blog-meta-data\">\r\n\t\t\t\t\t<i class=\"fa fa-calendar-alt\" aria-hidden=\"true\"><\/i>\r\n\t\t\t\t\t<span>5 de November de 2025<\/span>\r\n\t\t\t\t<\/div>\r\n\t\t\t\r\n\t\t\t\t\t\t\t<span class=\"premium-blog-meta-separator\">\u2022<\/span>\r\n\t\t\t\t<div class=\"premium-blog-post-categories premium-blog-meta-data\">\r\n\t\t\t\t\t<i class=\"fa fa-align-left fa-fw\" aria-hidden=\"true\"><\/i>\r\n\t\t\t\t\t<a href=\"https:\/\/garbar.info\/en\/category\/litigios-y-metodos-alternativos-de-solucion-de-controversias\/\" rel=\"category tag\">Litigation and Alternative Dispute Resolution Methods<\/a>\t\t\t\t<\/div>\r\n\t\t\t\r\n\t\t\t\t\t<\/div>\r\n\t\t\r\n\t\t\t\t\t<\/div>\r\n\r\n\t\t\t\t\t\t\t\t\t\t\r\n\t\t\t\t<\/div>\r\n\t\t\t<\/div>\r\n\t\t<\/div>\r\n\r\n\t\t\t\t<div class=\"premium-blog-post-outer-container arbitraje\" data-total=\"1\">\r\n\t\t\t<div class=\"premium-blog-post-container premium-blog-skin-classic\">\r\n\t\t\t\t\t\t\t\t\t<div class=\"premium-blog-thumb-effect-wrapper\">\r\n\t\t\t\t\t\t<div class=\"premium-blog-thumbnail-container premium-blog-zoomin-effect\">\r\n\t\t\t\t\t\t\t<img decoding=\"async\" width=\"1920\" height=\"1053\" src=\"https:\/\/garbar.info\/wp-content\/uploads\/2025\/10\/garbar.web_.dgbl_.2025.jpg\" class=\"attachment-full size-full wp-image-1503\" alt=\"\" srcset=\"https:\/\/garbar.info\/wp-content\/uploads\/2025\/10\/garbar.web_.dgbl_.2025.jpg 1920w, https:\/\/garbar.info\/wp-content\/uploads\/2025\/10\/garbar.web_.dgbl_.2025-300x165.jpg 300w, https:\/\/garbar.info\/wp-content\/uploads\/2025\/10\/garbar.web_.dgbl_.2025-1024x562.jpg 1024w, https:\/\/garbar.info\/wp-content\/uploads\/2025\/10\/garbar.web_.dgbl_.2025-768x421.jpg 768w, https:\/\/garbar.info\/wp-content\/uploads\/2025\/10\/garbar.web_.dgbl_.2025-1536x842.jpg 1536w, https:\/\/garbar.info\/wp-content\/uploads\/2025\/10\/garbar.web_.dgbl_.2025-18x10.jpg 18w\" sizes=\"(max-width: 1920px) 100vw, 1920px\" \/>\t\t\t\t\t\t<\/div>\r\n\t\t\t\t\t\t\t\t\t\t\t\t\t<div class=\"premium-blog-thumbnail-overlay\">\r\n\t\t\t\t\t\t\t\t<a class=\"elementor-icon\" href=\"https:\/\/garbar.info\/en\/compartimos-el-reconocimiento-de-nuestro-socio-daniel-garcia-barragan-lopez-como-socio-de-proxima-generacion-en-el-ranking-de-legal-500-2026-para-mexico\/\" target=\"_self\"><span>Compartimos el reconocimiento de nuestro socio Daniel Garc\u00eda Barrag\u00e1n L\u00f3pez como Socio de Pr\u00f3xima Generaci\u00f3n, en el ranking de Legal 500 2026 para M\u00e9xico<\/span><\/a>\r\n\t\t\t\t\t\t\t<\/div>\r\n\r\n\t\t\t\t\t\t\t\t\t\t\t\t\t\t\t\t\t\t<\/div>\r\n\t\t\t\t\t\t\t\t\t\t\t\t<div class=\"premium-blog-content-wrapper\">\r\n\r\n\t\t\t\t\t<div class=\"premium-blog-inner-container\">\r\n\r\n\t\t\t\t\t\t\t\t\t\t\t\t\t\t<h2 class=\"premium-blog-entry-title\">\r\n\t\t\t<a href=\"https:\/\/garbar.info\/en\/compartimos-el-reconocimiento-de-nuestro-socio-daniel-garcia-barragan-lopez-como-socio-de-proxima-generacion-en-el-ranking-de-legal-500-2026-para-mexico\/\" target=\"_self\">\r\n\t\t\t\tCompartimos el reconocimiento de nuestro socio Daniel Garc\u00eda Barrag\u00e1n L\u00f3pez como Socio de Pr\u00f3xima Generaci\u00f3n, en el ranking de Legal 500 2026 para M\u00e9xico\t\t\t<\/a>\r\n\t\t<\/h2>\r\n\t\t\t\t<div class=\"premium-blog-entry-meta\">\r\n\t\t\t\r\n\t\t\t\t\t\t\t<span class=\"premium-blog-meta-separator\">\u2022<\/span>\r\n\t\t\t\t<div class=\"premium-blog-post-time premium-blog-meta-data\">\r\n\t\t\t\t\t<i class=\"fa fa-calendar-alt\" aria-hidden=\"true\"><\/i>\r\n\t\t\t\t\t<span>27 de October de 2025<\/span>\r\n\t\t\t\t<\/div>\r\n\t\t\t\r\n\t\t\t\t\t\t\t<span class=\"premium-blog-meta-separator\">\u2022<\/span>\r\n\t\t\t\t<div class=\"premium-blog-post-categories premium-blog-meta-data\">\r\n\t\t\t\t\t<i class=\"fa fa-align-left fa-fw\" aria-hidden=\"true\"><\/i>\r\n\t\t\t\t\t<a href=\"https:\/\/garbar.info\/en\/category\/arbitraje\/\" rel=\"category tag\">Arbitration<\/a>\t\t\t\t<\/div>\r\n\t\t\t\r\n\t\t\t\t\t<\/div>\r\n\t\t\r\n\t\t\t\t\t<\/div>\r\n\r\n\t\t\t\t\t\t\t\t\t\t\r\n\t\t\t\t<\/div>\r\n\t\t\t<\/div>\r\n\t\t<\/div>\r\n\r\n\t\t\t\t<div class=\"premium-blog-post-outer-container corporate-ma\" data-total=\"1\">\r\n\t\t\t<div class=\"premium-blog-post-container premium-blog-skin-classic\">\r\n\t\t\t\t\t\t\t\t\t<div class=\"premium-blog-thumb-effect-wrapper\">\r\n\t\t\t\t\t\t<div class=\"premium-blog-thumbnail-container premium-blog-zoomin-effect\">\r\n\t\t\t\t\t\t\t<img loading=\"lazy\" decoding=\"async\" width=\"1920\" height=\"1053\" src=\"https:\/\/garbar.info\/wp-content\/uploads\/2025\/10\/garbar.web_.mgbm_.2025.jpg\" class=\"attachment-full size-full wp-image-1502\" alt=\"\" srcset=\"https:\/\/garbar.info\/wp-content\/uploads\/2025\/10\/garbar.web_.mgbm_.2025.jpg 1920w, https:\/\/garbar.info\/wp-content\/uploads\/2025\/10\/garbar.web_.mgbm_.2025-300x165.jpg 300w, https:\/\/garbar.info\/wp-content\/uploads\/2025\/10\/garbar.web_.mgbm_.2025-1024x562.jpg 1024w, https:\/\/garbar.info\/wp-content\/uploads\/2025\/10\/garbar.web_.mgbm_.2025-768x421.jpg 768w, https:\/\/garbar.info\/wp-content\/uploads\/2025\/10\/garbar.web_.mgbm_.2025-1536x842.jpg 1536w, https:\/\/garbar.info\/wp-content\/uploads\/2025\/10\/garbar.web_.mgbm_.2025-18x10.jpg 18w\" sizes=\"(max-width: 1920px) 100vw, 1920px\" \/>\t\t\t\t\t\t<\/div>\r\n\t\t\t\t\t\t\t\t\t\t\t\t\t<div class=\"premium-blog-thumbnail-overlay\">\r\n\t\t\t\t\t\t\t\t<a class=\"elementor-icon\" href=\"https:\/\/garbar.info\/en\/compartimos-el-reconocimiento-de-nuestro-socio-fundador-manuel-garcia-barragan-martinez-como-abogado-recomendado-en-el-ranking-de-the-legal-500-2026-para-mexico\/\" target=\"_self\"><span>Compartimos el reconocimiento de nuestro socio fundador Manuel Garc\u00eda Barrag\u00e1n Mart\u00ednez como Abogado Recomendado, en el ranking de The Legal 500 2026 para M\u00e9xico<\/span><\/a>\r\n\t\t\t\t\t\t\t<\/div>\r\n\r\n\t\t\t\t\t\t\t\t\t\t\t\t\t\t\t\t\t\t<\/div>\r\n\t\t\t\t\t\t\t\t\t\t\t\t<div class=\"premium-blog-content-wrapper\">\r\n\r\n\t\t\t\t\t<div class=\"premium-blog-inner-container\">\r\n\r\n\t\t\t\t\t\t\t\t\t\t\t\t\t\t<h2 class=\"premium-blog-entry-title\">\r\n\t\t\t<a href=\"https:\/\/garbar.info\/en\/compartimos-el-reconocimiento-de-nuestro-socio-fundador-manuel-garcia-barragan-martinez-como-abogado-recomendado-en-el-ranking-de-the-legal-500-2026-para-mexico\/\" target=\"_self\">\r\n\t\t\t\tCompartimos el reconocimiento de nuestro socio fundador Manuel Garc\u00eda Barrag\u00e1n Mart\u00ednez como Abogado Recomendado, en el ranking de The Legal 500 2026 para M\u00e9xico\t\t\t<\/a>\r\n\t\t<\/h2>\r\n\t\t\t\t<div class=\"premium-blog-entry-meta\">\r\n\t\t\t\r\n\t\t\t\t\t\t\t<span class=\"premium-blog-meta-separator\">\u2022<\/span>\r\n\t\t\t\t<div class=\"premium-blog-post-time premium-blog-meta-data\">\r\n\t\t\t\t\t<i class=\"fa fa-calendar-alt\" aria-hidden=\"true\"><\/i>\r\n\t\t\t\t\t<span>27 de October de 2025<\/span>\r\n\t\t\t\t<\/div>\r\n\t\t\t\r\n\t\t\t\t\t\t\t<span class=\"premium-blog-meta-separator\">\u2022<\/span>\r\n\t\t\t\t<div class=\"premium-blog-post-categories premium-blog-meta-data\">\r\n\t\t\t\t\t<i class=\"fa fa-align-left fa-fw\" aria-hidden=\"true\"><\/i>\r\n\t\t\t\t\t<a href=\"https:\/\/garbar.info\/en\/category\/corporate-ma\/\" rel=\"category tag\">Corporate\/M&amp;A<\/a>\t\t\t\t<\/div>\r\n\t\t\t\r\n\t\t\t\t\t<\/div>\r\n\t\t\r\n\t\t\t\t\t<\/div>\r\n\r\n\t\t\t\t\t\t\t\t\t\t\r\n\t\t\t\t<\/div>\r\n\t\t\t<\/div>\r\n\t\t<\/div>\r\n\r\n\t\t\t\t<div class=\"premium-blog-post-outer-container arbitraje resolucion-de-disputas\" data-total=\"1\">\r\n\t\t\t<div class=\"premium-blog-post-container premium-blog-skin-classic\">\r\n\t\t\t\t\t\t\t\t\t<div class=\"premium-blog-thumb-effect-wrapper\">\r\n\t\t\t\t\t\t<div class=\"premium-blog-thumbnail-container premium-blog-zoomin-effect\">\r\n\t\t\t\t\t\t\t<img loading=\"lazy\" decoding=\"async\" width=\"1920\" height=\"1053\" src=\"https:\/\/garbar.info\/wp-content\/uploads\/2025\/10\/garbar.web_.gba_.2025.jpg\" class=\"attachment-full size-full wp-image-1500\" alt=\"\" srcset=\"https:\/\/garbar.info\/wp-content\/uploads\/2025\/10\/garbar.web_.gba_.2025.jpg 1920w, https:\/\/garbar.info\/wp-content\/uploads\/2025\/10\/garbar.web_.gba_.2025-300x165.jpg 300w, https:\/\/garbar.info\/wp-content\/uploads\/2025\/10\/garbar.web_.gba_.2025-1024x562.jpg 1024w, https:\/\/garbar.info\/wp-content\/uploads\/2025\/10\/garbar.web_.gba_.2025-768x421.jpg 768w, https:\/\/garbar.info\/wp-content\/uploads\/2025\/10\/garbar.web_.gba_.2025-1536x842.jpg 1536w, https:\/\/garbar.info\/wp-content\/uploads\/2025\/10\/garbar.web_.gba_.2025-18x10.jpg 18w\" sizes=\"(max-width: 1920px) 100vw, 1920px\" \/>\t\t\t\t\t\t<\/div>\r\n\t\t\t\t\t\t\t\t\t\t\t\t\t<div class=\"premium-blog-thumbnail-overlay\">\r\n\t\t\t\t\t\t\t\t<a class=\"elementor-icon\" href=\"https:\/\/garbar.info\/en\/garcia-barragan-abogados-s-c-ha-sido-reconocido-por-legal-500-como-firma-recomendada-y-destacada-en-el-area-de-practica-de-resolucion-de-disputas-arbitraje-en-el-ranking-de-2026-para-mexico\/\" target=\"_self\"><span>Garc\u00eda Barrag\u00e1n Abogados, S.C., ha sido reconocido por Legal 500 como Firma recomendada y destacada en el \u00e1rea de pr\u00e1ctica de Resoluci\u00f3n de Disputas: Arbitraje en el ranking de 2026 para M\u00e9xico<\/span><\/a>\r\n\t\t\t\t\t\t\t<\/div>\r\n\r\n\t\t\t\t\t\t\t\t\t\t\t\t\t\t\t\t\t\t<\/div>\r\n\t\t\t\t\t\t\t\t\t\t\t\t<div class=\"premium-blog-content-wrapper\">\r\n\r\n\t\t\t\t\t<div class=\"premium-blog-inner-container\">\r\n\r\n\t\t\t\t\t\t\t\t\t\t\t\t\t\t<h2 class=\"premium-blog-entry-title\">\r\n\t\t\t<a href=\"https:\/\/garbar.info\/en\/garcia-barragan-abogados-s-c-ha-sido-reconocido-por-legal-500-como-firma-recomendada-y-destacada-en-el-area-de-practica-de-resolucion-de-disputas-arbitraje-en-el-ranking-de-2026-para-mexico\/\" target=\"_self\">\r\n\t\t\t\tGarc\u00eda Barrag\u00e1n Abogados, S.C., ha sido reconocido por Legal 500 como Firma recomendada y destacada en el \u00e1rea de pr\u00e1ctica de Resoluci\u00f3n de Disputas: Arbitraje en el ranking de 2026 para M\u00e9xico\t\t\t<\/a>\r\n\t\t<\/h2>\r\n\t\t\t\t<div class=\"premium-blog-entry-meta\">\r\n\t\t\t\r\n\t\t\t\t\t\t\t<span class=\"premium-blog-meta-separator\">\u2022<\/span>\r\n\t\t\t\t<div class=\"premium-blog-post-time premium-blog-meta-data\">\r\n\t\t\t\t\t<i class=\"fa fa-calendar-alt\" aria-hidden=\"true\"><\/i>\r\n\t\t\t\t\t<span>27 de October de 2025<\/span>\r\n\t\t\t\t<\/div>\r\n\t\t\t\r\n\t\t\t\t\t\t\t<span class=\"premium-blog-meta-separator\">\u2022<\/span>\r\n\t\t\t\t<div class=\"premium-blog-post-categories premium-blog-meta-data\">\r\n\t\t\t\t\t<i class=\"fa fa-align-left fa-fw\" aria-hidden=\"true\"><\/i>\r\n\t\t\t\t\t<a href=\"https:\/\/garbar.info\/en\/category\/arbitraje\/\" rel=\"category tag\">Arbitration<\/a>, <a href=\"https:\/\/garbar.info\/en\/category\/resolucion-de-disputas\/\" rel=\"category tag\">Resoluci\u00f3n de Disputas<\/a>\t\t\t\t<\/div>\r\n\t\t\t\r\n\t\t\t\t\t<\/div>\r\n\t\t\r\n\t\t\t\t\t<\/div>\r\n\r\n\t\t\t\t\t\t\t\t\t\t\r\n\t\t\t\t<\/div>\r\n\t\t\t<\/div>\r\n\t\t<\/div>\r\n\r\n\t\t\t\t<div class=\"premium-blog-post-outer-container litigios-y-metodos-alternativos-de-solucion-de-controversias\" data-total=\"1\">\r\n\t\t\t<div class=\"premium-blog-post-container premium-blog-skin-classic\">\r\n\t\t\t\t\t\t\t\t\t<div class=\"premium-blog-thumb-effect-wrapper\">\r\n\t\t\t\t\t\t<div class=\"premium-blog-thumbnail-container premium-blog-zoomin-effect\">\r\n\t\t\t\t\t\t\t<img loading=\"lazy\" decoding=\"async\" width=\"1920\" height=\"1053\" src=\"https:\/\/garbar.info\/wp-content\/uploads\/2025\/09\/garbar.2025.proyecto.de_.reforma.a.la_.ley_.de_.amparo.news_.jpg\" class=\"attachment-full size-full wp-image-1474\" alt=\"\" srcset=\"https:\/\/garbar.info\/wp-content\/uploads\/2025\/09\/garbar.2025.proyecto.de_.reforma.a.la_.ley_.de_.amparo.news_.jpg 1920w, https:\/\/garbar.info\/wp-content\/uploads\/2025\/09\/garbar.2025.proyecto.de_.reforma.a.la_.ley_.de_.amparo.news_-300x165.jpg 300w, https:\/\/garbar.info\/wp-content\/uploads\/2025\/09\/garbar.2025.proyecto.de_.reforma.a.la_.ley_.de_.amparo.news_-1024x562.jpg 1024w, https:\/\/garbar.info\/wp-content\/uploads\/2025\/09\/garbar.2025.proyecto.de_.reforma.a.la_.ley_.de_.amparo.news_-768x421.jpg 768w, https:\/\/garbar.info\/wp-content\/uploads\/2025\/09\/garbar.2025.proyecto.de_.reforma.a.la_.ley_.de_.amparo.news_-1536x842.jpg 1536w, https:\/\/garbar.info\/wp-content\/uploads\/2025\/09\/garbar.2025.proyecto.de_.reforma.a.la_.ley_.de_.amparo.news_-18x10.jpg 18w\" sizes=\"(max-width: 1920px) 100vw, 1920px\" \/>\t\t\t\t\t\t<\/div>\r\n\t\t\t\t\t\t\t\t\t\t\t\t\t<div class=\"premium-blog-thumbnail-overlay\">\r\n\t\t\t\t\t\t\t\t<a class=\"elementor-icon\" href=\"https:\/\/garbar.info\/en\/proyecto-de-reforma-a-la-ley-de-amparo\/\" target=\"_self\"><span>Amparo Law Reform Initiative<\/span><\/a>\r\n\t\t\t\t\t\t\t<\/div>\r\n\r\n\t\t\t\t\t\t\t\t\t\t\t\t\t\t\t\t\t\t<\/div>\r\n\t\t\t\t\t\t\t\t\t\t\t\t<div class=\"premium-blog-content-wrapper\">\r\n\r\n\t\t\t\t\t<div class=\"premium-blog-inner-container\">\r\n\r\n\t\t\t\t\t\t\t\t\t\t\t\t\t\t<h2 class=\"premium-blog-entry-title\">\r\n\t\t\t<a href=\"https:\/\/garbar.info\/en\/proyecto-de-reforma-a-la-ley-de-amparo\/\" target=\"_self\">\r\n\t\t\t\tAmparo Law Reform Initiative\t\t\t<\/a>\r\n\t\t<\/h2>\r\n\t\t\t\t<div class=\"premium-blog-entry-meta\">\r\n\t\t\t\r\n\t\t\t\t\t\t\t<span class=\"premium-blog-meta-separator\">\u2022<\/span>\r\n\t\t\t\t<div class=\"premium-blog-post-time premium-blog-meta-data\">\r\n\t\t\t\t\t<i class=\"fa fa-calendar-alt\" aria-hidden=\"true\"><\/i>\r\n\t\t\t\t\t<span>23 de September de 2025<\/span>\r\n\t\t\t\t<\/div>\r\n\t\t\t\r\n\t\t\t\t\t\t\t<span class=\"premium-blog-meta-separator\">\u2022<\/span>\r\n\t\t\t\t<div class=\"premium-blog-post-categories premium-blog-meta-data\">\r\n\t\t\t\t\t<i class=\"fa fa-align-left fa-fw\" aria-hidden=\"true\"><\/i>\r\n\t\t\t\t\t<a href=\"https:\/\/garbar.info\/en\/category\/litigios-y-metodos-alternativos-de-solucion-de-controversias\/\" rel=\"category tag\">Litigation and Alternative Dispute Resolution Methods<\/a>\t\t\t\t<\/div>\r\n\t\t\t\r\n\t\t\t\t\t<\/div>\r\n\t\t\r\n\t\t\t\t\t<\/div>\r\n\r\n\t\t\t\t\t\t\t\t\t\t\r\n\t\t\t\t<\/div>\r\n\t\t\t<\/div>\r\n\t\t<\/div>\r\n\r\n\t\t\t\t<div class=\"premium-blog-post-outer-container propiedad-intelectual\" data-total=\"1\">\r\n\t\t\t<div class=\"premium-blog-post-container premium-blog-skin-classic\">\r\n\t\t\t\t\t\t\t\t\t<div class=\"premium-blog-thumb-effect-wrapper\">\r\n\t\t\t\t\t\t<div class=\"premium-blog-thumbnail-container premium-blog-zoomin-effect\">\r\n\t\t\t\t\t\t\t<img loading=\"lazy\" decoding=\"async\" width=\"2200\" height=\"1150\" src=\"https:\/\/garbar.info\/wp-content\/uploads\/2025\/08\/garbar-alg-chambers-intellectual-property-2026.png\" class=\"attachment-full size-full wp-image-1418\" alt=\"\" srcset=\"https:\/\/garbar.info\/wp-content\/uploads\/2025\/08\/garbar-alg-chambers-intellectual-property-2026.png 2200w, https:\/\/garbar.info\/wp-content\/uploads\/2025\/08\/garbar-alg-chambers-intellectual-property-2026-300x157.png 300w, https:\/\/garbar.info\/wp-content\/uploads\/2025\/08\/garbar-alg-chambers-intellectual-property-2026-1024x535.png 1024w, https:\/\/garbar.info\/wp-content\/uploads\/2025\/08\/garbar-alg-chambers-intellectual-property-2026-768x401.png 768w, https:\/\/garbar.info\/wp-content\/uploads\/2025\/08\/garbar-alg-chambers-intellectual-property-2026-1536x803.png 1536w, https:\/\/garbar.info\/wp-content\/uploads\/2025\/08\/garbar-alg-chambers-intellectual-property-2026-2048x1071.png 2048w, https:\/\/garbar.info\/wp-content\/uploads\/2025\/08\/garbar-alg-chambers-intellectual-property-2026-18x9.png 18w\" sizes=\"(max-width: 2200px) 100vw, 2200px\" \/>\t\t\t\t\t\t<\/div>\r\n\t\t\t\t\t\t\t\t\t\t\t\t\t<div class=\"premium-blog-thumbnail-overlay\">\r\n\t\t\t\t\t\t\t\t<a class=\"elementor-icon\" href=\"https:\/\/garbar.info\/en\/adriana-lopez-gonzalez-latin-america-guide-en-arbitration-mexico-band-4\/\" target=\"_self\"><span>Adriana L\u00f3pez Gonz\u00e1lez Latin America Guide\u00a0en\u00a0Arbitration \u2013 Mexico, Band 4<\/span><\/a>\r\n\t\t\t\t\t\t\t<\/div>\r\n\r\n\t\t\t\t\t\t\t\t\t\t\t\t\t\t\t\t\t\t<\/div>\r\n\t\t\t\t\t\t\t\t\t\t\t\t<div class=\"premium-blog-content-wrapper\">\r\n\r\n\t\t\t\t\t<div class=\"premium-blog-inner-container\">\r\n\r\n\t\t\t\t\t\t\t\t\t\t\t\t\t\t<h2 class=\"premium-blog-entry-title\">\r\n\t\t\t<a href=\"https:\/\/garbar.info\/en\/adriana-lopez-gonzalez-latin-america-guide-en-arbitration-mexico-band-4\/\" target=\"_self\">\r\n\t\t\t\tAdriana L\u00f3pez Gonz\u00e1lez Latin America Guide\u00a0en\u00a0Arbitration \u2013 Mexico, Band 4\t\t\t<\/a>\r\n\t\t<\/h2>\r\n\t\t\t\t<div class=\"premium-blog-entry-meta\">\r\n\t\t\t\r\n\t\t\t\t\t\t\t<span class=\"premium-blog-meta-separator\">\u2022<\/span>\r\n\t\t\t\t<div class=\"premium-blog-post-time premium-blog-meta-data\">\r\n\t\t\t\t\t<i class=\"fa fa-calendar-alt\" aria-hidden=\"true\"><\/i>\r\n\t\t\t\t\t<span>26 de August de 2025<\/span>\r\n\t\t\t\t<\/div>\r\n\t\t\t\r\n\t\t\t\t\t\t\t<span class=\"premium-blog-meta-separator\">\u2022<\/span>\r\n\t\t\t\t<div class=\"premium-blog-post-categories premium-blog-meta-data\">\r\n\t\t\t\t\t<i class=\"fa fa-align-left fa-fw\" aria-hidden=\"true\"><\/i>\r\n\t\t\t\t\t<a href=\"https:\/\/garbar.info\/en\/category\/propiedad-intelectual\/\" rel=\"category tag\">Intellectual Property<\/a>\t\t\t\t<\/div>\r\n\t\t\t\r\n\t\t\t\t\t<\/div>\r\n\t\t\r\n\t\t\t\t\t<\/div>\r\n\r\n\t\t\t\t\t\t\t\t\t\t\r\n\t\t\t\t<\/div>\r\n\t\t\t<\/div>\r\n\t\t<\/div>\r\n\r\n\t\t\t\t<div class=\"premium-blog-post-outer-container corporate-ma\" data-total=\"1\">\r\n\t\t\t<div class=\"premium-blog-post-container premium-blog-skin-classic\">\r\n\t\t\t\t\t\t\t\t\t<div class=\"premium-blog-thumb-effect-wrapper\">\r\n\t\t\t\t\t\t<div class=\"premium-blog-thumbnail-container premium-blog-zoomin-effect\">\r\n\t\t\t\t\t\t\t<img loading=\"lazy\" decoding=\"async\" width=\"2200\" height=\"1150\" src=\"https:\/\/garbar.info\/wp-content\/uploads\/2025\/08\/garbar-dgbl-chambers-corporate-ma-2026.png\" class=\"attachment-full size-full wp-image-1421\" alt=\"\" srcset=\"https:\/\/garbar.info\/wp-content\/uploads\/2025\/08\/garbar-dgbl-chambers-corporate-ma-2026.png 2200w, https:\/\/garbar.info\/wp-content\/uploads\/2025\/08\/garbar-dgbl-chambers-corporate-ma-2026-300x157.png 300w, https:\/\/garbar.info\/wp-content\/uploads\/2025\/08\/garbar-dgbl-chambers-corporate-ma-2026-1024x535.png 1024w, https:\/\/garbar.info\/wp-content\/uploads\/2025\/08\/garbar-dgbl-chambers-corporate-ma-2026-768x401.png 768w, https:\/\/garbar.info\/wp-content\/uploads\/2025\/08\/garbar-dgbl-chambers-corporate-ma-2026-1536x803.png 1536w, https:\/\/garbar.info\/wp-content\/uploads\/2025\/08\/garbar-dgbl-chambers-corporate-ma-2026-2048x1071.png 2048w, https:\/\/garbar.info\/wp-content\/uploads\/2025\/08\/garbar-dgbl-chambers-corporate-ma-2026-18x9.png 18w\" sizes=\"(max-width: 2200px) 100vw, 2200px\" \/>\t\t\t\t\t\t<\/div>\r\n\t\t\t\t\t\t\t\t\t\t\t\t\t<div class=\"premium-blog-thumbnail-overlay\">\r\n\t\t\t\t\t\t\t\t<a class=\"elementor-icon\" href=\"https:\/\/garbar.info\/en\/daniel-garcia-barragan-lopez-corporate-ma-highly-regarded-mexico-band-4\/\" target=\"_self\"><span>Daniel Garc\u00eda Barrag\u00e1n L\u00f3pez Corporate \/ M&amp;A: Highly Regarded \u2013 Mexico, Band 4<\/span><\/a>\r\n\t\t\t\t\t\t\t<\/div>\r\n\r\n\t\t\t\t\t\t\t\t\t\t\t\t\t\t\t\t\t\t<\/div>\r\n\t\t\t\t\t\t\t\t\t\t\t\t<div class=\"premium-blog-content-wrapper\">\r\n\r\n\t\t\t\t\t<div class=\"premium-blog-inner-container\">\r\n\r\n\t\t\t\t\t\t\t\t\t\t\t\t\t\t<h2 class=\"premium-blog-entry-title\">\r\n\t\t\t<a href=\"https:\/\/garbar.info\/en\/daniel-garcia-barragan-lopez-corporate-ma-highly-regarded-mexico-band-4\/\" target=\"_self\">\r\n\t\t\t\tDaniel Garc\u00eda Barrag\u00e1n L\u00f3pez Corporate \/ M&amp;A: Highly Regarded \u2013 Mexico, Band 4\t\t\t<\/a>\r\n\t\t<\/h2>\r\n\t\t\t\t<div class=\"premium-blog-entry-meta\">\r\n\t\t\t\r\n\t\t\t\t\t\t\t<span class=\"premium-blog-meta-separator\">\u2022<\/span>\r\n\t\t\t\t<div class=\"premium-blog-post-time premium-blog-meta-data\">\r\n\t\t\t\t\t<i class=\"fa fa-calendar-alt\" aria-hidden=\"true\"><\/i>\r\n\t\t\t\t\t<span>26 de August de 2025<\/span>\r\n\t\t\t\t<\/div>\r\n\t\t\t\r\n\t\t\t\t\t\t\t<span class=\"premium-blog-meta-separator\">\u2022<\/span>\r\n\t\t\t\t<div class=\"premium-blog-post-categories premium-blog-meta-data\">\r\n\t\t\t\t\t<i class=\"fa fa-align-left fa-fw\" aria-hidden=\"true\"><\/i>\r\n\t\t\t\t\t<a href=\"https:\/\/garbar.info\/en\/category\/corporate-ma\/\" rel=\"category tag\">Corporate\/M&amp;A<\/a>\t\t\t\t<\/div>\r\n\t\t\t\r\n\t\t\t\t\t<\/div>\r\n\t\t\r\n\t\t\t\t\t<\/div>\r\n\r\n\t\t\t\t\t\t\t\t\t\t\r\n\t\t\t\t<\/div>\r\n\t\t\t<\/div>\r\n\t\t<\/div>\r\n\r\n\t\t\t\t<div class=\"premium-blog-post-outer-container litigios-civiles-y-comerciales\" data-total=\"1\">\r\n\t\t\t<div class=\"premium-blog-post-container premium-blog-skin-classic\">\r\n\t\t\t\t\t\t\t\t\t<div class=\"premium-blog-thumb-effect-wrapper\">\r\n\t\t\t\t\t\t<div class=\"premium-blog-thumbnail-container premium-blog-zoomin-effect\">\r\n\t\t\t\t\t\t\t<img loading=\"lazy\" decoding=\"async\" width=\"2200\" height=\"1150\" src=\"https:\/\/garbar.info\/wp-content\/uploads\/2025\/08\/garbar-dgbl-chambers-civil-commercial-2026.png\" class=\"attachment-full size-full wp-image-1420\" alt=\"\" srcset=\"https:\/\/garbar.info\/wp-content\/uploads\/2025\/08\/garbar-dgbl-chambers-civil-commercial-2026.png 2200w, https:\/\/garbar.info\/wp-content\/uploads\/2025\/08\/garbar-dgbl-chambers-civil-commercial-2026-300x157.png 300w, https:\/\/garbar.info\/wp-content\/uploads\/2025\/08\/garbar-dgbl-chambers-civil-commercial-2026-1024x535.png 1024w, https:\/\/garbar.info\/wp-content\/uploads\/2025\/08\/garbar-dgbl-chambers-civil-commercial-2026-768x401.png 768w, https:\/\/garbar.info\/wp-content\/uploads\/2025\/08\/garbar-dgbl-chambers-civil-commercial-2026-1536x803.png 1536w, https:\/\/garbar.info\/wp-content\/uploads\/2025\/08\/garbar-dgbl-chambers-civil-commercial-2026-2048x1071.png 2048w, https:\/\/garbar.info\/wp-content\/uploads\/2025\/08\/garbar-dgbl-chambers-civil-commercial-2026-18x9.png 18w\" sizes=\"(max-width: 2200px) 100vw, 2200px\" \/>\t\t\t\t\t\t<\/div>\r\n\t\t\t\t\t\t\t\t\t\t\t\t\t<div class=\"premium-blog-thumbnail-overlay\">\r\n\t\t\t\t\t\t\t\t<a class=\"elementor-icon\" href=\"https:\/\/garbar.info\/en\/daniel-garcia-barragan-lopez-dispute-resolution-civil-commercial-litigation-mexico-band-4\/\" target=\"_self\"><span>Daniel Garc\u00eda Barrag\u00e1n L\u00f3pez Dispute Resolution: Civil &amp; Commercial Litigation \u2013 Mexico, Band 4<\/span><\/a>\r\n\t\t\t\t\t\t\t<\/div>\r\n\r\n\t\t\t\t\t\t\t\t\t\t\t\t\t\t\t\t\t\t<\/div>\r\n\t\t\t\t\t\t\t\t\t\t\t\t<div class=\"premium-blog-content-wrapper\">\r\n\r\n\t\t\t\t\t<div class=\"premium-blog-inner-container\">\r\n\r\n\t\t\t\t\t\t\t\t\t\t\t\t\t\t<h2 class=\"premium-blog-entry-title\">\r\n\t\t\t<a href=\"https:\/\/garbar.info\/en\/daniel-garcia-barragan-lopez-dispute-resolution-civil-commercial-litigation-mexico-band-4\/\" target=\"_self\">\r\n\t\t\t\tDaniel Garc\u00eda Barrag\u00e1n L\u00f3pez Dispute Resolution: Civil &amp; Commercial Litigation \u2013 Mexico, Band 4\t\t\t<\/a>\r\n\t\t<\/h2>\r\n\t\t\t\t<div class=\"premium-blog-entry-meta\">\r\n\t\t\t\r\n\t\t\t\t\t\t\t<span class=\"premium-blog-meta-separator\">\u2022<\/span>\r\n\t\t\t\t<div class=\"premium-blog-post-time premium-blog-meta-data\">\r\n\t\t\t\t\t<i class=\"fa fa-calendar-alt\" aria-hidden=\"true\"><\/i>\r\n\t\t\t\t\t<span>26 de August de 2025<\/span>\r\n\t\t\t\t<\/div>\r\n\t\t\t\r\n\t\t\t\t\t\t\t<span class=\"premium-blog-meta-separator\">\u2022<\/span>\r\n\t\t\t\t<div class=\"premium-blog-post-categories premium-blog-meta-data\">\r\n\t\t\t\t\t<i class=\"fa fa-align-left fa-fw\" aria-hidden=\"true\"><\/i>\r\n\t\t\t\t\t<a href=\"https:\/\/garbar.info\/en\/category\/litigios-civiles-y-comerciales\/\" rel=\"category tag\">Litigios Civiles y Comerciales<\/a>\t\t\t\t<\/div>\r\n\t\t\t\r\n\t\t\t\t\t<\/div>\r\n\t\t\r\n\t\t\t\t\t<\/div>\r\n\r\n\t\t\t\t\t\t\t\t\t\t\r\n\t\t\t\t<\/div>\r\n\t\t\t<\/div>\r\n\t\t<\/div>\r\n\r\n\t\t\t\t<div class=\"premium-blog-post-outer-container arbitraje\" data-total=\"1\">\r\n\t\t\t<div class=\"premium-blog-post-container premium-blog-skin-classic\">\r\n\t\t\t\t\t\t\t\t\t<div class=\"premium-blog-thumb-effect-wrapper\">\r\n\t\t\t\t\t\t<div class=\"premium-blog-thumbnail-container premium-blog-zoomin-effect\">\r\n\t\t\t\t\t\t\t<img loading=\"lazy\" decoding=\"async\" width=\"2200\" height=\"1150\" src=\"https:\/\/garbar.info\/wp-content\/uploads\/2025\/08\/garbar-dgbl-chambers-arbitration-2026.png\" class=\"attachment-full size-full wp-image-1419\" alt=\"\" srcset=\"https:\/\/garbar.info\/wp-content\/uploads\/2025\/08\/garbar-dgbl-chambers-arbitration-2026.png 2200w, https:\/\/garbar.info\/wp-content\/uploads\/2025\/08\/garbar-dgbl-chambers-arbitration-2026-300x157.png 300w, https:\/\/garbar.info\/wp-content\/uploads\/2025\/08\/garbar-dgbl-chambers-arbitration-2026-1024x535.png 1024w, https:\/\/garbar.info\/wp-content\/uploads\/2025\/08\/garbar-dgbl-chambers-arbitration-2026-768x401.png 768w, https:\/\/garbar.info\/wp-content\/uploads\/2025\/08\/garbar-dgbl-chambers-arbitration-2026-1536x803.png 1536w, https:\/\/garbar.info\/wp-content\/uploads\/2025\/08\/garbar-dgbl-chambers-arbitration-2026-2048x1071.png 2048w, https:\/\/garbar.info\/wp-content\/uploads\/2025\/08\/garbar-dgbl-chambers-arbitration-2026-18x9.png 18w\" sizes=\"(max-width: 2200px) 100vw, 2200px\" \/>\t\t\t\t\t\t<\/div>\r\n\t\t\t\t\t\t\t\t\t\t\t\t\t<div class=\"premium-blog-thumbnail-overlay\">\r\n\t\t\t\t\t\t\t\t<a class=\"elementor-icon\" href=\"https:\/\/garbar.info\/en\/daniel-garcia-barragan-lopez-dispute-resolution-arbitration-mexico-band-3\/\" target=\"_self\"><span>Daniel Garc\u00eda Barrag\u00e1n L\u00f3pez Dispute Resolution: Arbitration \u2013 Mexico, Band 3.<\/span><\/a>\r\n\t\t\t\t\t\t\t<\/div>\r\n\r\n\t\t\t\t\t\t\t\t\t\t\t\t\t\t\t\t\t\t<\/div>\r\n\t\t\t\t\t\t\t\t\t\t\t\t<div class=\"premium-blog-content-wrapper\">\r\n\r\n\t\t\t\t\t<div class=\"premium-blog-inner-container\">\r\n\r\n\t\t\t\t\t\t\t\t\t\t\t\t\t\t<h2 class=\"premium-blog-entry-title\">\r\n\t\t\t<a href=\"https:\/\/garbar.info\/en\/daniel-garcia-barragan-lopez-dispute-resolution-arbitration-mexico-band-3\/\" target=\"_self\">\r\n\t\t\t\tDaniel Garc\u00eda Barrag\u00e1n L\u00f3pez Dispute Resolution: Arbitration \u2013 Mexico, Band 3.\t\t\t<\/a>\r\n\t\t<\/h2>\r\n\t\t\t\t<div class=\"premium-blog-entry-meta\">\r\n\t\t\t\r\n\t\t\t\t\t\t\t<span class=\"premium-blog-meta-separator\">\u2022<\/span>\r\n\t\t\t\t<div class=\"premium-blog-post-time premium-blog-meta-data\">\r\n\t\t\t\t\t<i class=\"fa fa-calendar-alt\" aria-hidden=\"true\"><\/i>\r\n\t\t\t\t\t<span>26 de August de 2025<\/span>\r\n\t\t\t\t<\/div>\r\n\t\t\t\r\n\t\t\t\t\t\t\t<span class=\"premium-blog-meta-separator\">\u2022<\/span>\r\n\t\t\t\t<div class=\"premium-blog-post-categories premium-blog-meta-data\">\r\n\t\t\t\t\t<i class=\"fa fa-align-left fa-fw\" aria-hidden=\"true\"><\/i>\r\n\t\t\t\t\t<a href=\"https:\/\/garbar.info\/en\/category\/arbitraje\/\" rel=\"category tag\">Arbitration<\/a>\t\t\t\t<\/div>\r\n\t\t\t\r\n\t\t\t\t\t<\/div>\r\n\t\t\r\n\t\t\t\t\t<\/div>\r\n\r\n\t\t\t\t\t\t\t\t\t\t\r\n\t\t\t\t<\/div>\r\n\t\t\t<\/div>\r\n\t\t<\/div>\r\n\r\n\t\t\t\t<div class=\"premium-blog-post-outer-container telecomunicaciones\" data-total=\"1\">\r\n\t\t\t<div class=\"premium-blog-post-container premium-blog-skin-classic\">\r\n\t\t\t\t\t\t\t\t\t<div class=\"premium-blog-thumb-effect-wrapper\">\r\n\t\t\t\t\t\t<div class=\"premium-blog-thumbnail-container premium-blog-zoomin-effect\">\r\n\t\t\t\t\t\t\t<img loading=\"lazy\" decoding=\"async\" width=\"1920\" height=\"1053\" src=\"https:\/\/garbar.info\/wp-content\/uploads\/2025\/08\/garbar.2025.nueva_.ley_.de_.telecomunicaciones.y.radiodifusion.news_.jpg\" class=\"attachment-full size-full wp-image-1410\" alt=\"\" srcset=\"https:\/\/garbar.info\/wp-content\/uploads\/2025\/08\/garbar.2025.nueva_.ley_.de_.telecomunicaciones.y.radiodifusion.news_.jpg 1920w, https:\/\/garbar.info\/wp-content\/uploads\/2025\/08\/garbar.2025.nueva_.ley_.de_.telecomunicaciones.y.radiodifusion.news_-300x165.jpg 300w, https:\/\/garbar.info\/wp-content\/uploads\/2025\/08\/garbar.2025.nueva_.ley_.de_.telecomunicaciones.y.radiodifusion.news_-1024x562.jpg 1024w, https:\/\/garbar.info\/wp-content\/uploads\/2025\/08\/garbar.2025.nueva_.ley_.de_.telecomunicaciones.y.radiodifusion.news_-768x421.jpg 768w, https:\/\/garbar.info\/wp-content\/uploads\/2025\/08\/garbar.2025.nueva_.ley_.de_.telecomunicaciones.y.radiodifusion.news_-1536x842.jpg 1536w, https:\/\/garbar.info\/wp-content\/uploads\/2025\/08\/garbar.2025.nueva_.ley_.de_.telecomunicaciones.y.radiodifusion.news_-18x10.jpg 18w\" sizes=\"(max-width: 1920px) 100vw, 1920px\" \/>\t\t\t\t\t\t<\/div>\r\n\t\t\t\t\t\t\t\t\t\t\t\t\t<div class=\"premium-blog-thumbnail-overlay\">\r\n\t\t\t\t\t\t\t\t<a class=\"elementor-icon\" href=\"https:\/\/garbar.info\/en\/nueva-ley-en-materia-de-telecomunicaciones-y-radiodifusion\/\" target=\"_self\"><span>New Law on Telecommunications and Broadcasting<\/span><\/a>\r\n\t\t\t\t\t\t\t<\/div>\r\n\r\n\t\t\t\t\t\t\t\t\t\t\t\t\t\t\t\t\t\t<\/div>\r\n\t\t\t\t\t\t\t\t\t\t\t\t<div class=\"premium-blog-content-wrapper\">\r\n\r\n\t\t\t\t\t<div class=\"premium-blog-inner-container\">\r\n\r\n\t\t\t\t\t\t\t\t\t\t\t\t\t\t<h2 class=\"premium-blog-entry-title\">\r\n\t\t\t<a href=\"https:\/\/garbar.info\/en\/nueva-ley-en-materia-de-telecomunicaciones-y-radiodifusion\/\" target=\"_self\">\r\n\t\t\t\tNew Law on Telecommunications and Broadcasting\t\t\t<\/a>\r\n\t\t<\/h2>\r\n\t\t\t\t<div class=\"premium-blog-entry-meta\">\r\n\t\t\t\r\n\t\t\t\t\t\t\t<span class=\"premium-blog-meta-separator\">\u2022<\/span>\r\n\t\t\t\t<div class=\"premium-blog-post-time premium-blog-meta-data\">\r\n\t\t\t\t\t<i class=\"fa fa-calendar-alt\" aria-hidden=\"true\"><\/i>\r\n\t\t\t\t\t<span>5 de August de 2025<\/span>\r\n\t\t\t\t<\/div>\r\n\t\t\t\r\n\t\t\t\t\t\t\t<span class=\"premium-blog-meta-separator\">\u2022<\/span>\r\n\t\t\t\t<div class=\"premium-blog-post-categories premium-blog-meta-data\">\r\n\t\t\t\t\t<i class=\"fa fa-align-left fa-fw\" aria-hidden=\"true\"><\/i>\r\n\t\t\t\t\t<a href=\"https:\/\/garbar.info\/en\/category\/telecomunicaciones\/\" rel=\"category tag\">Telecommunications<\/a>\t\t\t\t<\/div>\r\n\t\t\t\r\n\t\t\t\t\t<\/div>\r\n\t\t\r\n\t\t\t\t\t<\/div>\r\n\r\n\t\t\t\t\t\t\t\t\t\t\r\n\t\t\t\t<\/div>\r\n\t\t\t<\/div>\r\n\t\t<\/div>\r\n\r\n\t\t\t\t<div class=\"premium-blog-post-outer-container mercantil\" data-total=\"1\">\r\n\t\t\t<div class=\"premium-blog-post-container premium-blog-skin-classic\">\r\n\t\t\t\t\t\t\t\t\t<div class=\"premium-blog-thumb-effect-wrapper\">\r\n\t\t\t\t\t\t<div class=\"premium-blog-thumbnail-container premium-blog-zoomin-effect\">\r\n\t\t\t\t\t\t\t<img loading=\"lazy\" decoding=\"async\" width=\"1920\" height=\"1053\" src=\"https:\/\/garbar.info\/wp-content\/uploads\/2025\/06\/garbar.2025.danos_.personales.news_.jpg\" class=\"attachment-full size-full wp-image-1383\" alt=\"\" srcset=\"https:\/\/garbar.info\/wp-content\/uploads\/2025\/06\/garbar.2025.danos_.personales.news_.jpg 1920w, https:\/\/garbar.info\/wp-content\/uploads\/2025\/06\/garbar.2025.danos_.personales.news_-300x165.jpg 300w, https:\/\/garbar.info\/wp-content\/uploads\/2025\/06\/garbar.2025.danos_.personales.news_-1024x562.jpg 1024w, https:\/\/garbar.info\/wp-content\/uploads\/2025\/06\/garbar.2025.danos_.personales.news_-768x421.jpg 768w, https:\/\/garbar.info\/wp-content\/uploads\/2025\/06\/garbar.2025.danos_.personales.news_-1536x842.jpg 1536w, https:\/\/garbar.info\/wp-content\/uploads\/2025\/06\/garbar.2025.danos_.personales.news_-18x10.jpg 18w\" sizes=\"(max-width: 1920px) 100vw, 1920px\" \/>\t\t\t\t\t\t<\/div>\r\n\t\t\t\t\t\t\t\t\t\t\t\t\t<div class=\"premium-blog-thumbnail-overlay\">\r\n\t\t\t\t\t\t\t\t<a class=\"elementor-icon\" href=\"https:\/\/garbar.info\/en\/socios-podran-ejercer-acciones-individuales-contra-administradores-por-danos-personales\/\" target=\"_self\"><span>Socios Podr\u00e1n Ejercer Acciones Individuales Contra Administradores Por Da\u00f1os Personales<\/span><\/a>\r\n\t\t\t\t\t\t\t<\/div>\r\n\r\n\t\t\t\t\t\t\t\t\t\t\t\t\t\t\t\t\t\t<\/div>\r\n\t\t\t\t\t\t\t\t\t\t\t\t<div class=\"premium-blog-content-wrapper\">\r\n\r\n\t\t\t\t\t<div class=\"premium-blog-inner-container\">\r\n\r\n\t\t\t\t\t\t\t\t\t\t\t\t\t\t<h2 class=\"premium-blog-entry-title\">\r\n\t\t\t<a href=\"https:\/\/garbar.info\/en\/socios-podran-ejercer-acciones-individuales-contra-administradores-por-danos-personales\/\" target=\"_self\">\r\n\t\t\t\tSocios Podr\u00e1n Ejercer Acciones Individuales Contra Administradores Por Da\u00f1os Personales\t\t\t<\/a>\r\n\t\t<\/h2>\r\n\t\t\t\t<div class=\"premium-blog-entry-meta\">\r\n\t\t\t\r\n\t\t\t\t\t\t\t<span class=\"premium-blog-meta-separator\">\u2022<\/span>\r\n\t\t\t\t<div class=\"premium-blog-post-time premium-blog-meta-data\">\r\n\t\t\t\t\t<i class=\"fa fa-calendar-alt\" aria-hidden=\"true\"><\/i>\r\n\t\t\t\t\t<span>10 de June de 2025<\/span>\r\n\t\t\t\t<\/div>\r\n\t\t\t\r\n\t\t\t\t\t\t\t<span class=\"premium-blog-meta-separator\">\u2022<\/span>\r\n\t\t\t\t<div class=\"premium-blog-post-categories premium-blog-meta-data\">\r\n\t\t\t\t\t<i class=\"fa fa-align-left fa-fw\" aria-hidden=\"true\"><\/i>\r\n\t\t\t\t\t<a href=\"https:\/\/garbar.info\/en\/category\/mercantil\/\" rel=\"category tag\">Commercial Law<\/a>\t\t\t\t<\/div>\r\n\t\t\t\r\n\t\t\t\t\t<\/div>\r\n\t\t\r\n\t\t\t\t\t<\/div>\r\n\r\n\t\t\t\t\t\t\t\t\t\t\r\n\t\t\t\t<\/div>\r\n\t\t\t<\/div>\r\n\t\t<\/div>\r\n\r\n\t\t\t\t<div class=\"premium-blog-post-outer-container mercantil\" data-total=\"1\">\r\n\t\t\t<div class=\"premium-blog-post-container premium-blog-skin-classic\">\r\n\t\t\t\t\t\t\t\t\t<div class=\"premium-blog-thumb-effect-wrapper\">\r\n\t\t\t\t\t\t<div class=\"premium-blog-thumbnail-container premium-blog-zoomin-effect\">\r\n\t\t\t\t\t\t\t<img loading=\"lazy\" decoding=\"async\" width=\"1920\" height=\"1053\" src=\"https:\/\/garbar.info\/wp-content\/uploads\/2025\/06\/garbar.2025.inversion.farmaceutica.nacional.news_.jpg\" class=\"attachment-full size-full wp-image-1382\" alt=\"\" srcset=\"https:\/\/garbar.info\/wp-content\/uploads\/2025\/06\/garbar.2025.inversion.farmaceutica.nacional.news_.jpg 1920w, https:\/\/garbar.info\/wp-content\/uploads\/2025\/06\/garbar.2025.inversion.farmaceutica.nacional.news_-300x165.jpg 300w, https:\/\/garbar.info\/wp-content\/uploads\/2025\/06\/garbar.2025.inversion.farmaceutica.nacional.news_-1024x562.jpg 1024w, https:\/\/garbar.info\/wp-content\/uploads\/2025\/06\/garbar.2025.inversion.farmaceutica.nacional.news_-768x421.jpg 768w, https:\/\/garbar.info\/wp-content\/uploads\/2025\/06\/garbar.2025.inversion.farmaceutica.nacional.news_-1536x842.jpg 1536w, https:\/\/garbar.info\/wp-content\/uploads\/2025\/06\/garbar.2025.inversion.farmaceutica.nacional.news_-18x10.jpg 18w\" sizes=\"(max-width: 1920px) 100vw, 1920px\" \/>\t\t\t\t\t\t<\/div>\r\n\t\t\t\t\t\t\t\t\t\t\t\t\t<div class=\"premium-blog-thumbnail-overlay\">\r\n\t\t\t\t\t\t\t\t<a class=\"elementor-icon\" href=\"https:\/\/garbar.info\/en\/nuevo-decreto-impulsa-la-inversion-farmaceutica-nacional\/\" target=\"_self\"><span>New Decree Boosts Domestic Pharmaceutical Investment<\/span><\/a>\r\n\t\t\t\t\t\t\t<\/div>\r\n\r\n\t\t\t\t\t\t\t\t\t\t\t\t\t\t\t\t\t\t<\/div>\r\n\t\t\t\t\t\t\t\t\t\t\t\t<div class=\"premium-blog-content-wrapper\">\r\n\r\n\t\t\t\t\t<div class=\"premium-blog-inner-container\">\r\n\r\n\t\t\t\t\t\t\t\t\t\t\t\t\t\t<h2 class=\"premium-blog-entry-title\">\r\n\t\t\t<a href=\"https:\/\/garbar.info\/en\/nuevo-decreto-impulsa-la-inversion-farmaceutica-nacional\/\" target=\"_self\">\r\n\t\t\t\tNew Decree Boosts Domestic Pharmaceutical Investment\t\t\t<\/a>\r\n\t\t<\/h2>\r\n\t\t\t\t<div class=\"premium-blog-entry-meta\">\r\n\t\t\t\r\n\t\t\t\t\t\t\t<span class=\"premium-blog-meta-separator\">\u2022<\/span>\r\n\t\t\t\t<div class=\"premium-blog-post-time premium-blog-meta-data\">\r\n\t\t\t\t\t<i class=\"fa fa-calendar-alt\" aria-hidden=\"true\"><\/i>\r\n\t\t\t\t\t<span>10 de June de 2025<\/span>\r\n\t\t\t\t<\/div>\r\n\t\t\t\r\n\t\t\t\t\t\t\t<span class=\"premium-blog-meta-separator\">\u2022<\/span>\r\n\t\t\t\t<div class=\"premium-blog-post-categories premium-blog-meta-data\">\r\n\t\t\t\t\t<i class=\"fa fa-align-left fa-fw\" aria-hidden=\"true\"><\/i>\r\n\t\t\t\t\t<a href=\"https:\/\/garbar.info\/en\/category\/mercantil\/\" rel=\"category tag\">Commercial Law<\/a>\t\t\t\t<\/div>\r\n\t\t\t\r\n\t\t\t\t\t<\/div>\r\n\t\t\r\n\t\t\t\t\t<\/div>\r\n\r\n\t\t\t\t\t\t\t\t\t\t\r\n\t\t\t\t<\/div>\r\n\t\t\t<\/div>\r\n\t\t<\/div>\r\n\r\n\t\t\t\t<div class=\"premium-blog-post-outer-container inmobiliario\" data-total=\"1\">\r\n\t\t\t<div class=\"premium-blog-post-container premium-blog-skin-classic\">\r\n\t\t\t\t\t\t\t\t\t<div class=\"premium-blog-thumb-effect-wrapper\">\r\n\t\t\t\t\t\t<div class=\"premium-blog-thumbnail-container premium-blog-zoomin-effect\">\r\n\t\t\t\t\t\t\t<img loading=\"lazy\" decoding=\"async\" width=\"1920\" height=\"1053\" src=\"https:\/\/garbar.info\/wp-content\/uploads\/2025\/05\/garbar.2025.ley_.adquisiciones.arrendamiento.news_-1.jpg\" class=\"attachment-full size-full wp-image-1376\" alt=\"\" srcset=\"https:\/\/garbar.info\/wp-content\/uploads\/2025\/05\/garbar.2025.ley_.adquisiciones.arrendamiento.news_-1.jpg 1920w, https:\/\/garbar.info\/wp-content\/uploads\/2025\/05\/garbar.2025.ley_.adquisiciones.arrendamiento.news_-1-300x165.jpg 300w, https:\/\/garbar.info\/wp-content\/uploads\/2025\/05\/garbar.2025.ley_.adquisiciones.arrendamiento.news_-1-1024x562.jpg 1024w, https:\/\/garbar.info\/wp-content\/uploads\/2025\/05\/garbar.2025.ley_.adquisiciones.arrendamiento.news_-1-768x421.jpg 768w, https:\/\/garbar.info\/wp-content\/uploads\/2025\/05\/garbar.2025.ley_.adquisiciones.arrendamiento.news_-1-1536x842.jpg 1536w, https:\/\/garbar.info\/wp-content\/uploads\/2025\/05\/garbar.2025.ley_.adquisiciones.arrendamiento.news_-1-18x10.jpg 18w\" sizes=\"(max-width: 1920px) 100vw, 1920px\" \/>\t\t\t\t\t\t<\/div>\r\n\t\t\t\t\t\t\t\t\t\t\t\t\t<div class=\"premium-blog-thumbnail-overlay\">\r\n\t\t\t\t\t\t\t\t<a class=\"elementor-icon\" href=\"https:\/\/garbar.info\/en\/nueva-ley-de-adquisiciones-arrendamientos-y-servicios-del-sector-publico\/\" target=\"_self\"><span>New Public Sector Procurement, Leasing, and Services Law<\/span><\/a>\r\n\t\t\t\t\t\t\t<\/div>\r\n\r\n\t\t\t\t\t\t\t\t\t\t\t\t\t\t\t\t\t\t<\/div>\r\n\t\t\t\t\t\t\t\t\t\t\t\t<div class=\"premium-blog-content-wrapper\">\r\n\r\n\t\t\t\t\t<div class=\"premium-blog-inner-container\">\r\n\r\n\t\t\t\t\t\t\t\t\t\t\t\t\t\t<h2 class=\"premium-blog-entry-title\">\r\n\t\t\t<a href=\"https:\/\/garbar.info\/en\/nueva-ley-de-adquisiciones-arrendamientos-y-servicios-del-sector-publico\/\" target=\"_self\">\r\n\t\t\t\tNew Public Sector Procurement, Leasing, and Services Law\t\t\t<\/a>\r\n\t\t<\/h2>\r\n\t\t\t\t<div class=\"premium-blog-entry-meta\">\r\n\t\t\t\r\n\t\t\t\t\t\t\t<span class=\"premium-blog-meta-separator\">\u2022<\/span>\r\n\t\t\t\t<div class=\"premium-blog-post-time premium-blog-meta-data\">\r\n\t\t\t\t\t<i class=\"fa fa-calendar-alt\" aria-hidden=\"true\"><\/i>\r\n\t\t\t\t\t<span>29 de May de 2025<\/span>\r\n\t\t\t\t<\/div>\r\n\t\t\t\r\n\t\t\t\t\t\t\t<span class=\"premium-blog-meta-separator\">\u2022<\/span>\r\n\t\t\t\t<div class=\"premium-blog-post-categories premium-blog-meta-data\">\r\n\t\t\t\t\t<i class=\"fa fa-align-left fa-fw\" aria-hidden=\"true\"><\/i>\r\n\t\t\t\t\t<a href=\"https:\/\/garbar.info\/en\/category\/inmobiliario\/\" rel=\"category tag\">Real Estate and Construction<\/a>\t\t\t\t<\/div>\r\n\t\t\t\r\n\t\t\t\t\t<\/div>\r\n\t\t\r\n\t\t\t\t\t<\/div>\r\n\r\n\t\t\t\t\t\t\t\t\t\t\r\n\t\t\t\t<\/div>\r\n\t\t\t<\/div>\r\n\t\t<\/div>\r\n\r\n\t\t\t\t<div class=\"premium-blog-post-outer-container propiedad-intelectual\" data-total=\"1\">\r\n\t\t\t<div class=\"premium-blog-post-container premium-blog-skin-classic\">\r\n\t\t\t\t\t\t\t\t\t<div class=\"premium-blog-thumb-effect-wrapper\">\r\n\t\t\t\t\t\t<div class=\"premium-blog-thumbnail-container premium-blog-zoomin-effect\">\r\n\t\t\t\t\t\t\t<img loading=\"lazy\" decoding=\"async\" width=\"1920\" height=\"1053\" src=\"https:\/\/garbar.info\/wp-content\/uploads\/2025\/05\/garbar.2025.delegacion-colombiana-software.newsletter.jpg\" class=\"attachment-full size-full wp-image-1345\" alt=\"\" srcset=\"https:\/\/garbar.info\/wp-content\/uploads\/2025\/05\/garbar.2025.delegacion-colombiana-software.newsletter.jpg 1920w, https:\/\/garbar.info\/wp-content\/uploads\/2025\/05\/garbar.2025.delegacion-colombiana-software.newsletter-300x165.jpg 300w, https:\/\/garbar.info\/wp-content\/uploads\/2025\/05\/garbar.2025.delegacion-colombiana-software.newsletter-1024x562.jpg 1024w, https:\/\/garbar.info\/wp-content\/uploads\/2025\/05\/garbar.2025.delegacion-colombiana-software.newsletter-768x421.jpg 768w, https:\/\/garbar.info\/wp-content\/uploads\/2025\/05\/garbar.2025.delegacion-colombiana-software.newsletter-1536x842.jpg 1536w, https:\/\/garbar.info\/wp-content\/uploads\/2025\/05\/garbar.2025.delegacion-colombiana-software.newsletter-18x10.jpg 18w\" sizes=\"(max-width: 1920px) 100vw, 1920px\" \/>\t\t\t\t\t\t<\/div>\r\n\t\t\t\t\t\t\t\t\t\t\t\t\t<div class=\"premium-blog-thumbnail-overlay\">\r\n\t\t\t\t\t\t\t\t<a class=\"elementor-icon\" href=\"https:\/\/garbar.info\/en\/garcia-barragan-abogados-se-reune-con-empresarios-y-desarrolladores-de-software-colombianos\/\" target=\"_self\"><span>Garc\u00eda Barrag\u00e1n Abogados se re\u00fane con empresarios y desarrolladores de software colombianos<\/span><\/a>\r\n\t\t\t\t\t\t\t<\/div>\r\n\r\n\t\t\t\t\t\t\t\t\t\t\t\t\t\t\t\t\t\t<\/div>\r\n\t\t\t\t\t\t\t\t\t\t\t\t<div class=\"premium-blog-content-wrapper\">\r\n\r\n\t\t\t\t\t<div class=\"premium-blog-inner-container\">\r\n\r\n\t\t\t\t\t\t\t\t\t\t\t\t\t\t<h2 class=\"premium-blog-entry-title\">\r\n\t\t\t<a href=\"https:\/\/garbar.info\/en\/garcia-barragan-abogados-se-reune-con-empresarios-y-desarrolladores-de-software-colombianos\/\" target=\"_self\">\r\n\t\t\t\tGarc\u00eda Barrag\u00e1n Abogados se re\u00fane con empresarios y desarrolladores de software colombianos\t\t\t<\/a>\r\n\t\t<\/h2>\r\n\t\t\t\t<div class=\"premium-blog-entry-meta\">\r\n\t\t\t\r\n\t\t\t\t\t\t\t<span class=\"premium-blog-meta-separator\">\u2022<\/span>\r\n\t\t\t\t<div class=\"premium-blog-post-time premium-blog-meta-data\">\r\n\t\t\t\t\t<i class=\"fa fa-calendar-alt\" aria-hidden=\"true\"><\/i>\r\n\t\t\t\t\t<span>1 de May de 2025<\/span>\r\n\t\t\t\t<\/div>\r\n\t\t\t\r\n\t\t\t\t\t\t\t<span class=\"premium-blog-meta-separator\">\u2022<\/span>\r\n\t\t\t\t<div class=\"premium-blog-post-categories premium-blog-meta-data\">\r\n\t\t\t\t\t<i class=\"fa fa-align-left fa-fw\" aria-hidden=\"true\"><\/i>\r\n\t\t\t\t\t<a href=\"https:\/\/garbar.info\/en\/category\/propiedad-intelectual\/\" rel=\"category tag\">Intellectual Property<\/a>\t\t\t\t<\/div>\r\n\t\t\t\r\n\t\t\t\t\t<\/div>\r\n\t\t\r\n\t\t\t\t\t<\/div>\r\n\r\n\t\t\t\t\t\t\t\t\t\t\r\n\t\t\t\t<\/div>\r\n\t\t\t<\/div>\r\n\t\t<\/div>\r\n\r\n\t\t\t\t<div class=\"premium-blog-post-outer-container comercio-exterior-y-derecho-aduanero\" data-total=\"1\">\r\n\t\t\t<div class=\"premium-blog-post-container premium-blog-skin-classic\">\r\n\t\t\t\t\t\t\t\t\t<div class=\"premium-blog-thumb-effect-wrapper\">\r\n\t\t\t\t\t\t<div class=\"premium-blog-thumbnail-container premium-blog-zoomin-effect\">\r\n\t\t\t\t\t\t\t<img loading=\"lazy\" decoding=\"async\" width=\"1920\" height=\"1053\" src=\"https:\/\/garbar.info\/wp-content\/uploads\/2025\/04\/garbar-2025-logistics-world-newsletter.jpg\" class=\"attachment-full size-full wp-image-1298\" alt=\"\" srcset=\"https:\/\/garbar.info\/wp-content\/uploads\/2025\/04\/garbar-2025-logistics-world-newsletter.jpg 1920w, https:\/\/garbar.info\/wp-content\/uploads\/2025\/04\/garbar-2025-logistics-world-newsletter-300x165.jpg 300w, https:\/\/garbar.info\/wp-content\/uploads\/2025\/04\/garbar-2025-logistics-world-newsletter-1024x562.jpg 1024w, https:\/\/garbar.info\/wp-content\/uploads\/2025\/04\/garbar-2025-logistics-world-newsletter-768x421.jpg 768w, https:\/\/garbar.info\/wp-content\/uploads\/2025\/04\/garbar-2025-logistics-world-newsletter-1536x842.jpg 1536w, https:\/\/garbar.info\/wp-content\/uploads\/2025\/04\/garbar-2025-logistics-world-newsletter-18x10.jpg 18w\" sizes=\"(max-width: 1920px) 100vw, 1920px\" \/>\t\t\t\t\t\t<\/div>\r\n\t\t\t\t\t\t\t\t\t\t\t\t\t<div class=\"premium-blog-thumbnail-overlay\">\r\n\t\t\t\t\t\t\t\t<a class=\"elementor-icon\" href=\"https:\/\/garbar.info\/en\/the-logistics-world-summit-expo-2025\/\" target=\"_self\"><span>The Logistics World Summit &amp; Expo 2025<\/span><\/a>\r\n\t\t\t\t\t\t\t<\/div>\r\n\r\n\t\t\t\t\t\t\t\t\t\t\t\t\t\t\t\t\t\t<\/div>\r\n\t\t\t\t\t\t\t\t\t\t\t\t<div class=\"premium-blog-content-wrapper\">\r\n\r\n\t\t\t\t\t<div class=\"premium-blog-inner-container\">\r\n\r\n\t\t\t\t\t\t\t\t\t\t\t\t\t\t<h2 class=\"premium-blog-entry-title\">\r\n\t\t\t<a href=\"https:\/\/garbar.info\/en\/the-logistics-world-summit-expo-2025\/\" target=\"_self\">\r\n\t\t\t\tThe Logistics World Summit &amp; Expo 2025\t\t\t<\/a>\r\n\t\t<\/h2>\r\n\t\t\t\t<div class=\"premium-blog-entry-meta\">\r\n\t\t\t\r\n\t\t\t\t\t\t\t<span class=\"premium-blog-meta-separator\">\u2022<\/span>\r\n\t\t\t\t<div class=\"premium-blog-post-time premium-blog-meta-data\">\r\n\t\t\t\t\t<i class=\"fa fa-calendar-alt\" aria-hidden=\"true\"><\/i>\r\n\t\t\t\t\t<span>3 de April de 2025<\/span>\r\n\t\t\t\t<\/div>\r\n\t\t\t\r\n\t\t\t\t\t\t\t<span class=\"premium-blog-meta-separator\">\u2022<\/span>\r\n\t\t\t\t<div class=\"premium-blog-post-categories premium-blog-meta-data\">\r\n\t\t\t\t\t<i class=\"fa fa-align-left fa-fw\" aria-hidden=\"true\"><\/i>\r\n\t\t\t\t\t<a href=\"https:\/\/garbar.info\/en\/category\/comercio-exterior-y-derecho-aduanero\/\" rel=\"category tag\">Foreign Trade and Customs Law<\/a>\t\t\t\t<\/div>\r\n\t\t\t\r\n\t\t\t\t\t<\/div>\r\n\t\t\r\n\t\t\t\t\t<\/div>\r\n\r\n\t\t\t\t\t\t\t\t\t\t\r\n\t\t\t\t<\/div>\r\n\t\t\t<\/div>\r\n\t\t<\/div>\r\n\r\n\t\t\t\t<div class=\"premium-blog-post-outer-container mercantil\" data-total=\"1\">\r\n\t\t\t<div class=\"premium-blog-post-container premium-blog-skin-classic\">\r\n\t\t\t\t\t\t\t\t\t<div class=\"premium-blog-thumb-effect-wrapper\">\r\n\t\t\t\t\t\t<div class=\"premium-blog-thumbnail-container premium-blog-zoomin-effect\">\r\n\t\t\t\t\t\t\t<img loading=\"lazy\" decoding=\"async\" width=\"1200\" height=\"675\" src=\"https:\/\/garbar.info\/wp-content\/uploads\/2025\/03\/Colaboracion-entre-el-Instituto-Mexicano-de-la-Propiedad-Industrial-y-la-Comision-Federal-para-la-Proteccion-Contra-Riesgos-Sanitarios.jpg\" class=\"attachment-full size-full wp-image-1287\" alt=\"\" srcset=\"https:\/\/garbar.info\/wp-content\/uploads\/2025\/03\/Colaboracion-entre-el-Instituto-Mexicano-de-la-Propiedad-Industrial-y-la-Comision-Federal-para-la-Proteccion-Contra-Riesgos-Sanitarios.jpg 1200w, https:\/\/garbar.info\/wp-content\/uploads\/2025\/03\/Colaboracion-entre-el-Instituto-Mexicano-de-la-Propiedad-Industrial-y-la-Comision-Federal-para-la-Proteccion-Contra-Riesgos-Sanitarios-300x169.jpg 300w, https:\/\/garbar.info\/wp-content\/uploads\/2025\/03\/Colaboracion-entre-el-Instituto-Mexicano-de-la-Propiedad-Industrial-y-la-Comision-Federal-para-la-Proteccion-Contra-Riesgos-Sanitarios-1024x576.jpg 1024w, https:\/\/garbar.info\/wp-content\/uploads\/2025\/03\/Colaboracion-entre-el-Instituto-Mexicano-de-la-Propiedad-Industrial-y-la-Comision-Federal-para-la-Proteccion-Contra-Riesgos-Sanitarios-768x432.jpg 768w, https:\/\/garbar.info\/wp-content\/uploads\/2025\/03\/Colaboracion-entre-el-Instituto-Mexicano-de-la-Propiedad-Industrial-y-la-Comision-Federal-para-la-Proteccion-Contra-Riesgos-Sanitarios-18x10.jpg 18w\" sizes=\"(max-width: 1200px) 100vw, 1200px\" \/>\t\t\t\t\t\t<\/div>\r\n\t\t\t\t\t\t\t\t\t\t\t\t\t<div class=\"premium-blog-thumbnail-overlay\">\r\n\t\t\t\t\t\t\t\t<a class=\"elementor-icon\" href=\"https:\/\/garbar.info\/en\/colaboracion-entre-el-instituto-mexicano-de-la-propiedad-industrial-y-la-comision-federal-para-la-proteccion-contra-riesgos-sanitarios\/\" target=\"_self\"><span>Colaboraci\u00f3n entre el Instituto Mexicano de la Propiedad Industrial y la Comisi\u00f3n Federal para la Protecci\u00f3n Contra Riesgos Sanitarios.<\/span><\/a>\r\n\t\t\t\t\t\t\t<\/div>\r\n\r\n\t\t\t\t\t\t\t\t\t\t\t\t\t\t\t\t\t\t<\/div>\r\n\t\t\t\t\t\t\t\t\t\t\t\t<div class=\"premium-blog-content-wrapper\">\r\n\r\n\t\t\t\t\t<div class=\"premium-blog-inner-container\">\r\n\r\n\t\t\t\t\t\t\t\t\t\t\t\t\t\t<h2 class=\"premium-blog-entry-title\">\r\n\t\t\t<a href=\"https:\/\/garbar.info\/en\/colaboracion-entre-el-instituto-mexicano-de-la-propiedad-industrial-y-la-comision-federal-para-la-proteccion-contra-riesgos-sanitarios\/\" target=\"_self\">\r\n\t\t\t\tColaboraci\u00f3n entre el Instituto Mexicano de la Propiedad Industrial y la Comisi\u00f3n Federal para la Protecci\u00f3n Contra Riesgos Sanitarios.\t\t\t<\/a>\r\n\t\t<\/h2>\r\n\t\t\t\t<div class=\"premium-blog-entry-meta\">\r\n\t\t\t\r\n\t\t\t\t\t\t\t<span class=\"premium-blog-meta-separator\">\u2022<\/span>\r\n\t\t\t\t<div class=\"premium-blog-post-time premium-blog-meta-data\">\r\n\t\t\t\t\t<i class=\"fa fa-calendar-alt\" aria-hidden=\"true\"><\/i>\r\n\t\t\t\t\t<span>10 de March de 2025<\/span>\r\n\t\t\t\t<\/div>\r\n\t\t\t\r\n\t\t\t\t\t\t\t<span class=\"premium-blog-meta-separator\">\u2022<\/span>\r\n\t\t\t\t<div class=\"premium-blog-post-categories premium-blog-meta-data\">\r\n\t\t\t\t\t<i class=\"fa fa-align-left fa-fw\" aria-hidden=\"true\"><\/i>\r\n\t\t\t\t\t<a href=\"https:\/\/garbar.info\/en\/category\/mercantil\/\" rel=\"category tag\">Commercial Law<\/a>\t\t\t\t<\/div>\r\n\t\t\t\r\n\t\t\t\t\t<\/div>\r\n\t\t\r\n\t\t\t\t\t<\/div>\r\n\r\n\t\t\t\t\t\t\t\t\t\t\r\n\t\t\t\t<\/div>\r\n\t\t\t<\/div>\r\n\t\t<\/div>\r\n\r\n\t\t\t\t<div class=\"premium-blog-post-outer-container arbitraje\" data-total=\"1\">\r\n\t\t\t<div class=\"premium-blog-post-container premium-blog-skin-classic\">\r\n\t\t\t\t\t\t\t\t\t<div class=\"premium-blog-thumb-effect-wrapper\">\r\n\t\t\t\t\t\t<div class=\"premium-blog-thumbnail-container premium-blog-zoomin-effect\">\r\n\t\t\t\t\t\t\t<img loading=\"lazy\" decoding=\"async\" width=\"1920\" height=\"1053\" src=\"https:\/\/garbar.info\/wp-content\/uploads\/2025\/03\/garbar.web_.next_.generation.partner.2025.png\" class=\"attachment-full size-full wp-image-1269\" alt=\"\" srcset=\"https:\/\/garbar.info\/wp-content\/uploads\/2025\/03\/garbar.web_.next_.generation.partner.2025.png 1920w, https:\/\/garbar.info\/wp-content\/uploads\/2025\/03\/garbar.web_.next_.generation.partner.2025-300x165.png 300w, https:\/\/garbar.info\/wp-content\/uploads\/2025\/03\/garbar.web_.next_.generation.partner.2025-1024x562.png 1024w, https:\/\/garbar.info\/wp-content\/uploads\/2025\/03\/garbar.web_.next_.generation.partner.2025-768x421.png 768w, https:\/\/garbar.info\/wp-content\/uploads\/2025\/03\/garbar.web_.next_.generation.partner.2025-1536x842.png 1536w, https:\/\/garbar.info\/wp-content\/uploads\/2025\/03\/garbar.web_.next_.generation.partner.2025-18x10.png 18w\" sizes=\"(max-width: 1920px) 100vw, 1920px\" \/>\t\t\t\t\t\t<\/div>\r\n\t\t\t\t\t\t\t\t\t\t\t\t\t<div class=\"premium-blog-thumbnail-overlay\">\r\n\t\t\t\t\t\t\t\t<a class=\"elementor-icon\" href=\"https:\/\/garbar.info\/en\/the-legal-500-ha-reconocido-a-daniel-garcia-barragan-como-best-generation-partner-of-the-year-en-la-categoria-de-dispute-resolution-arbitration\/\" target=\"_self\"><span>The Legal 500 ha reconocido a Daniel Garc\u00eda Barrag\u00e1n como\u00a0\u00abBest Generation Partner of the Year\u00bb en la categor\u00eda de\u00a0Dispute Resolution: Arbitration<\/span><\/a>\r\n\t\t\t\t\t\t\t<\/div>\r\n\r\n\t\t\t\t\t\t\t\t\t\t\t\t\t\t\t\t\t\t<\/div>\r\n\t\t\t\t\t\t\t\t\t\t\t\t<div class=\"premium-blog-content-wrapper\">\r\n\r\n\t\t\t\t\t<div class=\"premium-blog-inner-container\">\r\n\r\n\t\t\t\t\t\t\t\t\t\t\t\t\t\t<h2 class=\"premium-blog-entry-title\">\r\n\t\t\t<a href=\"https:\/\/garbar.info\/en\/the-legal-500-ha-reconocido-a-daniel-garcia-barragan-como-best-generation-partner-of-the-year-en-la-categoria-de-dispute-resolution-arbitration\/\" target=\"_self\">\r\n\t\t\t\tThe Legal 500 ha reconocido a Daniel Garc\u00eda Barrag\u00e1n como\u00a0\u00abBest Generation Partner of the Year\u00bb en la categor\u00eda de\u00a0Dispute Resolution: Arbitration\t\t\t<\/a>\r\n\t\t<\/h2>\r\n\t\t\t\t<div class=\"premium-blog-entry-meta\">\r\n\t\t\t\r\n\t\t\t\t\t\t\t<span class=\"premium-blog-meta-separator\">\u2022<\/span>\r\n\t\t\t\t<div class=\"premium-blog-post-time premium-blog-meta-data\">\r\n\t\t\t\t\t<i class=\"fa fa-calendar-alt\" aria-hidden=\"true\"><\/i>\r\n\t\t\t\t\t<span>27 de February de 2025<\/span>\r\n\t\t\t\t<\/div>\r\n\t\t\t\r\n\t\t\t\t\t\t\t<span class=\"premium-blog-meta-separator\">\u2022<\/span>\r\n\t\t\t\t<div class=\"premium-blog-post-categories premium-blog-meta-data\">\r\n\t\t\t\t\t<i class=\"fa fa-align-left fa-fw\" aria-hidden=\"true\"><\/i>\r\n\t\t\t\t\t<a href=\"https:\/\/garbar.info\/en\/category\/arbitraje\/\" rel=\"category tag\">Arbitration<\/a>\t\t\t\t<\/div>\r\n\t\t\t\r\n\t\t\t\t\t<\/div>\r\n\t\t\r\n\t\t\t\t\t<\/div>\r\n\r\n\t\t\t\t\t\t\t\t\t\t\r\n\t\t\t\t<\/div>\r\n\t\t\t<\/div>\r\n\t\t<\/div>\r\n\r\n\t\t\t\t<div class=\"premium-blog-post-outer-container propiedad-intelectual\" data-total=\"1\">\r\n\t\t\t<div class=\"premium-blog-post-container premium-blog-skin-classic\">\r\n\t\t\t\t\t\t\t\t\t<div class=\"premium-blog-thumb-effect-wrapper\">\r\n\t\t\t\t\t\t<div class=\"premium-blog-thumbnail-container premium-blog-zoomin-effect\">\r\n\t\t\t\t\t\t\t<img loading=\"lazy\" decoding=\"async\" width=\"1200\" height=\"675\" src=\"https:\/\/garbar.info\/wp-content\/uploads\/2025\/02\/Caso-Thomson-Reuters-v.-Ross-Intelligence.jpg\" class=\"attachment-full size-full wp-image-1245\" alt=\"\" srcset=\"https:\/\/garbar.info\/wp-content\/uploads\/2025\/02\/Caso-Thomson-Reuters-v.-Ross-Intelligence.jpg 1200w, https:\/\/garbar.info\/wp-content\/uploads\/2025\/02\/Caso-Thomson-Reuters-v.-Ross-Intelligence-300x169.jpg 300w, https:\/\/garbar.info\/wp-content\/uploads\/2025\/02\/Caso-Thomson-Reuters-v.-Ross-Intelligence-1024x576.jpg 1024w, https:\/\/garbar.info\/wp-content\/uploads\/2025\/02\/Caso-Thomson-Reuters-v.-Ross-Intelligence-768x432.jpg 768w, https:\/\/garbar.info\/wp-content\/uploads\/2025\/02\/Caso-Thomson-Reuters-v.-Ross-Intelligence-18x10.jpg 18w\" sizes=\"(max-width: 1200px) 100vw, 1200px\" \/>\t\t\t\t\t\t<\/div>\r\n\t\t\t\t\t\t\t\t\t\t\t\t\t<div class=\"premium-blog-thumbnail-overlay\">\r\n\t\t\t\t\t\t\t\t<a class=\"elementor-icon\" href=\"https:\/\/garbar.info\/en\/caso-thomson-reuters-vs-ross-intelligence\/\" target=\"_self\"><span>Caso Thomson Reuters vs Ross Intelligence<\/span><\/a>\r\n\t\t\t\t\t\t\t<\/div>\r\n\r\n\t\t\t\t\t\t\t\t\t\t\t\t\t\t\t\t\t\t<\/div>\r\n\t\t\t\t\t\t\t\t\t\t\t\t<div class=\"premium-blog-content-wrapper\">\r\n\r\n\t\t\t\t\t<div class=\"premium-blog-inner-container\">\r\n\r\n\t\t\t\t\t\t\t\t\t\t\t\t\t\t<h2 class=\"premium-blog-entry-title\">\r\n\t\t\t<a href=\"https:\/\/garbar.info\/en\/caso-thomson-reuters-vs-ross-intelligence\/\" target=\"_self\">\r\n\t\t\t\tCaso Thomson Reuters vs Ross Intelligence\t\t\t<\/a>\r\n\t\t<\/h2>\r\n\t\t\t\t<div class=\"premium-blog-entry-meta\">\r\n\t\t\t\r\n\t\t\t\t\t\t\t<span class=\"premium-blog-meta-separator\">\u2022<\/span>\r\n\t\t\t\t<div class=\"premium-blog-post-time premium-blog-meta-data\">\r\n\t\t\t\t\t<i class=\"fa fa-calendar-alt\" aria-hidden=\"true\"><\/i>\r\n\t\t\t\t\t<span>19 de February de 2025<\/span>\r\n\t\t\t\t<\/div>\r\n\t\t\t\r\n\t\t\t\t\t\t\t<span class=\"premium-blog-meta-separator\">\u2022<\/span>\r\n\t\t\t\t<div class=\"premium-blog-post-categories premium-blog-meta-data\">\r\n\t\t\t\t\t<i class=\"fa fa-align-left fa-fw\" aria-hidden=\"true\"><\/i>\r\n\t\t\t\t\t<a href=\"https:\/\/garbar.info\/en\/category\/propiedad-intelectual\/\" rel=\"category tag\">Intellectual Property<\/a>\t\t\t\t<\/div>\r\n\t\t\t\r\n\t\t\t\t\t<\/div>\r\n\t\t\r\n\t\t\t\t\t<\/div>\r\n\r\n\t\t\t\t\t\t\t\t\t\t\r\n\t\t\t\t<\/div>\r\n\t\t\t<\/div>\r\n\t\t<\/div>\r\n\r\n\t\t\t\t<div class=\"premium-blog-post-outer-container propiedad-intelectual\" data-total=\"1\">\r\n\t\t\t<div class=\"premium-blog-post-container premium-blog-skin-classic\">\r\n\t\t\t\t\t\t\t\t\t<div class=\"premium-blog-thumb-effect-wrapper\">\r\n\t\t\t\t\t\t<div class=\"premium-blog-thumbnail-container premium-blog-zoomin-effect\">\r\n\t\t\t\t\t\t\t<img loading=\"lazy\" decoding=\"async\" width=\"1200\" height=\"675\" src=\"https:\/\/garbar.info\/wp-content\/uploads\/2025\/02\/Acuerdo-por-el-que-se-dan-a-conocer-las-marcas-de-certificacion-Hecho-en-Mexico-y-Made-in-Mexico-y-se-expiden-sus-reglas-de-uso.jpg\" class=\"attachment-full size-full wp-image-1238\" alt=\"\" srcset=\"https:\/\/garbar.info\/wp-content\/uploads\/2025\/02\/Acuerdo-por-el-que-se-dan-a-conocer-las-marcas-de-certificacion-Hecho-en-Mexico-y-Made-in-Mexico-y-se-expiden-sus-reglas-de-uso.jpg 1200w, https:\/\/garbar.info\/wp-content\/uploads\/2025\/02\/Acuerdo-por-el-que-se-dan-a-conocer-las-marcas-de-certificacion-Hecho-en-Mexico-y-Made-in-Mexico-y-se-expiden-sus-reglas-de-uso-300x169.jpg 300w, https:\/\/garbar.info\/wp-content\/uploads\/2025\/02\/Acuerdo-por-el-que-se-dan-a-conocer-las-marcas-de-certificacion-Hecho-en-Mexico-y-Made-in-Mexico-y-se-expiden-sus-reglas-de-uso-1024x576.jpg 1024w, https:\/\/garbar.info\/wp-content\/uploads\/2025\/02\/Acuerdo-por-el-que-se-dan-a-conocer-las-marcas-de-certificacion-Hecho-en-Mexico-y-Made-in-Mexico-y-se-expiden-sus-reglas-de-uso-768x432.jpg 768w, https:\/\/garbar.info\/wp-content\/uploads\/2025\/02\/Acuerdo-por-el-que-se-dan-a-conocer-las-marcas-de-certificacion-Hecho-en-Mexico-y-Made-in-Mexico-y-se-expiden-sus-reglas-de-uso-18x10.jpg 18w\" sizes=\"(max-width: 1200px) 100vw, 1200px\" \/>\t\t\t\t\t\t<\/div>\r\n\t\t\t\t\t\t\t\t\t\t\t\t\t<div class=\"premium-blog-thumbnail-overlay\">\r\n\t\t\t\t\t\t\t\t<a class=\"elementor-icon\" href=\"https:\/\/garbar.info\/en\/acuerdo-por-el-que-se-dan-a-conocer-las-marcas-de-certificacion-hecho-en-mexico-y-made-in-mexico-y-se-expiden-sus-reglas-de-uso\/\" target=\"_self\"><span>Acuerdo por el que se dan a conocer las marcas de certificaci\u00f3n Hecho en M\u00e9xico y Made in Mexico y se expiden sus reglas de uso<\/span><\/a>\r\n\t\t\t\t\t\t\t<\/div>\r\n\r\n\t\t\t\t\t\t\t\t\t\t\t\t\t\t\t\t\t\t<\/div>\r\n\t\t\t\t\t\t\t\t\t\t\t\t<div class=\"premium-blog-content-wrapper\">\r\n\r\n\t\t\t\t\t<div class=\"premium-blog-inner-container\">\r\n\r\n\t\t\t\t\t\t\t\t\t\t\t\t\t\t<h2 class=\"premium-blog-entry-title\">\r\n\t\t\t<a href=\"https:\/\/garbar.info\/en\/acuerdo-por-el-que-se-dan-a-conocer-las-marcas-de-certificacion-hecho-en-mexico-y-made-in-mexico-y-se-expiden-sus-reglas-de-uso\/\" target=\"_self\">\r\n\t\t\t\tAcuerdo por el que se dan a conocer las marcas de certificaci\u00f3n Hecho en M\u00e9xico y Made in Mexico y se expiden sus reglas de uso\t\t\t<\/a>\r\n\t\t<\/h2>\r\n\t\t\t\t<div class=\"premium-blog-entry-meta\">\r\n\t\t\t\r\n\t\t\t\t\t\t\t<span class=\"premium-blog-meta-separator\">\u2022<\/span>\r\n\t\t\t\t<div class=\"premium-blog-post-time premium-blog-meta-data\">\r\n\t\t\t\t\t<i class=\"fa fa-calendar-alt\" aria-hidden=\"true\"><\/i>\r\n\t\t\t\t\t<span>19 de February de 2025<\/span>\r\n\t\t\t\t<\/div>\r\n\t\t\t\r\n\t\t\t\t\t\t\t<span class=\"premium-blog-meta-separator\">\u2022<\/span>\r\n\t\t\t\t<div class=\"premium-blog-post-categories premium-blog-meta-data\">\r\n\t\t\t\t\t<i class=\"fa fa-align-left fa-fw\" aria-hidden=\"true\"><\/i>\r\n\t\t\t\t\t<a href=\"https:\/\/garbar.info\/en\/category\/propiedad-intelectual\/\" rel=\"category tag\">Intellectual Property<\/a>\t\t\t\t<\/div>\r\n\t\t\t\r\n\t\t\t\t\t<\/div>\r\n\t\t\r\n\t\t\t\t\t<\/div>\r\n\r\n\t\t\t\t\t\t\t\t\t\t\r\n\t\t\t\t<\/div>\r\n\t\t\t<\/div>\r\n\t\t<\/div>\r\n\r\n\t\t\t\t<div class=\"premium-blog-post-outer-container arbitraje\" data-total=\"1\">\r\n\t\t\t<div class=\"premium-blog-post-container premium-blog-skin-classic\">\r\n\t\t\t\t\t\t\t\t\t<div class=\"premium-blog-thumb-effect-wrapper\">\r\n\t\t\t\t\t\t<div class=\"premium-blog-thumbnail-container premium-blog-zoomin-effect\">\r\n\t\t\t\t\t\t\t<img loading=\"lazy\" decoding=\"async\" width=\"1920\" height=\"1053\" src=\"https:\/\/garbar.info\/wp-content\/uploads\/2025\/02\/chambrers-2025-daniel.png\" class=\"attachment-full size-full wp-image-1228\" alt=\"\" srcset=\"https:\/\/garbar.info\/wp-content\/uploads\/2025\/02\/chambrers-2025-daniel.png 1920w, https:\/\/garbar.info\/wp-content\/uploads\/2025\/02\/chambrers-2025-daniel-300x165.png 300w, https:\/\/garbar.info\/wp-content\/uploads\/2025\/02\/chambrers-2025-daniel-1024x562.png 1024w, https:\/\/garbar.info\/wp-content\/uploads\/2025\/02\/chambrers-2025-daniel-768x421.png 768w, https:\/\/garbar.info\/wp-content\/uploads\/2025\/02\/chambrers-2025-daniel-1536x842.png 1536w, https:\/\/garbar.info\/wp-content\/uploads\/2025\/02\/chambrers-2025-daniel-18x10.png 18w\" sizes=\"(max-width: 1920px) 100vw, 1920px\" \/>\t\t\t\t\t\t<\/div>\r\n\t\t\t\t\t\t\t\t\t\t\t\t\t<div class=\"premium-blog-thumbnail-overlay\">\r\n\t\t\t\t\t\t\t\t<a class=\"elementor-icon\" href=\"https:\/\/garbar.info\/en\/daniel-garcia-barragan-l-ha-sido-reconocido-como-up-coming-individual-en-tres-areas-por-chambers-partners\/\" target=\"_self\"><span>Daniel Garc\u00eda Barrag\u00e1n L., ha sido reconocido como Up &amp; Coming Individual en tres \u00e1reas por Chambers &amp; Partners<\/span><\/a>\r\n\t\t\t\t\t\t\t<\/div>\r\n\r\n\t\t\t\t\t\t\t\t\t\t\t\t\t\t\t\t\t\t<\/div>\r\n\t\t\t\t\t\t\t\t\t\t\t\t<div class=\"premium-blog-content-wrapper\">\r\n\r\n\t\t\t\t\t<div class=\"premium-blog-inner-container\">\r\n\r\n\t\t\t\t\t\t\t\t\t\t\t\t\t\t<h2 class=\"premium-blog-entry-title\">\r\n\t\t\t<a href=\"https:\/\/garbar.info\/en\/daniel-garcia-barragan-l-ha-sido-reconocido-como-up-coming-individual-en-tres-areas-por-chambers-partners\/\" target=\"_self\">\r\n\t\t\t\tDaniel Garc\u00eda Barrag\u00e1n L., ha sido reconocido como Up &amp; Coming Individual en tres \u00e1reas por Chambers &amp; Partners\t\t\t<\/a>\r\n\t\t<\/h2>\r\n\t\t\t\t<div class=\"premium-blog-entry-meta\">\r\n\t\t\t\r\n\t\t\t\t\t\t\t<span class=\"premium-blog-meta-separator\">\u2022<\/span>\r\n\t\t\t\t<div class=\"premium-blog-post-time premium-blog-meta-data\">\r\n\t\t\t\t\t<i class=\"fa fa-calendar-alt\" aria-hidden=\"true\"><\/i>\r\n\t\t\t\t\t<span>18 de February de 2025<\/span>\r\n\t\t\t\t<\/div>\r\n\t\t\t\r\n\t\t\t\t\t\t\t<span class=\"premium-blog-meta-separator\">\u2022<\/span>\r\n\t\t\t\t<div class=\"premium-blog-post-categories premium-blog-meta-data\">\r\n\t\t\t\t\t<i class=\"fa fa-align-left fa-fw\" aria-hidden=\"true\"><\/i>\r\n\t\t\t\t\t<a href=\"https:\/\/garbar.info\/en\/category\/arbitraje\/\" rel=\"category tag\">Arbitration<\/a>\t\t\t\t<\/div>\r\n\t\t\t\r\n\t\t\t\t\t<\/div>\r\n\t\t\r\n\t\t\t\t\t<\/div>\r\n\r\n\t\t\t\t\t\t\t\t\t\t\r\n\t\t\t\t<\/div>\r\n\t\t\t<\/div>\r\n\t\t<\/div>\r\n\r\n\t\t\t\t<div class=\"premium-blog-post-outer-container propiedad-intelectual\" data-total=\"1\">\r\n\t\t\t<div class=\"premium-blog-post-container premium-blog-skin-classic\">\r\n\t\t\t\t\t\t\t\t\t<div class=\"premium-blog-thumb-effect-wrapper\">\r\n\t\t\t\t\t\t<div class=\"premium-blog-thumbnail-container premium-blog-zoomin-effect\">\r\n\t\t\t\t\t\t\t<img loading=\"lazy\" decoding=\"async\" width=\"1200\" height=\"675\" src=\"https:\/\/garbar.info\/wp-content\/uploads\/2025\/02\/Adriana-Lopez-Gonzalez-ha-sido-reconocida-en-la-Banda-4-en-el-area-de-Propiedad-Intelectual-por-Chambers-Partners.jpg\" class=\"attachment-full size-full wp-image-1222\" alt=\"\" srcset=\"https:\/\/garbar.info\/wp-content\/uploads\/2025\/02\/Adriana-Lopez-Gonzalez-ha-sido-reconocida-en-la-Banda-4-en-el-area-de-Propiedad-Intelectual-por-Chambers-Partners.jpg 1200w, https:\/\/garbar.info\/wp-content\/uploads\/2025\/02\/Adriana-Lopez-Gonzalez-ha-sido-reconocida-en-la-Banda-4-en-el-area-de-Propiedad-Intelectual-por-Chambers-Partners-300x169.jpg 300w, https:\/\/garbar.info\/wp-content\/uploads\/2025\/02\/Adriana-Lopez-Gonzalez-ha-sido-reconocida-en-la-Banda-4-en-el-area-de-Propiedad-Intelectual-por-Chambers-Partners-1024x576.jpg 1024w, https:\/\/garbar.info\/wp-content\/uploads\/2025\/02\/Adriana-Lopez-Gonzalez-ha-sido-reconocida-en-la-Banda-4-en-el-area-de-Propiedad-Intelectual-por-Chambers-Partners-768x432.jpg 768w, https:\/\/garbar.info\/wp-content\/uploads\/2025\/02\/Adriana-Lopez-Gonzalez-ha-sido-reconocida-en-la-Banda-4-en-el-area-de-Propiedad-Intelectual-por-Chambers-Partners-18x10.jpg 18w\" sizes=\"(max-width: 1200px) 100vw, 1200px\" \/>\t\t\t\t\t\t<\/div>\r\n\t\t\t\t\t\t\t\t\t\t\t\t\t<div class=\"premium-blog-thumbnail-overlay\">\r\n\t\t\t\t\t\t\t\t<a class=\"elementor-icon\" href=\"https:\/\/garbar.info\/en\/adriana-lopez-gonzalez-ha-sido-reconocida-en-la-banda-4-en-el-area-de-propiedad-intelectual-por-chambers-partners\/\" target=\"_self\"><span>Adriana L\u00f3pez Gonz\u00e1lez, ha sido reconocida en la Banda 4 en el \u00e1rea de Propiedad Intelectual por Chambers &amp; Partners<\/span><\/a>\r\n\t\t\t\t\t\t\t<\/div>\r\n\r\n\t\t\t\t\t\t\t\t\t\t\t\t\t\t\t\t\t\t<\/div>\r\n\t\t\t\t\t\t\t\t\t\t\t\t<div class=\"premium-blog-content-wrapper\">\r\n\r\n\t\t\t\t\t<div class=\"premium-blog-inner-container\">\r\n\r\n\t\t\t\t\t\t\t\t\t\t\t\t\t\t<h2 class=\"premium-blog-entry-title\">\r\n\t\t\t<a href=\"https:\/\/garbar.info\/en\/adriana-lopez-gonzalez-ha-sido-reconocida-en-la-banda-4-en-el-area-de-propiedad-intelectual-por-chambers-partners\/\" target=\"_self\">\r\n\t\t\t\tAdriana L\u00f3pez Gonz\u00e1lez, ha sido reconocida en la Banda 4 en el \u00e1rea de Propiedad Intelectual por Chambers &amp; Partners\t\t\t<\/a>\r\n\t\t<\/h2>\r\n\t\t\t\t<div class=\"premium-blog-entry-meta\">\r\n\t\t\t\r\n\t\t\t\t\t\t\t<span class=\"premium-blog-meta-separator\">\u2022<\/span>\r\n\t\t\t\t<div class=\"premium-blog-post-time premium-blog-meta-data\">\r\n\t\t\t\t\t<i class=\"fa fa-calendar-alt\" aria-hidden=\"true\"><\/i>\r\n\t\t\t\t\t<span>18 de February de 2025<\/span>\r\n\t\t\t\t<\/div>\r\n\t\t\t\r\n\t\t\t\t\t\t\t<span class=\"premium-blog-meta-separator\">\u2022<\/span>\r\n\t\t\t\t<div class=\"premium-blog-post-categories premium-blog-meta-data\">\r\n\t\t\t\t\t<i class=\"fa fa-align-left fa-fw\" aria-hidden=\"true\"><\/i>\r\n\t\t\t\t\t<a href=\"https:\/\/garbar.info\/en\/category\/propiedad-intelectual\/\" rel=\"category tag\">Intellectual Property<\/a>\t\t\t\t<\/div>\r\n\t\t\t\r\n\t\t\t\t\t<\/div>\r\n\t\t\r\n\t\t\t\t\t<\/div>\r\n\r\n\t\t\t\t\t\t\t\t\t\t\r\n\t\t\t\t<\/div>\r\n\t\t\t<\/div>\r\n\t\t<\/div>\r\n\r\n\t\t\t\t<div class=\"premium-blog-post-outer-container mercantil\" data-total=\"1\">\r\n\t\t\t<div class=\"premium-blog-post-container premium-blog-skin-classic\">\r\n\t\t\t\t\t\t\t\t\t<div class=\"premium-blog-thumb-effect-wrapper\">\r\n\t\t\t\t\t\t<div class=\"premium-blog-thumbnail-container premium-blog-zoomin-effect\">\r\n\t\t\t\t\t\t\t<img loading=\"lazy\" decoding=\"async\" width=\"1200\" height=\"675\" src=\"https:\/\/garbar.info\/wp-content\/uploads\/2025\/02\/Acuerdo-entre-el-instituto-mexicano-de-la-propiedad-industrial-y-la-comision-federal-para-la-proteccion-contra-riesgos-sanitarios.jpg\" class=\"attachment-full size-full wp-image-1186\" alt=\"\" srcset=\"https:\/\/garbar.info\/wp-content\/uploads\/2025\/02\/Acuerdo-entre-el-instituto-mexicano-de-la-propiedad-industrial-y-la-comision-federal-para-la-proteccion-contra-riesgos-sanitarios.jpg 1200w, https:\/\/garbar.info\/wp-content\/uploads\/2025\/02\/Acuerdo-entre-el-instituto-mexicano-de-la-propiedad-industrial-y-la-comision-federal-para-la-proteccion-contra-riesgos-sanitarios-300x169.jpg 300w, https:\/\/garbar.info\/wp-content\/uploads\/2025\/02\/Acuerdo-entre-el-instituto-mexicano-de-la-propiedad-industrial-y-la-comision-federal-para-la-proteccion-contra-riesgos-sanitarios-1024x576.jpg 1024w, https:\/\/garbar.info\/wp-content\/uploads\/2025\/02\/Acuerdo-entre-el-instituto-mexicano-de-la-propiedad-industrial-y-la-comision-federal-para-la-proteccion-contra-riesgos-sanitarios-768x432.jpg 768w, https:\/\/garbar.info\/wp-content\/uploads\/2025\/02\/Acuerdo-entre-el-instituto-mexicano-de-la-propiedad-industrial-y-la-comision-federal-para-la-proteccion-contra-riesgos-sanitarios-18x10.jpg 18w\" sizes=\"(max-width: 1200px) 100vw, 1200px\" \/>\t\t\t\t\t\t<\/div>\r\n\t\t\t\t\t\t\t\t\t\t\t\t\t<div class=\"premium-blog-thumbnail-overlay\">\r\n\t\t\t\t\t\t\t\t<a class=\"elementor-icon\" href=\"https:\/\/garbar.info\/en\/acuerdo-entre-el-instituto-mexicano-de-la-propiedad-industrial-y-la-comision-federal-para-la-proteccion-contra-riesgos-sanitarios\/\" target=\"_self\"><span>Acuerdo entre el Instituto Mexicano de la Propiedad Industrial y la Comisi\u00f3n Federal para la Protecci\u00f3n contra Riesgos Sanitarios<\/span><\/a>\r\n\t\t\t\t\t\t\t<\/div>\r\n\r\n\t\t\t\t\t\t\t\t\t\t\t\t\t\t\t\t\t\t<\/div>\r\n\t\t\t\t\t\t\t\t\t\t\t\t<div class=\"premium-blog-content-wrapper\">\r\n\r\n\t\t\t\t\t<div class=\"premium-blog-inner-container\">\r\n\r\n\t\t\t\t\t\t\t\t\t\t\t\t\t\t<h2 class=\"premium-blog-entry-title\">\r\n\t\t\t<a href=\"https:\/\/garbar.info\/en\/acuerdo-entre-el-instituto-mexicano-de-la-propiedad-industrial-y-la-comision-federal-para-la-proteccion-contra-riesgos-sanitarios\/\" target=\"_self\">\r\n\t\t\t\tAcuerdo entre el Instituto Mexicano de la Propiedad Industrial y la Comisi\u00f3n Federal para la Protecci\u00f3n contra Riesgos Sanitarios\t\t\t<\/a>\r\n\t\t<\/h2>\r\n\t\t\t\t<div class=\"premium-blog-entry-meta\">\r\n\t\t\t\r\n\t\t\t\t\t\t\t<span class=\"premium-blog-meta-separator\">\u2022<\/span>\r\n\t\t\t\t<div class=\"premium-blog-post-time premium-blog-meta-data\">\r\n\t\t\t\t\t<i class=\"fa fa-calendar-alt\" aria-hidden=\"true\"><\/i>\r\n\t\t\t\t\t<span>14 de February de 2025<\/span>\r\n\t\t\t\t<\/div>\r\n\t\t\t\r\n\t\t\t\t\t\t\t<span class=\"premium-blog-meta-separator\">\u2022<\/span>\r\n\t\t\t\t<div class=\"premium-blog-post-categories premium-blog-meta-data\">\r\n\t\t\t\t\t<i class=\"fa fa-align-left fa-fw\" aria-hidden=\"true\"><\/i>\r\n\t\t\t\t\t<a href=\"https:\/\/garbar.info\/en\/category\/mercantil\/\" rel=\"category tag\">Commercial Law<\/a>\t\t\t\t<\/div>\r\n\t\t\t\r\n\t\t\t\t\t<\/div>\r\n\t\t\r\n\t\t\t\t\t<\/div>\r\n\r\n\t\t\t\t\t\t\t\t\t\t\r\n\t\t\t\t<\/div>\r\n\t\t\t<\/div>\r\n\t\t<\/div>\r\n\r\n\t\t\t\t<div class=\"premium-blog-post-outer-container comercio-exterior-y-derecho-aduanero\" data-total=\"1\">\r\n\t\t\t<div class=\"premium-blog-post-container premium-blog-skin-classic\">\r\n\t\t\t\t\t\t\t\t\t<div class=\"premium-blog-thumb-effect-wrapper\">\r\n\t\t\t\t\t\t<div class=\"premium-blog-thumbnail-container premium-blog-zoomin-effect\">\r\n\t\t\t\t\t\t\t<img loading=\"lazy\" decoding=\"async\" width=\"1200\" height=\"675\" src=\"https:\/\/garbar.info\/wp-content\/uploads\/2025\/02\/Aranceles-ilegales-de-estados-unidos-a-mexico.jpg\" class=\"attachment-full size-full wp-image-1210\" alt=\"\" srcset=\"https:\/\/garbar.info\/wp-content\/uploads\/2025\/02\/Aranceles-ilegales-de-estados-unidos-a-mexico.jpg 1200w, https:\/\/garbar.info\/wp-content\/uploads\/2025\/02\/Aranceles-ilegales-de-estados-unidos-a-mexico-300x169.jpg 300w, https:\/\/garbar.info\/wp-content\/uploads\/2025\/02\/Aranceles-ilegales-de-estados-unidos-a-mexico-1024x576.jpg 1024w, https:\/\/garbar.info\/wp-content\/uploads\/2025\/02\/Aranceles-ilegales-de-estados-unidos-a-mexico-768x432.jpg 768w, https:\/\/garbar.info\/wp-content\/uploads\/2025\/02\/Aranceles-ilegales-de-estados-unidos-a-mexico-18x10.jpg 18w\" sizes=\"(max-width: 1200px) 100vw, 1200px\" \/>\t\t\t\t\t\t<\/div>\r\n\t\t\t\t\t\t\t\t\t\t\t\t\t<div class=\"premium-blog-thumbnail-overlay\">\r\n\t\t\t\t\t\t\t\t<a class=\"elementor-icon\" href=\"https:\/\/garbar.info\/en\/aranceles-ilegales-de-estados-unidos-a-mexico\/\" target=\"_self\"><span>Aranceles ilegales de Estados Unidos a M\u00e9xico<\/span><\/a>\r\n\t\t\t\t\t\t\t<\/div>\r\n\r\n\t\t\t\t\t\t\t\t\t\t\t\t\t\t\t\t\t\t<\/div>\r\n\t\t\t\t\t\t\t\t\t\t\t\t<div class=\"premium-blog-content-wrapper\">\r\n\r\n\t\t\t\t\t<div class=\"premium-blog-inner-container\">\r\n\r\n\t\t\t\t\t\t\t\t\t\t\t\t\t\t<h2 class=\"premium-blog-entry-title\">\r\n\t\t\t<a href=\"https:\/\/garbar.info\/en\/aranceles-ilegales-de-estados-unidos-a-mexico\/\" target=\"_self\">\r\n\t\t\t\tAranceles ilegales de Estados Unidos a M\u00e9xico\t\t\t<\/a>\r\n\t\t<\/h2>\r\n\t\t\t\t<div class=\"premium-blog-entry-meta\">\r\n\t\t\t\r\n\t\t\t\t\t\t\t<span class=\"premium-blog-meta-separator\">\u2022<\/span>\r\n\t\t\t\t<div class=\"premium-blog-post-time premium-blog-meta-data\">\r\n\t\t\t\t\t<i class=\"fa fa-calendar-alt\" aria-hidden=\"true\"><\/i>\r\n\t\t\t\t\t<span>5 de February de 2025<\/span>\r\n\t\t\t\t<\/div>\r\n\t\t\t\r\n\t\t\t\t\t\t\t<span class=\"premium-blog-meta-separator\">\u2022<\/span>\r\n\t\t\t\t<div class=\"premium-blog-post-categories premium-blog-meta-data\">\r\n\t\t\t\t\t<i class=\"fa fa-align-left fa-fw\" aria-hidden=\"true\"><\/i>\r\n\t\t\t\t\t<a href=\"https:\/\/garbar.info\/en\/category\/comercio-exterior-y-derecho-aduanero\/\" rel=\"category tag\">Foreign Trade and Customs Law<\/a>\t\t\t\t<\/div>\r\n\t\t\t\r\n\t\t\t\t\t<\/div>\r\n\t\t\r\n\t\t\t\t\t<\/div>\r\n\r\n\t\t\t\t\t\t\t\t\t\t\r\n\t\t\t\t<\/div>\r\n\t\t\t<\/div>\r\n\t\t<\/div>\r\n\r\n\t\t\t\t<div class=\"premium-blog-post-outer-container fiscal\" data-total=\"1\">\r\n\t\t\t<div class=\"premium-blog-post-container premium-blog-skin-classic\">\r\n\t\t\t\t\t\t\t\t\t<div class=\"premium-blog-thumb-effect-wrapper\">\r\n\t\t\t\t\t\t<div class=\"premium-blog-thumbnail-container premium-blog-zoomin-effect\">\r\n\t\t\t\t\t\t\t<img loading=\"lazy\" decoding=\"async\" width=\"1200\" height=\"675\" src=\"https:\/\/garbar.info\/wp-content\/uploads\/2025\/01\/garbar-plan-mexico.jpg\" class=\"attachment-full size-full wp-image-1166\" alt=\"\" srcset=\"https:\/\/garbar.info\/wp-content\/uploads\/2025\/01\/garbar-plan-mexico.jpg 1200w, https:\/\/garbar.info\/wp-content\/uploads\/2025\/01\/garbar-plan-mexico-300x169.jpg 300w, https:\/\/garbar.info\/wp-content\/uploads\/2025\/01\/garbar-plan-mexico-1024x576.jpg 1024w, https:\/\/garbar.info\/wp-content\/uploads\/2025\/01\/garbar-plan-mexico-768x432.jpg 768w, https:\/\/garbar.info\/wp-content\/uploads\/2025\/01\/garbar-plan-mexico-18x10.jpg 18w\" sizes=\"(max-width: 1200px) 100vw, 1200px\" \/>\t\t\t\t\t\t<\/div>\r\n\t\t\t\t\t\t\t\t\t\t\t\t\t<div class=\"premium-blog-thumbnail-overlay\">\r\n\t\t\t\t\t\t\t\t<a class=\"elementor-icon\" href=\"https:\/\/garbar.info\/en\/estrategia-nacional-denominada-plan-mexico\/\" target=\"_self\"><span>Decreto por el que se otorgan est\u00edmulos fiscales para apoyar la estrategia nacional denominada \u00abPlan M\u00e9xico\u00bb, para fomentar nuevas inversiones, que incentiven programas de capacitaci\u00f3n dual e impulsen la innovaci\u00f3n.<\/span><\/a>\r\n\t\t\t\t\t\t\t<\/div>\r\n\r\n\t\t\t\t\t\t\t\t\t\t\t\t\t\t\t\t\t\t<\/div>\r\n\t\t\t\t\t\t\t\t\t\t\t\t<div class=\"premium-blog-content-wrapper\">\r\n\r\n\t\t\t\t\t<div class=\"premium-blog-inner-container\">\r\n\r\n\t\t\t\t\t\t\t\t\t\t\t\t\t\t<h2 class=\"premium-blog-entry-title\">\r\n\t\t\t<a href=\"https:\/\/garbar.info\/en\/estrategia-nacional-denominada-plan-mexico\/\" target=\"_self\">\r\n\t\t\t\tDecreto por el que se otorgan est\u00edmulos fiscales para apoyar la estrategia nacional denominada \u00abPlan M\u00e9xico\u00bb, para fomentar nuevas inversiones, que incentiven programas de capacitaci\u00f3n dual e impulsen la innovaci\u00f3n.\t\t\t<\/a>\r\n\t\t<\/h2>\r\n\t\t\t\t<div class=\"premium-blog-entry-meta\">\r\n\t\t\t\r\n\t\t\t\t\t\t\t<span class=\"premium-blog-meta-separator\">\u2022<\/span>\r\n\t\t\t\t<div class=\"premium-blog-post-time premium-blog-meta-data\">\r\n\t\t\t\t\t<i class=\"fa fa-calendar-alt\" aria-hidden=\"true\"><\/i>\r\n\t\t\t\t\t<span>27 de January de 2025<\/span>\r\n\t\t\t\t<\/div>\r\n\t\t\t\r\n\t\t\t\t\t\t\t<span class=\"premium-blog-meta-separator\">\u2022<\/span>\r\n\t\t\t\t<div class=\"premium-blog-post-categories premium-blog-meta-data\">\r\n\t\t\t\t\t<i class=\"fa fa-align-left fa-fw\" aria-hidden=\"true\"><\/i>\r\n\t\t\t\t\t<a href=\"https:\/\/garbar.info\/en\/category\/fiscal\/\" rel=\"category tag\">Tax Law<\/a>\t\t\t\t<\/div>\r\n\t\t\t\r\n\t\t\t\t\t<\/div>\r\n\t\t\r\n\t\t\t\t\t<\/div>\r\n\r\n\t\t\t\t\t\t\t\t\t\t\r\n\t\t\t\t<\/div>\r\n\t\t\t<\/div>\r\n\t\t<\/div>\r\n\r\n\t\t\t\t<div class=\"premium-blog-post-outer-container propiedad-intelectual\" data-total=\"1\">\r\n\t\t\t<div class=\"premium-blog-post-container premium-blog-skin-classic\">\r\n\t\t\t\t\t\t\t\t\t<div class=\"premium-blog-thumb-effect-wrapper\">\r\n\t\t\t\t\t\t<div class=\"premium-blog-thumbnail-container premium-blog-zoomin-effect\">\r\n\t\t\t\t\t\t\t<img loading=\"lazy\" decoding=\"async\" width=\"1200\" height=\"675\" src=\"https:\/\/garbar.info\/wp-content\/uploads\/2025\/01\/derechos-de-autor-y-la-inteligencia-artificial.jpg\" class=\"attachment-full size-full wp-image-1086\" alt=\"\" srcset=\"https:\/\/garbar.info\/wp-content\/uploads\/2025\/01\/derechos-de-autor-y-la-inteligencia-artificial.jpg 1200w, https:\/\/garbar.info\/wp-content\/uploads\/2025\/01\/derechos-de-autor-y-la-inteligencia-artificial-300x169.jpg 300w, https:\/\/garbar.info\/wp-content\/uploads\/2025\/01\/derechos-de-autor-y-la-inteligencia-artificial-1024x576.jpg 1024w, https:\/\/garbar.info\/wp-content\/uploads\/2025\/01\/derechos-de-autor-y-la-inteligencia-artificial-768x432.jpg 768w, https:\/\/garbar.info\/wp-content\/uploads\/2025\/01\/derechos-de-autor-y-la-inteligencia-artificial-18x10.jpg 18w\" sizes=\"(max-width: 1200px) 100vw, 1200px\" \/>\t\t\t\t\t\t<\/div>\r\n\t\t\t\t\t\t\t\t\t\t\t\t\t<div class=\"premium-blog-thumbnail-overlay\">\r\n\t\t\t\t\t\t\t\t<a class=\"elementor-icon\" href=\"https:\/\/garbar.info\/en\/derechos-de-autor-y-la-inteligencia-artificial\/\" target=\"_self\"><span>Derechos de Autor y la Inteligencia Artificial<\/span><\/a>\r\n\t\t\t\t\t\t\t<\/div>\r\n\r\n\t\t\t\t\t\t\t\t\t\t\t\t\t\t\t\t\t\t<\/div>\r\n\t\t\t\t\t\t\t\t\t\t\t\t<div class=\"premium-blog-content-wrapper\">\r\n\r\n\t\t\t\t\t<div class=\"premium-blog-inner-container\">\r\n\r\n\t\t\t\t\t\t\t\t\t\t\t\t\t\t<h2 class=\"premium-blog-entry-title\">\r\n\t\t\t<a href=\"https:\/\/garbar.info\/en\/derechos-de-autor-y-la-inteligencia-artificial\/\" target=\"_self\">\r\n\t\t\t\tDerechos de Autor y la Inteligencia Artificial\t\t\t<\/a>\r\n\t\t<\/h2>\r\n\t\t\t\t<div class=\"premium-blog-entry-meta\">\r\n\t\t\t\r\n\t\t\t\t\t\t\t<span class=\"premium-blog-meta-separator\">\u2022<\/span>\r\n\t\t\t\t<div class=\"premium-blog-post-time premium-blog-meta-data\">\r\n\t\t\t\t\t<i class=\"fa fa-calendar-alt\" aria-hidden=\"true\"><\/i>\r\n\t\t\t\t\t<span>9 de January de 2025<\/span>\r\n\t\t\t\t<\/div>\r\n\t\t\t\r\n\t\t\t\t\t\t\t<span class=\"premium-blog-meta-separator\">\u2022<\/span>\r\n\t\t\t\t<div class=\"premium-blog-post-categories premium-blog-meta-data\">\r\n\t\t\t\t\t<i class=\"fa fa-align-left fa-fw\" aria-hidden=\"true\"><\/i>\r\n\t\t\t\t\t<a href=\"https:\/\/garbar.info\/en\/category\/propiedad-intelectual\/\" rel=\"category tag\">Intellectual Property<\/a>\t\t\t\t<\/div>\r\n\t\t\t\r\n\t\t\t\t\t<\/div>\r\n\t\t\r\n\t\t\t\t\t<\/div>\r\n\r\n\t\t\t\t\t\t\t\t\t\t\r\n\t\t\t\t<\/div>\r\n\t\t\t<\/div>\r\n\t\t<\/div>\r\n\r\n\t\t\t\t<div class=\"premium-blog-post-outer-container mercantil\" data-total=\"1\">\r\n\t\t\t<div class=\"premium-blog-post-container premium-blog-skin-classic\">\r\n\t\t\t\t\t\t\t\t\t<div class=\"premium-blog-thumb-effect-wrapper\">\r\n\t\t\t\t\t\t<div class=\"premium-blog-thumbnail-container premium-blog-zoomin-effect\">\r\n\t\t\t\t\t\t\t<img loading=\"lazy\" decoding=\"async\" width=\"1200\" height=\"675\" src=\"https:\/\/garbar.info\/wp-content\/uploads\/2024\/10\/Reforma-al-Codigo-Civil-de-la-Ciudad-de-Mexico-y-la-Ley-del-Notariado-para-la-Ciudad-de-Mexico-en-Materia-de-Actos-Juridicos-Digitales.jpg\" class=\"attachment-full size-full wp-image-1072\" alt=\"\" srcset=\"https:\/\/garbar.info\/wp-content\/uploads\/2024\/10\/Reforma-al-Codigo-Civil-de-la-Ciudad-de-Mexico-y-la-Ley-del-Notariado-para-la-Ciudad-de-Mexico-en-Materia-de-Actos-Juridicos-Digitales.jpg 1200w, https:\/\/garbar.info\/wp-content\/uploads\/2024\/10\/Reforma-al-Codigo-Civil-de-la-Ciudad-de-Mexico-y-la-Ley-del-Notariado-para-la-Ciudad-de-Mexico-en-Materia-de-Actos-Juridicos-Digitales-300x169.jpg 300w, https:\/\/garbar.info\/wp-content\/uploads\/2024\/10\/Reforma-al-Codigo-Civil-de-la-Ciudad-de-Mexico-y-la-Ley-del-Notariado-para-la-Ciudad-de-Mexico-en-Materia-de-Actos-Juridicos-Digitales-1024x576.jpg 1024w, https:\/\/garbar.info\/wp-content\/uploads\/2024\/10\/Reforma-al-Codigo-Civil-de-la-Ciudad-de-Mexico-y-la-Ley-del-Notariado-para-la-Ciudad-de-Mexico-en-Materia-de-Actos-Juridicos-Digitales-768x432.jpg 768w, https:\/\/garbar.info\/wp-content\/uploads\/2024\/10\/Reforma-al-Codigo-Civil-de-la-Ciudad-de-Mexico-y-la-Ley-del-Notariado-para-la-Ciudad-de-Mexico-en-Materia-de-Actos-Juridicos-Digitales-18x10.jpg 18w\" sizes=\"(max-width: 1200px) 100vw, 1200px\" \/>\t\t\t\t\t\t<\/div>\r\n\t\t\t\t\t\t\t\t\t\t\t\t\t<div class=\"premium-blog-thumbnail-overlay\">\r\n\t\t\t\t\t\t\t\t<a class=\"elementor-icon\" href=\"https:\/\/garbar.info\/en\/reforma-al-codigo-civil-de-la-ciudad-de-mexico-y-la-ley-del-notariado-para-la-ciudad-de-mexico-en-materia-de-actos-juridicos-digitales\/\" target=\"_self\"><span>Reform to the Civil Code of Mexico City and the Notarial Law for Mexico City in the Matter of Digital Legal Acts<\/span><\/a>\r\n\t\t\t\t\t\t\t<\/div>\r\n\r\n\t\t\t\t\t\t\t\t\t\t\t\t\t\t\t\t\t\t<\/div>\r\n\t\t\t\t\t\t\t\t\t\t\t\t<div class=\"premium-blog-content-wrapper\">\r\n\r\n\t\t\t\t\t<div class=\"premium-blog-inner-container\">\r\n\r\n\t\t\t\t\t\t\t\t\t\t\t\t\t\t<h2 class=\"premium-blog-entry-title\">\r\n\t\t\t<a href=\"https:\/\/garbar.info\/en\/reforma-al-codigo-civil-de-la-ciudad-de-mexico-y-la-ley-del-notariado-para-la-ciudad-de-mexico-en-materia-de-actos-juridicos-digitales\/\" target=\"_self\">\r\n\t\t\t\tReform to the Civil Code of Mexico City and the Notarial Law for Mexico City in the Matter of Digital Legal Acts\t\t\t<\/a>\r\n\t\t<\/h2>\r\n\t\t\t\t<div class=\"premium-blog-entry-meta\">\r\n\t\t\t\r\n\t\t\t\t\t\t\t<span class=\"premium-blog-meta-separator\">\u2022<\/span>\r\n\t\t\t\t<div class=\"premium-blog-post-time premium-blog-meta-data\">\r\n\t\t\t\t\t<i class=\"fa fa-calendar-alt\" aria-hidden=\"true\"><\/i>\r\n\t\t\t\t\t<span>9 de October de 2024<\/span>\r\n\t\t\t\t<\/div>\r\n\t\t\t\r\n\t\t\t\t\t\t\t<span class=\"premium-blog-meta-separator\">\u2022<\/span>\r\n\t\t\t\t<div class=\"premium-blog-post-categories premium-blog-meta-data\">\r\n\t\t\t\t\t<i class=\"fa fa-align-left fa-fw\" aria-hidden=\"true\"><\/i>\r\n\t\t\t\t\t<a href=\"https:\/\/garbar.info\/en\/category\/mercantil\/\" rel=\"category tag\">Commercial Law<\/a>\t\t\t\t<\/div>\r\n\t\t\t\r\n\t\t\t\t\t<\/div>\r\n\t\t\r\n\t\t\t\t\t<\/div>\r\n\r\n\t\t\t\t\t\t\t\t\t\t\r\n\t\t\t\t<\/div>\r\n\t\t\t<\/div>\r\n\t\t<\/div>\r\n\r\n\t\t\t\t<div class=\"premium-blog-post-outer-container administrativo\" data-total=\"1\">\r\n\t\t\t<div class=\"premium-blog-post-container premium-blog-skin-classic\">\r\n\t\t\t\t\t\t\t\t\t<div class=\"premium-blog-thumb-effect-wrapper\">\r\n\t\t\t\t\t\t<div class=\"premium-blog-thumbnail-container premium-blog-zoomin-effect\">\r\n\t\t\t\t\t\t\t<img loading=\"lazy\" decoding=\"async\" width=\"1200\" height=\"675\" src=\"https:\/\/garbar.info\/wp-content\/uploads\/2024\/10\/Best-Lawyers-reconoce-a-Garcia-Barragan-Abogados-en-8-distintas-areas-de-practica.jpg\" class=\"attachment-full size-full wp-image-1008\" alt=\"\" srcset=\"https:\/\/garbar.info\/wp-content\/uploads\/2024\/10\/Best-Lawyers-reconoce-a-Garcia-Barragan-Abogados-en-8-distintas-areas-de-practica.jpg 1200w, https:\/\/garbar.info\/wp-content\/uploads\/2024\/10\/Best-Lawyers-reconoce-a-Garcia-Barragan-Abogados-en-8-distintas-areas-de-practica-300x169.jpg 300w, https:\/\/garbar.info\/wp-content\/uploads\/2024\/10\/Best-Lawyers-reconoce-a-Garcia-Barragan-Abogados-en-8-distintas-areas-de-practica-1024x576.jpg 1024w, https:\/\/garbar.info\/wp-content\/uploads\/2024\/10\/Best-Lawyers-reconoce-a-Garcia-Barragan-Abogados-en-8-distintas-areas-de-practica-768x432.jpg 768w, https:\/\/garbar.info\/wp-content\/uploads\/2024\/10\/Best-Lawyers-reconoce-a-Garcia-Barragan-Abogados-en-8-distintas-areas-de-practica-18x10.jpg 18w\" sizes=\"(max-width: 1200px) 100vw, 1200px\" \/>\t\t\t\t\t\t<\/div>\r\n\t\t\t\t\t\t\t\t\t\t\t\t\t<div class=\"premium-blog-thumbnail-overlay\">\r\n\t\t\t\t\t\t\t\t<a class=\"elementor-icon\" href=\"https:\/\/garbar.info\/en\/best-lawyers-reconoce-a-garcia-barragan-abogados-en-8-distintas-areas-de-practica\/\" target=\"_self\"><span>Best Lawyers recognizes Garc\u00eda Barrag\u00e1n Abogados in 8 different practice areas.<\/span><\/a>\r\n\t\t\t\t\t\t\t<\/div>\r\n\r\n\t\t\t\t\t\t\t\t\t\t\t\t\t\t\t\t\t\t<\/div>\r\n\t\t\t\t\t\t\t\t\t\t\t\t<div class=\"premium-blog-content-wrapper\">\r\n\r\n\t\t\t\t\t<div class=\"premium-blog-inner-container\">\r\n\r\n\t\t\t\t\t\t\t\t\t\t\t\t\t\t<h2 class=\"premium-blog-entry-title\">\r\n\t\t\t<a href=\"https:\/\/garbar.info\/en\/best-lawyers-reconoce-a-garcia-barragan-abogados-en-8-distintas-areas-de-practica\/\" target=\"_self\">\r\n\t\t\t\tBest Lawyers recognizes Garc\u00eda Barrag\u00e1n Abogados in 8 different practice areas.\t\t\t<\/a>\r\n\t\t<\/h2>\r\n\t\t\t\t<div class=\"premium-blog-entry-meta\">\r\n\t\t\t\r\n\t\t\t\t\t\t\t<span class=\"premium-blog-meta-separator\">\u2022<\/span>\r\n\t\t\t\t<div class=\"premium-blog-post-time premium-blog-meta-data\">\r\n\t\t\t\t\t<i class=\"fa fa-calendar-alt\" aria-hidden=\"true\"><\/i>\r\n\t\t\t\t\t<span>4 de October de 2024<\/span>\r\n\t\t\t\t<\/div>\r\n\t\t\t\r\n\t\t\t\t\t\t\t<span class=\"premium-blog-meta-separator\">\u2022<\/span>\r\n\t\t\t\t<div class=\"premium-blog-post-categories premium-blog-meta-data\">\r\n\t\t\t\t\t<i class=\"fa fa-align-left fa-fw\" aria-hidden=\"true\"><\/i>\r\n\t\t\t\t\t<a href=\"https:\/\/garbar.info\/en\/category\/administrativo\/\" rel=\"category tag\">Administrative<\/a>\t\t\t\t<\/div>\r\n\t\t\t\r\n\t\t\t\t\t<\/div>\r\n\t\t\r\n\t\t\t\t\t<\/div>\r\n\r\n\t\t\t\t\t\t\t\t\t\t\r\n\t\t\t\t<\/div>\r\n\t\t\t<\/div>\r\n\t\t<\/div>\r\n\r\n\t\t\t\t<div class=\"premium-blog-post-outer-container laboral-y-seguridad-social\" data-total=\"1\">\r\n\t\t\t<div class=\"premium-blog-post-container premium-blog-skin-classic\">\r\n\t\t\t\t\t\t\t\t\t<div class=\"premium-blog-thumb-effect-wrapper\">\r\n\t\t\t\t\t\t<div class=\"premium-blog-thumbnail-container premium-blog-zoomin-effect\">\r\n\t\t\t\t\t\t\t<img loading=\"lazy\" decoding=\"async\" width=\"1200\" height=\"675\" src=\"https:\/\/garbar.info\/wp-content\/uploads\/2024\/10\/Jurisprudencia-sobre-la-actividad-aseguradora-emitida-por-la-Corte-Interamericana-de-Derechos-Humanos.jpg\" class=\"attachment-full size-full wp-image-1002\" alt=\"\" srcset=\"https:\/\/garbar.info\/wp-content\/uploads\/2024\/10\/Jurisprudencia-sobre-la-actividad-aseguradora-emitida-por-la-Corte-Interamericana-de-Derechos-Humanos.jpg 1200w, https:\/\/garbar.info\/wp-content\/uploads\/2024\/10\/Jurisprudencia-sobre-la-actividad-aseguradora-emitida-por-la-Corte-Interamericana-de-Derechos-Humanos-300x169.jpg 300w, https:\/\/garbar.info\/wp-content\/uploads\/2024\/10\/Jurisprudencia-sobre-la-actividad-aseguradora-emitida-por-la-Corte-Interamericana-de-Derechos-Humanos-1024x576.jpg 1024w, https:\/\/garbar.info\/wp-content\/uploads\/2024\/10\/Jurisprudencia-sobre-la-actividad-aseguradora-emitida-por-la-Corte-Interamericana-de-Derechos-Humanos-768x432.jpg 768w, https:\/\/garbar.info\/wp-content\/uploads\/2024\/10\/Jurisprudencia-sobre-la-actividad-aseguradora-emitida-por-la-Corte-Interamericana-de-Derechos-Humanos-18x10.jpg 18w\" sizes=\"(max-width: 1200px) 100vw, 1200px\" \/>\t\t\t\t\t\t<\/div>\r\n\t\t\t\t\t\t\t\t\t\t\t\t\t<div class=\"premium-blog-thumbnail-overlay\">\r\n\t\t\t\t\t\t\t\t<a class=\"elementor-icon\" href=\"https:\/\/garbar.info\/en\/jurisprudencia-sobre-la-actividad-aseguradora-emitida-por-la-corte-interamericana-de-derechos-humanos\/\" target=\"_self\"><span>Jurisprudence on insurance activity issued by the Inter-American Court of Human Rights<\/span><\/a>\r\n\t\t\t\t\t\t\t<\/div>\r\n\r\n\t\t\t\t\t\t\t\t\t\t\t\t\t\t\t\t\t\t<\/div>\r\n\t\t\t\t\t\t\t\t\t\t\t\t<div class=\"premium-blog-content-wrapper\">\r\n\r\n\t\t\t\t\t<div class=\"premium-blog-inner-container\">\r\n\r\n\t\t\t\t\t\t\t\t\t\t\t\t\t\t<h2 class=\"premium-blog-entry-title\">\r\n\t\t\t<a href=\"https:\/\/garbar.info\/en\/jurisprudencia-sobre-la-actividad-aseguradora-emitida-por-la-corte-interamericana-de-derechos-humanos\/\" target=\"_self\">\r\n\t\t\t\tJurisprudence on insurance activity issued by the Inter-American Court of Human Rights\t\t\t<\/a>\r\n\t\t<\/h2>\r\n\t\t\t\t<div class=\"premium-blog-entry-meta\">\r\n\t\t\t\r\n\t\t\t\t\t\t\t<span class=\"premium-blog-meta-separator\">\u2022<\/span>\r\n\t\t\t\t<div class=\"premium-blog-post-time premium-blog-meta-data\">\r\n\t\t\t\t\t<i class=\"fa fa-calendar-alt\" aria-hidden=\"true\"><\/i>\r\n\t\t\t\t\t<span>4 de October de 2024<\/span>\r\n\t\t\t\t<\/div>\r\n\t\t\t\r\n\t\t\t\t\t\t\t<span class=\"premium-blog-meta-separator\">\u2022<\/span>\r\n\t\t\t\t<div class=\"premium-blog-post-categories premium-blog-meta-data\">\r\n\t\t\t\t\t<i class=\"fa fa-align-left fa-fw\" aria-hidden=\"true\"><\/i>\r\n\t\t\t\t\t<a href=\"https:\/\/garbar.info\/en\/category\/laboral-y-seguridad-social\/\" rel=\"category tag\">Labor and Social Security<\/a>\t\t\t\t<\/div>\r\n\t\t\t\r\n\t\t\t\t\t<\/div>\r\n\t\t\r\n\t\t\t\t\t<\/div>\r\n\r\n\t\t\t\t\t\t\t\t\t\t\r\n\t\t\t\t<\/div>\r\n\t\t\t<\/div>\r\n\t\t<\/div>\r\n\r\n\t\t\t\t<div class=\"premium-blog-post-outer-container fiscal\" data-total=\"1\">\r\n\t\t\t<div class=\"premium-blog-post-container premium-blog-skin-classic\">\r\n\t\t\t\t\t\t\t\t\t<div class=\"premium-blog-thumb-effect-wrapper\">\r\n\t\t\t\t\t\t<div class=\"premium-blog-thumbnail-container premium-blog-zoomin-effect\">\r\n\t\t\t\t\t\t\t<img loading=\"lazy\" decoding=\"async\" width=\"1200\" height=\"675\" src=\"https:\/\/garbar.info\/wp-content\/uploads\/2024\/10\/Reforma-fiscal-en-materia-de-deducciones-de-creditos-incobrables.jpg\" class=\"attachment-full size-full wp-image-996\" alt=\"\" srcset=\"https:\/\/garbar.info\/wp-content\/uploads\/2024\/10\/Reforma-fiscal-en-materia-de-deducciones-de-creditos-incobrables.jpg 1200w, https:\/\/garbar.info\/wp-content\/uploads\/2024\/10\/Reforma-fiscal-en-materia-de-deducciones-de-creditos-incobrables-300x169.jpg 300w, https:\/\/garbar.info\/wp-content\/uploads\/2024\/10\/Reforma-fiscal-en-materia-de-deducciones-de-creditos-incobrables-1024x576.jpg 1024w, https:\/\/garbar.info\/wp-content\/uploads\/2024\/10\/Reforma-fiscal-en-materia-de-deducciones-de-creditos-incobrables-768x432.jpg 768w, https:\/\/garbar.info\/wp-content\/uploads\/2024\/10\/Reforma-fiscal-en-materia-de-deducciones-de-creditos-incobrables-18x10.jpg 18w\" sizes=\"(max-width: 1200px) 100vw, 1200px\" \/>\t\t\t\t\t\t<\/div>\r\n\t\t\t\t\t\t\t\t\t\t\t\t\t<div class=\"premium-blog-thumbnail-overlay\">\r\n\t\t\t\t\t\t\t\t<a class=\"elementor-icon\" href=\"https:\/\/garbar.info\/en\/reforma-fiscal-en-materia-de-deducciones-de-creditos-incobrables\/\" target=\"_self\"><span>Tax reform on deductions for bad debts<\/span><\/a>\r\n\t\t\t\t\t\t\t<\/div>\r\n\r\n\t\t\t\t\t\t\t\t\t\t\t\t\t\t\t\t\t\t<\/div>\r\n\t\t\t\t\t\t\t\t\t\t\t\t<div class=\"premium-blog-content-wrapper\">\r\n\r\n\t\t\t\t\t<div class=\"premium-blog-inner-container\">\r\n\r\n\t\t\t\t\t\t\t\t\t\t\t\t\t\t<h2 class=\"premium-blog-entry-title\">\r\n\t\t\t<a href=\"https:\/\/garbar.info\/en\/reforma-fiscal-en-materia-de-deducciones-de-creditos-incobrables\/\" target=\"_self\">\r\n\t\t\t\tTax reform on deductions for bad debts\t\t\t<\/a>\r\n\t\t<\/h2>\r\n\t\t\t\t<div class=\"premium-blog-entry-meta\">\r\n\t\t\t\r\n\t\t\t\t\t\t\t<span class=\"premium-blog-meta-separator\">\u2022<\/span>\r\n\t\t\t\t<div class=\"premium-blog-post-time premium-blog-meta-data\">\r\n\t\t\t\t\t<i class=\"fa fa-calendar-alt\" aria-hidden=\"true\"><\/i>\r\n\t\t\t\t\t<span>4 de October de 2024<\/span>\r\n\t\t\t\t<\/div>\r\n\t\t\t\r\n\t\t\t\t\t\t\t<span class=\"premium-blog-meta-separator\">\u2022<\/span>\r\n\t\t\t\t<div class=\"premium-blog-post-categories premium-blog-meta-data\">\r\n\t\t\t\t\t<i class=\"fa fa-align-left fa-fw\" aria-hidden=\"true\"><\/i>\r\n\t\t\t\t\t<a href=\"https:\/\/garbar.info\/en\/category\/fiscal\/\" rel=\"category tag\">Tax Law<\/a>\t\t\t\t<\/div>\r\n\t\t\t\r\n\t\t\t\t\t<\/div>\r\n\t\t\r\n\t\t\t\t\t<\/div>\r\n\r\n\t\t\t\t\t\t\t\t\t\t\r\n\t\t\t\t<\/div>\r\n\t\t\t<\/div>\r\n\t\t<\/div>\r\n\r\n\t\t\t\t<div class=\"premium-blog-post-outer-container energia-y-recursos-naturales\" data-total=\"1\">\r\n\t\t\t<div class=\"premium-blog-post-container premium-blog-skin-classic\">\r\n\t\t\t\t\t\t\t\t\t<div class=\"premium-blog-thumb-effect-wrapper\">\r\n\t\t\t\t\t\t<div class=\"premium-blog-thumbnail-container premium-blog-zoomin-effect\">\r\n\t\t\t\t\t\t\t<img loading=\"lazy\" decoding=\"async\" width=\"1200\" height=\"675\" src=\"https:\/\/garbar.info\/wp-content\/uploads\/2024\/10\/Analisis-de-la-Iniciativa-en-materia-Energetica.jpg\" class=\"attachment-full size-full wp-image-990\" alt=\"\" srcset=\"https:\/\/garbar.info\/wp-content\/uploads\/2024\/10\/Analisis-de-la-Iniciativa-en-materia-Energetica.jpg 1200w, https:\/\/garbar.info\/wp-content\/uploads\/2024\/10\/Analisis-de-la-Iniciativa-en-materia-Energetica-300x169.jpg 300w, https:\/\/garbar.info\/wp-content\/uploads\/2024\/10\/Analisis-de-la-Iniciativa-en-materia-Energetica-1024x576.jpg 1024w, https:\/\/garbar.info\/wp-content\/uploads\/2024\/10\/Analisis-de-la-Iniciativa-en-materia-Energetica-768x432.jpg 768w, https:\/\/garbar.info\/wp-content\/uploads\/2024\/10\/Analisis-de-la-Iniciativa-en-materia-Energetica-18x10.jpg 18w\" sizes=\"(max-width: 1200px) 100vw, 1200px\" \/>\t\t\t\t\t\t<\/div>\r\n\t\t\t\t\t\t\t\t\t\t\t\t\t<div class=\"premium-blog-thumbnail-overlay\">\r\n\t\t\t\t\t\t\t\t<a class=\"elementor-icon\" href=\"https:\/\/garbar.info\/en\/analisis-de-la-iniciativa-en-materia-energetica\/\" target=\"_self\"><span>Analysis of the Energy Initiative<\/span><\/a>\r\n\t\t\t\t\t\t\t<\/div>\r\n\r\n\t\t\t\t\t\t\t\t\t\t\t\t\t\t\t\t\t\t<\/div>\r\n\t\t\t\t\t\t\t\t\t\t\t\t<div class=\"premium-blog-content-wrapper\">\r\n\r\n\t\t\t\t\t<div class=\"premium-blog-inner-container\">\r\n\r\n\t\t\t\t\t\t\t\t\t\t\t\t\t\t<h2 class=\"premium-blog-entry-title\">\r\n\t\t\t<a href=\"https:\/\/garbar.info\/en\/analisis-de-la-iniciativa-en-materia-energetica\/\" target=\"_self\">\r\n\t\t\t\tAnalysis of the Energy Initiative\t\t\t<\/a>\r\n\t\t<\/h2>\r\n\t\t\t\t<div class=\"premium-blog-entry-meta\">\r\n\t\t\t\r\n\t\t\t\t\t\t\t<span class=\"premium-blog-meta-separator\">\u2022<\/span>\r\n\t\t\t\t<div class=\"premium-blog-post-time premium-blog-meta-data\">\r\n\t\t\t\t\t<i class=\"fa fa-calendar-alt\" aria-hidden=\"true\"><\/i>\r\n\t\t\t\t\t<span>4 de October de 2024<\/span>\r\n\t\t\t\t<\/div>\r\n\t\t\t\r\n\t\t\t\t\t\t\t<span class=\"premium-blog-meta-separator\">\u2022<\/span>\r\n\t\t\t\t<div class=\"premium-blog-post-categories premium-blog-meta-data\">\r\n\t\t\t\t\t<i class=\"fa fa-align-left fa-fw\" aria-hidden=\"true\"><\/i>\r\n\t\t\t\t\t<a href=\"https:\/\/garbar.info\/en\/category\/energia-y-recursos-naturales\/\" rel=\"category tag\">Energy<\/a>\t\t\t\t<\/div>\r\n\t\t\t\r\n\t\t\t\t\t<\/div>\r\n\t\t\r\n\t\t\t\t\t<\/div>\r\n\r\n\t\t\t\t\t\t\t\t\t\t\r\n\t\t\t\t<\/div>\r\n\t\t\t<\/div>\r\n\t\t<\/div>\r\n\r\n\t\t\t\t<div class=\"premium-blog-post-outer-container laboral-y-seguridad-social\" data-total=\"1\">\r\n\t\t\t<div class=\"premium-blog-post-container premium-blog-skin-classic\">\r\n\t\t\t\t\t\t\t\t\t<div class=\"premium-blog-thumb-effect-wrapper\">\r\n\t\t\t\t\t\t<div class=\"premium-blog-thumbnail-container premium-blog-zoomin-effect\">\r\n\t\t\t\t\t\t\t<img loading=\"lazy\" decoding=\"async\" width=\"1200\" height=\"675\" src=\"https:\/\/garbar.info\/wp-content\/uploads\/2024\/10\/Decreto-por-el-que-se-reforman-adicionan-y-derogan-diversas-disposiciones-de-la-Ley-Federal-del-Trabajo.jpg\" class=\"attachment-full size-full wp-image-981\" alt=\"\" srcset=\"https:\/\/garbar.info\/wp-content\/uploads\/2024\/10\/Decreto-por-el-que-se-reforman-adicionan-y-derogan-diversas-disposiciones-de-la-Ley-Federal-del-Trabajo.jpg 1200w, https:\/\/garbar.info\/wp-content\/uploads\/2024\/10\/Decreto-por-el-que-se-reforman-adicionan-y-derogan-diversas-disposiciones-de-la-Ley-Federal-del-Trabajo-300x169.jpg 300w, https:\/\/garbar.info\/wp-content\/uploads\/2024\/10\/Decreto-por-el-que-se-reforman-adicionan-y-derogan-diversas-disposiciones-de-la-Ley-Federal-del-Trabajo-1024x576.jpg 1024w, https:\/\/garbar.info\/wp-content\/uploads\/2024\/10\/Decreto-por-el-que-se-reforman-adicionan-y-derogan-diversas-disposiciones-de-la-Ley-Federal-del-Trabajo-768x432.jpg 768w, https:\/\/garbar.info\/wp-content\/uploads\/2024\/10\/Decreto-por-el-que-se-reforman-adicionan-y-derogan-diversas-disposiciones-de-la-Ley-Federal-del-Trabajo-18x10.jpg 18w\" sizes=\"(max-width: 1200px) 100vw, 1200px\" \/>\t\t\t\t\t\t<\/div>\r\n\t\t\t\t\t\t\t\t\t\t\t\t\t<div class=\"premium-blog-thumbnail-overlay\">\r\n\t\t\t\t\t\t\t\t<a class=\"elementor-icon\" href=\"https:\/\/garbar.info\/en\/decreto-por-el-que-se-reforman-adicionan-y-derogan-diversas-disposiciones-de-la-ley-federal-del-trabajo\/\" target=\"_self\"><span>Decree amending, adding and repealing various provisions of the Federal Labor Law<\/span><\/a>\r\n\t\t\t\t\t\t\t<\/div>\r\n\r\n\t\t\t\t\t\t\t\t\t\t\t\t\t\t\t\t\t\t<\/div>\r\n\t\t\t\t\t\t\t\t\t\t\t\t<div class=\"premium-blog-content-wrapper\">\r\n\r\n\t\t\t\t\t<div class=\"premium-blog-inner-container\">\r\n\r\n\t\t\t\t\t\t\t\t\t\t\t\t\t\t<h2 class=\"premium-blog-entry-title\">\r\n\t\t\t<a href=\"https:\/\/garbar.info\/en\/decreto-por-el-que-se-reforman-adicionan-y-derogan-diversas-disposiciones-de-la-ley-federal-del-trabajo\/\" target=\"_self\">\r\n\t\t\t\tDecree amending, adding and repealing various provisions of the Federal Labor Law\t\t\t<\/a>\r\n\t\t<\/h2>\r\n\t\t\t\t<div class=\"premium-blog-entry-meta\">\r\n\t\t\t\r\n\t\t\t\t\t\t\t<span class=\"premium-blog-meta-separator\">\u2022<\/span>\r\n\t\t\t\t<div class=\"premium-blog-post-time premium-blog-meta-data\">\r\n\t\t\t\t\t<i class=\"fa fa-calendar-alt\" aria-hidden=\"true\"><\/i>\r\n\t\t\t\t\t<span>4 de October de 2024<\/span>\r\n\t\t\t\t<\/div>\r\n\t\t\t\r\n\t\t\t\t\t\t\t<span class=\"premium-blog-meta-separator\">\u2022<\/span>\r\n\t\t\t\t<div class=\"premium-blog-post-categories premium-blog-meta-data\">\r\n\t\t\t\t\t<i class=\"fa fa-align-left fa-fw\" aria-hidden=\"true\"><\/i>\r\n\t\t\t\t\t<a href=\"https:\/\/garbar.info\/en\/category\/laboral-y-seguridad-social\/\" rel=\"category tag\">Labor and Social Security<\/a>\t\t\t\t<\/div>\r\n\t\t\t\r\n\t\t\t\t\t<\/div>\r\n\t\t\r\n\t\t\t\t\t<\/div>\r\n\r\n\t\t\t\t\t\t\t\t\t\t\r\n\t\t\t\t<\/div>\r\n\t\t\t<\/div>\r\n\t\t<\/div>\r\n\r\n\t\t\t\t<div class=\"premium-blog-post-outer-container propiedad-intelectual\" data-total=\"1\">\r\n\t\t\t<div class=\"premium-blog-post-container premium-blog-skin-classic\">\r\n\t\t\t\t\t\t\t\t\t<div class=\"premium-blog-thumb-effect-wrapper\">\r\n\t\t\t\t\t\t<div class=\"premium-blog-thumbnail-container premium-blog-zoomin-effect\">\r\n\t\t\t\t\t\t\t<img loading=\"lazy\" decoding=\"async\" width=\"1200\" height=\"675\" src=\"https:\/\/garbar.info\/wp-content\/uploads\/2024\/10\/Declaracion-de-uso-real-y-efectivo-de-los-registros-de-marcas-o-avisos-comerciales.jpg\" class=\"attachment-full size-full wp-image-975\" alt=\"\" srcset=\"https:\/\/garbar.info\/wp-content\/uploads\/2024\/10\/Declaracion-de-uso-real-y-efectivo-de-los-registros-de-marcas-o-avisos-comerciales.jpg 1200w, https:\/\/garbar.info\/wp-content\/uploads\/2024\/10\/Declaracion-de-uso-real-y-efectivo-de-los-registros-de-marcas-o-avisos-comerciales-300x169.jpg 300w, https:\/\/garbar.info\/wp-content\/uploads\/2024\/10\/Declaracion-de-uso-real-y-efectivo-de-los-registros-de-marcas-o-avisos-comerciales-1024x576.jpg 1024w, https:\/\/garbar.info\/wp-content\/uploads\/2024\/10\/Declaracion-de-uso-real-y-efectivo-de-los-registros-de-marcas-o-avisos-comerciales-768x432.jpg 768w, https:\/\/garbar.info\/wp-content\/uploads\/2024\/10\/Declaracion-de-uso-real-y-efectivo-de-los-registros-de-marcas-o-avisos-comerciales-18x10.jpg 18w\" sizes=\"(max-width: 1200px) 100vw, 1200px\" \/>\t\t\t\t\t\t<\/div>\r\n\t\t\t\t\t\t\t\t\t\t\t\t\t<div class=\"premium-blog-thumbnail-overlay\">\r\n\t\t\t\t\t\t\t\t<a class=\"elementor-icon\" href=\"https:\/\/garbar.info\/en\/declaracion-de-uso-real-y-efectivo-de-los-registros-de-marcas-o-avisos-comerciales\/\" target=\"_self\"><span>Declaration of actual and effective use of trademark registrations or commercial notices.<\/span><\/a>\r\n\t\t\t\t\t\t\t<\/div>\r\n\r\n\t\t\t\t\t\t\t\t\t\t\t\t\t\t\t\t\t\t<\/div>\r\n\t\t\t\t\t\t\t\t\t\t\t\t<div class=\"premium-blog-content-wrapper\">\r\n\r\n\t\t\t\t\t<div class=\"premium-blog-inner-container\">\r\n\r\n\t\t\t\t\t\t\t\t\t\t\t\t\t\t<h2 class=\"premium-blog-entry-title\">\r\n\t\t\t<a href=\"https:\/\/garbar.info\/en\/declaracion-de-uso-real-y-efectivo-de-los-registros-de-marcas-o-avisos-comerciales\/\" target=\"_self\">\r\n\t\t\t\tDeclaration of actual and effective use of trademark registrations or commercial notices.\t\t\t<\/a>\r\n\t\t<\/h2>\r\n\t\t\t\t<div class=\"premium-blog-entry-meta\">\r\n\t\t\t\r\n\t\t\t\t\t\t\t<span class=\"premium-blog-meta-separator\">\u2022<\/span>\r\n\t\t\t\t<div class=\"premium-blog-post-time premium-blog-meta-data\">\r\n\t\t\t\t\t<i class=\"fa fa-calendar-alt\" aria-hidden=\"true\"><\/i>\r\n\t\t\t\t\t<span>4 de October de 2024<\/span>\r\n\t\t\t\t<\/div>\r\n\t\t\t\r\n\t\t\t\t\t\t\t<span class=\"premium-blog-meta-separator\">\u2022<\/span>\r\n\t\t\t\t<div class=\"premium-blog-post-categories premium-blog-meta-data\">\r\n\t\t\t\t\t<i class=\"fa fa-align-left fa-fw\" aria-hidden=\"true\"><\/i>\r\n\t\t\t\t\t<a href=\"https:\/\/garbar.info\/en\/category\/propiedad-intelectual\/\" rel=\"category tag\">Intellectual Property<\/a>\t\t\t\t<\/div>\r\n\t\t\t\r\n\t\t\t\t\t<\/div>\r\n\t\t\r\n\t\t\t\t\t<\/div>\r\n\r\n\t\t\t\t\t\t\t\t\t\t\r\n\t\t\t\t<\/div>\r\n\t\t\t<\/div>\r\n\t\t<\/div>\r\n\r\n\t\t\t\t<div class=\"premium-blog-post-outer-container energia-y-recursos-naturales\" data-total=\"1\">\r\n\t\t\t<div class=\"premium-blog-post-container premium-blog-skin-classic\">\r\n\t\t\t\t\t\t\t\t\t<div class=\"premium-blog-thumb-effect-wrapper\">\r\n\t\t\t\t\t\t<div class=\"premium-blog-thumbnail-container premium-blog-zoomin-effect\">\r\n\t\t\t\t\t\t\t<img loading=\"lazy\" decoding=\"async\" width=\"1200\" height=\"675\" src=\"https:\/\/garbar.info\/wp-content\/uploads\/2024\/10\/Reformas-a-la-Ley-General-de-Desarrollo-Forestal-Sustentable.jpg\" class=\"attachment-full size-full wp-image-969\" alt=\"\" srcset=\"https:\/\/garbar.info\/wp-content\/uploads\/2024\/10\/Reformas-a-la-Ley-General-de-Desarrollo-Forestal-Sustentable.jpg 1200w, https:\/\/garbar.info\/wp-content\/uploads\/2024\/10\/Reformas-a-la-Ley-General-de-Desarrollo-Forestal-Sustentable-300x169.jpg 300w, https:\/\/garbar.info\/wp-content\/uploads\/2024\/10\/Reformas-a-la-Ley-General-de-Desarrollo-Forestal-Sustentable-1024x576.jpg 1024w, https:\/\/garbar.info\/wp-content\/uploads\/2024\/10\/Reformas-a-la-Ley-General-de-Desarrollo-Forestal-Sustentable-768x432.jpg 768w, https:\/\/garbar.info\/wp-content\/uploads\/2024\/10\/Reformas-a-la-Ley-General-de-Desarrollo-Forestal-Sustentable-18x10.jpg 18w\" sizes=\"(max-width: 1200px) 100vw, 1200px\" \/>\t\t\t\t\t\t<\/div>\r\n\t\t\t\t\t\t\t\t\t\t\t\t\t<div class=\"premium-blog-thumbnail-overlay\">\r\n\t\t\t\t\t\t\t\t<a class=\"elementor-icon\" href=\"https:\/\/garbar.info\/en\/reformas-a-la-ley-general-de-desarrollo-forestal-sustentable\/\" target=\"_self\"><span>Reforms to the General Law on Sustainable Forest Development<\/span><\/a>\r\n\t\t\t\t\t\t\t<\/div>\r\n\r\n\t\t\t\t\t\t\t\t\t\t\t\t\t\t\t\t\t\t<\/div>\r\n\t\t\t\t\t\t\t\t\t\t\t\t<div class=\"premium-blog-content-wrapper\">\r\n\r\n\t\t\t\t\t<div class=\"premium-blog-inner-container\">\r\n\r\n\t\t\t\t\t\t\t\t\t\t\t\t\t\t<h2 class=\"premium-blog-entry-title\">\r\n\t\t\t<a href=\"https:\/\/garbar.info\/en\/reformas-a-la-ley-general-de-desarrollo-forestal-sustentable\/\" target=\"_self\">\r\n\t\t\t\tReforms to the General Law on Sustainable Forest Development\t\t\t<\/a>\r\n\t\t<\/h2>\r\n\t\t\t\t<div class=\"premium-blog-entry-meta\">\r\n\t\t\t\r\n\t\t\t\t\t\t\t<span class=\"premium-blog-meta-separator\">\u2022<\/span>\r\n\t\t\t\t<div class=\"premium-blog-post-time premium-blog-meta-data\">\r\n\t\t\t\t\t<i class=\"fa fa-calendar-alt\" aria-hidden=\"true\"><\/i>\r\n\t\t\t\t\t<span>4 de October de 2024<\/span>\r\n\t\t\t\t<\/div>\r\n\t\t\t\r\n\t\t\t\t\t\t\t<span class=\"premium-blog-meta-separator\">\u2022<\/span>\r\n\t\t\t\t<div class=\"premium-blog-post-categories premium-blog-meta-data\">\r\n\t\t\t\t\t<i class=\"fa fa-align-left fa-fw\" aria-hidden=\"true\"><\/i>\r\n\t\t\t\t\t<a href=\"https:\/\/garbar.info\/en\/category\/energia-y-recursos-naturales\/\" rel=\"category tag\">Energy<\/a>\t\t\t\t<\/div>\r\n\t\t\t\r\n\t\t\t\t\t<\/div>\r\n\t\t\r\n\t\t\t\t\t<\/div>\r\n\r\n\t\t\t\t\t\t\t\t\t\t\r\n\t\t\t\t<\/div>\r\n\t\t\t<\/div>\r\n\t\t<\/div>\r\n\r\n\t\t\t\t<div class=\"premium-blog-post-outer-container energia-y-recursos-naturales\" data-total=\"1\">\r\n\t\t\t<div class=\"premium-blog-post-container premium-blog-skin-classic\">\r\n\t\t\t\t\t\t\t\t\t<div class=\"premium-blog-thumb-effect-wrapper\">\r\n\t\t\t\t\t\t<div class=\"premium-blog-thumbnail-container premium-blog-zoomin-effect\">\r\n\t\t\t\t\t\t\t<img loading=\"lazy\" decoding=\"async\" width=\"1200\" height=\"675\" src=\"https:\/\/garbar.info\/wp-content\/uploads\/2024\/10\/COFECE-inicia-investigacion-por-posible-comision-de-practicas-monopolicas-relativas-en-el-mercado-de-generacion-comercializacion-al-mayoreo-y-suministro-de-Energia-Electrica-y-productos-asociados.jpg\" class=\"attachment-full size-full wp-image-963\" alt=\"\" srcset=\"https:\/\/garbar.info\/wp-content\/uploads\/2024\/10\/COFECE-inicia-investigacion-por-posible-comision-de-practicas-monopolicas-relativas-en-el-mercado-de-generacion-comercializacion-al-mayoreo-y-suministro-de-Energia-Electrica-y-productos-asociados.jpg 1200w, https:\/\/garbar.info\/wp-content\/uploads\/2024\/10\/COFECE-inicia-investigacion-por-posible-comision-de-practicas-monopolicas-relativas-en-el-mercado-de-generacion-comercializacion-al-mayoreo-y-suministro-de-Energia-Electrica-y-productos-asociados-300x169.jpg 300w, https:\/\/garbar.info\/wp-content\/uploads\/2024\/10\/COFECE-inicia-investigacion-por-posible-comision-de-practicas-monopolicas-relativas-en-el-mercado-de-generacion-comercializacion-al-mayoreo-y-suministro-de-Energia-Electrica-y-productos-asociados-1024x576.jpg 1024w, https:\/\/garbar.info\/wp-content\/uploads\/2024\/10\/COFECE-inicia-investigacion-por-posible-comision-de-practicas-monopolicas-relativas-en-el-mercado-de-generacion-comercializacion-al-mayoreo-y-suministro-de-Energia-Electrica-y-productos-asociados-768x432.jpg 768w, https:\/\/garbar.info\/wp-content\/uploads\/2024\/10\/COFECE-inicia-investigacion-por-posible-comision-de-practicas-monopolicas-relativas-en-el-mercado-de-generacion-comercializacion-al-mayoreo-y-suministro-de-Energia-Electrica-y-productos-asociados-18x10.jpg 18w\" sizes=\"(max-width: 1200px) 100vw, 1200px\" \/>\t\t\t\t\t\t<\/div>\r\n\t\t\t\t\t\t\t\t\t\t\t\t\t<div class=\"premium-blog-thumbnail-overlay\">\r\n\t\t\t\t\t\t\t\t<a class=\"elementor-icon\" href=\"https:\/\/garbar.info\/en\/cofece-inicia-investigacion-por-posible-comision-de-practicas-monopolicas-relativas-en-el-mercado-de-generacion-comercializacion-al-mayoreo-y-suministro-de-energia-electrica-y-productos-asociados\/\" target=\"_self\"><span>COFECE begins investigation for possible commission of relative monopolistic practices in the market for generation, wholesale marketing and supply of Electric Energy and associated products.<\/span><\/a>\r\n\t\t\t\t\t\t\t<\/div>\r\n\r\n\t\t\t\t\t\t\t\t\t\t\t\t\t\t\t\t\t\t<\/div>\r\n\t\t\t\t\t\t\t\t\t\t\t\t<div class=\"premium-blog-content-wrapper\">\r\n\r\n\t\t\t\t\t<div class=\"premium-blog-inner-container\">\r\n\r\n\t\t\t\t\t\t\t\t\t\t\t\t\t\t<h2 class=\"premium-blog-entry-title\">\r\n\t\t\t<a href=\"https:\/\/garbar.info\/en\/cofece-inicia-investigacion-por-posible-comision-de-practicas-monopolicas-relativas-en-el-mercado-de-generacion-comercializacion-al-mayoreo-y-suministro-de-energia-electrica-y-productos-asociados\/\" target=\"_self\">\r\n\t\t\t\tCOFECE begins investigation for possible commission of relative monopolistic practices in the market for generation, wholesale marketing and supply of Electric Energy and associated products.\t\t\t<\/a>\r\n\t\t<\/h2>\r\n\t\t\t\t<div class=\"premium-blog-entry-meta\">\r\n\t\t\t\r\n\t\t\t\t\t\t\t<span class=\"premium-blog-meta-separator\">\u2022<\/span>\r\n\t\t\t\t<div class=\"premium-blog-post-time premium-blog-meta-data\">\r\n\t\t\t\t\t<i class=\"fa fa-calendar-alt\" aria-hidden=\"true\"><\/i>\r\n\t\t\t\t\t<span>4 de October de 2024<\/span>\r\n\t\t\t\t<\/div>\r\n\t\t\t\r\n\t\t\t\t\t\t\t<span class=\"premium-blog-meta-separator\">\u2022<\/span>\r\n\t\t\t\t<div class=\"premium-blog-post-categories premium-blog-meta-data\">\r\n\t\t\t\t\t<i class=\"fa fa-align-left fa-fw\" aria-hidden=\"true\"><\/i>\r\n\t\t\t\t\t<a href=\"https:\/\/garbar.info\/en\/category\/energia-y-recursos-naturales\/\" rel=\"category tag\">Energy<\/a>\t\t\t\t<\/div>\r\n\t\t\t\r\n\t\t\t\t\t<\/div>\r\n\t\t\r\n\t\t\t\t\t<\/div>\r\n\r\n\t\t\t\t\t\t\t\t\t\t\r\n\t\t\t\t<\/div>\r\n\t\t\t<\/div>\r\n\t\t<\/div>\r\n\r\n\t\t\t\t<div class=\"premium-blog-post-outer-container energia-y-recursos-naturales\" data-total=\"1\">\r\n\t\t\t<div class=\"premium-blog-post-container premium-blog-skin-classic\">\r\n\t\t\t\t\t\t\t\t\t<div class=\"premium-blog-thumb-effect-wrapper\">\r\n\t\t\t\t\t\t<div class=\"premium-blog-thumbnail-container premium-blog-zoomin-effect\">\r\n\t\t\t\t\t\t\t<img loading=\"lazy\" decoding=\"async\" width=\"1200\" height=\"675\" src=\"https:\/\/garbar.info\/wp-content\/uploads\/2024\/10\/Decreto-por-el-que-se-reforman-y-adicionan-diversas-disposiciones-de-la-Ley-de-Hidrocarburos.jpg\" class=\"attachment-full size-full wp-image-957\" alt=\"\" srcset=\"https:\/\/garbar.info\/wp-content\/uploads\/2024\/10\/Decreto-por-el-que-se-reforman-y-adicionan-diversas-disposiciones-de-la-Ley-de-Hidrocarburos.jpg 1200w, https:\/\/garbar.info\/wp-content\/uploads\/2024\/10\/Decreto-por-el-que-se-reforman-y-adicionan-diversas-disposiciones-de-la-Ley-de-Hidrocarburos-300x169.jpg 300w, https:\/\/garbar.info\/wp-content\/uploads\/2024\/10\/Decreto-por-el-que-se-reforman-y-adicionan-diversas-disposiciones-de-la-Ley-de-Hidrocarburos-1024x576.jpg 1024w, https:\/\/garbar.info\/wp-content\/uploads\/2024\/10\/Decreto-por-el-que-se-reforman-y-adicionan-diversas-disposiciones-de-la-Ley-de-Hidrocarburos-768x432.jpg 768w, https:\/\/garbar.info\/wp-content\/uploads\/2024\/10\/Decreto-por-el-que-se-reforman-y-adicionan-diversas-disposiciones-de-la-Ley-de-Hidrocarburos-18x10.jpg 18w\" sizes=\"(max-width: 1200px) 100vw, 1200px\" \/>\t\t\t\t\t\t<\/div>\r\n\t\t\t\t\t\t\t\t\t\t\t\t\t<div class=\"premium-blog-thumbnail-overlay\">\r\n\t\t\t\t\t\t\t\t<a class=\"elementor-icon\" href=\"https:\/\/garbar.info\/en\/decreto-por-el-que-se-reforman-y-adicionan-diversas-disposiciones-de-la-ley-de-hidrocarburos\/\" target=\"_self\"><span>Decree amending and adding various provisions of the Hydrocarbons Law.<\/span><\/a>\r\n\t\t\t\t\t\t\t<\/div>\r\n\r\n\t\t\t\t\t\t\t\t\t\t\t\t\t\t\t\t\t\t<\/div>\r\n\t\t\t\t\t\t\t\t\t\t\t\t<div class=\"premium-blog-content-wrapper\">\r\n\r\n\t\t\t\t\t<div class=\"premium-blog-inner-container\">\r\n\r\n\t\t\t\t\t\t\t\t\t\t\t\t\t\t<h2 class=\"premium-blog-entry-title\">\r\n\t\t\t<a href=\"https:\/\/garbar.info\/en\/decreto-por-el-que-se-reforman-y-adicionan-diversas-disposiciones-de-la-ley-de-hidrocarburos\/\" target=\"_self\">\r\n\t\t\t\tDecree amending and adding various provisions of the Hydrocarbons Law.\t\t\t<\/a>\r\n\t\t<\/h2>\r\n\t\t\t\t<div class=\"premium-blog-entry-meta\">\r\n\t\t\t\r\n\t\t\t\t\t\t\t<span class=\"premium-blog-meta-separator\">\u2022<\/span>\r\n\t\t\t\t<div class=\"premium-blog-post-time premium-blog-meta-data\">\r\n\t\t\t\t\t<i class=\"fa fa-calendar-alt\" aria-hidden=\"true\"><\/i>\r\n\t\t\t\t\t<span>4 de October de 2024<\/span>\r\n\t\t\t\t<\/div>\r\n\t\t\t\r\n\t\t\t\t\t\t\t<span class=\"premium-blog-meta-separator\">\u2022<\/span>\r\n\t\t\t\t<div class=\"premium-blog-post-categories premium-blog-meta-data\">\r\n\t\t\t\t\t<i class=\"fa fa-align-left fa-fw\" aria-hidden=\"true\"><\/i>\r\n\t\t\t\t\t<a href=\"https:\/\/garbar.info\/en\/category\/energia-y-recursos-naturales\/\" rel=\"category tag\">Energy<\/a>\t\t\t\t<\/div>\r\n\t\t\t\r\n\t\t\t\t\t<\/div>\r\n\t\t\r\n\t\t\t\t\t<\/div>\r\n\r\n\t\t\t\t\t\t\t\t\t\t\r\n\t\t\t\t<\/div>\r\n\t\t\t<\/div>\r\n\t\t<\/div>\r\n\r\n\t\t\t\t<div class=\"premium-blog-post-outer-container laboral-y-seguridad-social\" data-total=\"1\">\r\n\t\t\t<div class=\"premium-blog-post-container premium-blog-skin-classic\">\r\n\t\t\t\t\t\t\t\t\t<div class=\"premium-blog-thumb-effect-wrapper\">\r\n\t\t\t\t\t\t<div class=\"premium-blog-thumbnail-container premium-blog-zoomin-effect\">\r\n\t\t\t\t\t\t\t<img loading=\"lazy\" decoding=\"async\" width=\"1200\" height=\"675\" src=\"https:\/\/garbar.info\/wp-content\/uploads\/2024\/10\/\u00bfQuedara-prohibida-la-subcontratacion-de-personal-en-Mexico.jpg\" class=\"attachment-full size-full wp-image-951\" alt=\"\" srcset=\"https:\/\/garbar.info\/wp-content\/uploads\/2024\/10\/\u00bfQuedara-prohibida-la-subcontratacion-de-personal-en-Mexico.jpg 1200w, https:\/\/garbar.info\/wp-content\/uploads\/2024\/10\/\u00bfQuedara-prohibida-la-subcontratacion-de-personal-en-Mexico-300x169.jpg 300w, https:\/\/garbar.info\/wp-content\/uploads\/2024\/10\/\u00bfQuedara-prohibida-la-subcontratacion-de-personal-en-Mexico-1024x576.jpg 1024w, https:\/\/garbar.info\/wp-content\/uploads\/2024\/10\/\u00bfQuedara-prohibida-la-subcontratacion-de-personal-en-Mexico-768x432.jpg 768w, https:\/\/garbar.info\/wp-content\/uploads\/2024\/10\/\u00bfQuedara-prohibida-la-subcontratacion-de-personal-en-Mexico-18x10.jpg 18w\" sizes=\"(max-width: 1200px) 100vw, 1200px\" \/>\t\t\t\t\t\t<\/div>\r\n\t\t\t\t\t\t\t\t\t\t\t\t\t<div class=\"premium-blog-thumbnail-overlay\">\r\n\t\t\t\t\t\t\t\t<a class=\"elementor-icon\" href=\"https:\/\/garbar.info\/en\/quedara-prohibida-la-subcontratacion-de-personal-en-mexico\/\" target=\"_self\"><span>Will outsourcing of personnel be banned in Mexico?<\/span><\/a>\r\n\t\t\t\t\t\t\t<\/div>\r\n\r\n\t\t\t\t\t\t\t\t\t\t\t\t\t\t\t\t\t\t<\/div>\r\n\t\t\t\t\t\t\t\t\t\t\t\t<div class=\"premium-blog-content-wrapper\">\r\n\r\n\t\t\t\t\t<div class=\"premium-blog-inner-container\">\r\n\r\n\t\t\t\t\t\t\t\t\t\t\t\t\t\t<h2 class=\"premium-blog-entry-title\">\r\n\t\t\t<a href=\"https:\/\/garbar.info\/en\/quedara-prohibida-la-subcontratacion-de-personal-en-mexico\/\" target=\"_self\">\r\n\t\t\t\tWill outsourcing of personnel be banned in Mexico?\t\t\t<\/a>\r\n\t\t<\/h2>\r\n\t\t\t\t<div class=\"premium-blog-entry-meta\">\r\n\t\t\t\r\n\t\t\t\t\t\t\t<span class=\"premium-blog-meta-separator\">\u2022<\/span>\r\n\t\t\t\t<div class=\"premium-blog-post-time premium-blog-meta-data\">\r\n\t\t\t\t\t<i class=\"fa fa-calendar-alt\" aria-hidden=\"true\"><\/i>\r\n\t\t\t\t\t<span>21 de April de 2021<\/span>\r\n\t\t\t\t<\/div>\r\n\t\t\t\r\n\t\t\t\t\t\t\t<span class=\"premium-blog-meta-separator\">\u2022<\/span>\r\n\t\t\t\t<div class=\"premium-blog-post-categories premium-blog-meta-data\">\r\n\t\t\t\t\t<i class=\"fa fa-align-left fa-fw\" aria-hidden=\"true\"><\/i>\r\n\t\t\t\t\t<a href=\"https:\/\/garbar.info\/en\/category\/laboral-y-seguridad-social\/\" rel=\"category tag\">Labor and Social Security<\/a>\t\t\t\t<\/div>\r\n\t\t\t\r\n\t\t\t\t\t<\/div>\r\n\t\t\r\n\t\t\t\t\t<\/div>\r\n\r\n\t\t\t\t\t\t\t\t\t\t\r\n\t\t\t\t<\/div>\r\n\t\t\t<\/div>\r\n\t\t<\/div>\r\n\r\n\t\t\t\t<div class=\"premium-blog-post-outer-container laboral-y-seguridad-social\" data-total=\"1\">\r\n\t\t\t<div class=\"premium-blog-post-container premium-blog-skin-classic\">\r\n\t\t\t\t\t\t\t\t\t<div class=\"premium-blog-thumb-effect-wrapper\">\r\n\t\t\t\t\t\t<div class=\"premium-blog-thumbnail-container premium-blog-zoomin-effect\">\r\n\t\t\t\t\t\t\t<img loading=\"lazy\" decoding=\"async\" width=\"1200\" height=\"675\" src=\"https:\/\/garbar.info\/wp-content\/uploads\/2024\/10\/Reforma-a-la-Ley-Federal-del-Trabajo-relativo-al-salario-minimo.jpg\" class=\"attachment-full size-full wp-image-945\" alt=\"\" srcset=\"https:\/\/garbar.info\/wp-content\/uploads\/2024\/10\/Reforma-a-la-Ley-Federal-del-Trabajo-relativo-al-salario-minimo.jpg 1200w, https:\/\/garbar.info\/wp-content\/uploads\/2024\/10\/Reforma-a-la-Ley-Federal-del-Trabajo-relativo-al-salario-minimo-300x169.jpg 300w, https:\/\/garbar.info\/wp-content\/uploads\/2024\/10\/Reforma-a-la-Ley-Federal-del-Trabajo-relativo-al-salario-minimo-1024x576.jpg 1024w, https:\/\/garbar.info\/wp-content\/uploads\/2024\/10\/Reforma-a-la-Ley-Federal-del-Trabajo-relativo-al-salario-minimo-768x432.jpg 768w, https:\/\/garbar.info\/wp-content\/uploads\/2024\/10\/Reforma-a-la-Ley-Federal-del-Trabajo-relativo-al-salario-minimo-18x10.jpg 18w\" sizes=\"(max-width: 1200px) 100vw, 1200px\" \/>\t\t\t\t\t\t<\/div>\r\n\t\t\t\t\t\t\t\t\t\t\t\t\t<div class=\"premium-blog-thumbnail-overlay\">\r\n\t\t\t\t\t\t\t\t<a class=\"elementor-icon\" href=\"https:\/\/garbar.info\/en\/reforma-a-la-ley-federal-del-trabajo-relativo-al-salario-minimo\/\" target=\"_self\"><span>Reforma a la Ley Federal del Trabajo relativo al salario m\u00ednimo.<\/span><\/a>\r\n\t\t\t\t\t\t\t<\/div>\r\n\r\n\t\t\t\t\t\t\t\t\t\t\t\t\t\t\t\t\t\t<\/div>\r\n\t\t\t\t\t\t\t\t\t\t\t\t<div class=\"premium-blog-content-wrapper\">\r\n\r\n\t\t\t\t\t<div class=\"premium-blog-inner-container\">\r\n\r\n\t\t\t\t\t\t\t\t\t\t\t\t\t\t<h2 class=\"premium-blog-entry-title\">\r\n\t\t\t<a href=\"https:\/\/garbar.info\/en\/reforma-a-la-ley-federal-del-trabajo-relativo-al-salario-minimo\/\" target=\"_self\">\r\n\t\t\t\tReforma a la Ley Federal del Trabajo relativo al salario m\u00ednimo.\t\t\t<\/a>\r\n\t\t<\/h2>\r\n\t\t\t\t<div class=\"premium-blog-entry-meta\">\r\n\t\t\t\r\n\t\t\t\t\t\t\t<span class=\"premium-blog-meta-separator\">\u2022<\/span>\r\n\t\t\t\t<div class=\"premium-blog-post-time premium-blog-meta-data\">\r\n\t\t\t\t\t<i class=\"fa fa-calendar-alt\" aria-hidden=\"true\"><\/i>\r\n\t\t\t\t\t<span>8 de April de 2021<\/span>\r\n\t\t\t\t<\/div>\r\n\t\t\t\r\n\t\t\t\t\t\t\t<span class=\"premium-blog-meta-separator\">\u2022<\/span>\r\n\t\t\t\t<div class=\"premium-blog-post-categories premium-blog-meta-data\">\r\n\t\t\t\t\t<i class=\"fa fa-align-left fa-fw\" aria-hidden=\"true\"><\/i>\r\n\t\t\t\t\t<a href=\"https:\/\/garbar.info\/en\/category\/laboral-y-seguridad-social\/\" rel=\"category tag\">Labor and Social Security<\/a>\t\t\t\t<\/div>\r\n\t\t\t\r\n\t\t\t\t\t<\/div>\r\n\t\t\r\n\t\t\t\t\t<\/div>\r\n\r\n\t\t\t\t\t\t\t\t\t\t\r\n\t\t\t\t<\/div>\r\n\t\t\t<\/div>\r\n\t\t<\/div>\r\n\r\n\t\t\t\t<div class=\"premium-blog-post-outer-container energia-y-recursos-naturales\" data-total=\"1\">\r\n\t\t\t<div class=\"premium-blog-post-container premium-blog-skin-classic\">\r\n\t\t\t\t\t\t\t\t\t<div class=\"premium-blog-thumb-effect-wrapper\">\r\n\t\t\t\t\t\t<div class=\"premium-blog-thumbnail-container premium-blog-zoomin-effect\">\r\n\t\t\t\t\t\t\t<img loading=\"lazy\" decoding=\"async\" width=\"1200\" height=\"675\" src=\"https:\/\/garbar.info\/wp-content\/uploads\/2024\/10\/Reforma-a-la-Ley-de-la-Industria-Electrica-9-de-marzo-de-2021.jpg\" class=\"attachment-full size-full wp-image-939\" alt=\"\" srcset=\"https:\/\/garbar.info\/wp-content\/uploads\/2024\/10\/Reforma-a-la-Ley-de-la-Industria-Electrica-9-de-marzo-de-2021.jpg 1200w, https:\/\/garbar.info\/wp-content\/uploads\/2024\/10\/Reforma-a-la-Ley-de-la-Industria-Electrica-9-de-marzo-de-2021-300x169.jpg 300w, https:\/\/garbar.info\/wp-content\/uploads\/2024\/10\/Reforma-a-la-Ley-de-la-Industria-Electrica-9-de-marzo-de-2021-1024x576.jpg 1024w, https:\/\/garbar.info\/wp-content\/uploads\/2024\/10\/Reforma-a-la-Ley-de-la-Industria-Electrica-9-de-marzo-de-2021-768x432.jpg 768w, https:\/\/garbar.info\/wp-content\/uploads\/2024\/10\/Reforma-a-la-Ley-de-la-Industria-Electrica-9-de-marzo-de-2021-18x10.jpg 18w\" sizes=\"(max-width: 1200px) 100vw, 1200px\" \/>\t\t\t\t\t\t<\/div>\r\n\t\t\t\t\t\t\t\t\t\t\t\t\t<div class=\"premium-blog-thumbnail-overlay\">\r\n\t\t\t\t\t\t\t\t<a class=\"elementor-icon\" href=\"https:\/\/garbar.info\/en\/reforma-a-la-ley-de-la-industria-electrica-9-de-marzo-de-2021\/\" target=\"_self\"><span>Reforma a la Ley de la Industria El\u00e9ctrica 9 de marzo de 2021<\/span><\/a>\r\n\t\t\t\t\t\t\t<\/div>\r\n\r\n\t\t\t\t\t\t\t\t\t\t\t\t\t\t\t\t\t\t<\/div>\r\n\t\t\t\t\t\t\t\t\t\t\t\t<div class=\"premium-blog-content-wrapper\">\r\n\r\n\t\t\t\t\t<div class=\"premium-blog-inner-container\">\r\n\r\n\t\t\t\t\t\t\t\t\t\t\t\t\t\t<h2 class=\"premium-blog-entry-title\">\r\n\t\t\t<a href=\"https:\/\/garbar.info\/en\/reforma-a-la-ley-de-la-industria-electrica-9-de-marzo-de-2021\/\" target=\"_self\">\r\n\t\t\t\tReforma a la Ley de la Industria El\u00e9ctrica 9 de marzo de 2021\t\t\t<\/a>\r\n\t\t<\/h2>\r\n\t\t\t\t<div class=\"premium-blog-entry-meta\">\r\n\t\t\t\r\n\t\t\t\t\t\t\t<span class=\"premium-blog-meta-separator\">\u2022<\/span>\r\n\t\t\t\t<div class=\"premium-blog-post-time premium-blog-meta-data\">\r\n\t\t\t\t\t<i class=\"fa fa-calendar-alt\" aria-hidden=\"true\"><\/i>\r\n\t\t\t\t\t<span>16 de March de 2021<\/span>\r\n\t\t\t\t<\/div>\r\n\t\t\t\r\n\t\t\t\t\t\t\t<span class=\"premium-blog-meta-separator\">\u2022<\/span>\r\n\t\t\t\t<div class=\"premium-blog-post-categories premium-blog-meta-data\">\r\n\t\t\t\t\t<i class=\"fa fa-align-left fa-fw\" aria-hidden=\"true\"><\/i>\r\n\t\t\t\t\t<a href=\"https:\/\/garbar.info\/en\/category\/energia-y-recursos-naturales\/\" rel=\"category tag\">Energy<\/a>\t\t\t\t<\/div>\r\n\t\t\t\r\n\t\t\t\t\t<\/div>\r\n\t\t\r\n\t\t\t\t\t<\/div>\r\n\r\n\t\t\t\t\t\t\t\t\t\t\r\n\t\t\t\t<\/div>\r\n\t\t\t<\/div>\r\n\t\t<\/div>\r\n\r\n\t\t\t\t<div class=\"premium-blog-post-outer-container laboral-y-seguridad-social\" data-total=\"1\">\r\n\t\t\t<div class=\"premium-blog-post-container premium-blog-skin-classic\">\r\n\t\t\t\t\t\t\t\t\t<div class=\"premium-blog-thumb-effect-wrapper\">\r\n\t\t\t\t\t\t<div class=\"premium-blog-thumbnail-container premium-blog-zoomin-effect\">\r\n\t\t\t\t\t\t\t<img loading=\"lazy\" decoding=\"async\" width=\"1200\" height=\"675\" src=\"https:\/\/garbar.info\/wp-content\/uploads\/2024\/10\/Reforma-a-la-Ley-de-TeleTrabajo-en-Mexico.jpg\" class=\"attachment-full size-full wp-image-933\" alt=\"\" srcset=\"https:\/\/garbar.info\/wp-content\/uploads\/2024\/10\/Reforma-a-la-Ley-de-TeleTrabajo-en-Mexico.jpg 1200w, https:\/\/garbar.info\/wp-content\/uploads\/2024\/10\/Reforma-a-la-Ley-de-TeleTrabajo-en-Mexico-300x169.jpg 300w, https:\/\/garbar.info\/wp-content\/uploads\/2024\/10\/Reforma-a-la-Ley-de-TeleTrabajo-en-Mexico-1024x576.jpg 1024w, https:\/\/garbar.info\/wp-content\/uploads\/2024\/10\/Reforma-a-la-Ley-de-TeleTrabajo-en-Mexico-768x432.jpg 768w, https:\/\/garbar.info\/wp-content\/uploads\/2024\/10\/Reforma-a-la-Ley-de-TeleTrabajo-en-Mexico-18x10.jpg 18w\" sizes=\"(max-width: 1200px) 100vw, 1200px\" \/>\t\t\t\t\t\t<\/div>\r\n\t\t\t\t\t\t\t\t\t\t\t\t\t<div class=\"premium-blog-thumbnail-overlay\">\r\n\t\t\t\t\t\t\t\t<a class=\"elementor-icon\" href=\"https:\/\/garbar.info\/en\/reforma-a-la-ley-de-teletrabajo-en-mexico\/\" target=\"_self\"><span>Reforma a la Ley de TeleTrabajo en M\u00e9xico<\/span><\/a>\r\n\t\t\t\t\t\t\t<\/div>\r\n\r\n\t\t\t\t\t\t\t\t\t\t\t\t\t\t\t\t\t\t<\/div>\r\n\t\t\t\t\t\t\t\t\t\t\t\t<div class=\"premium-blog-content-wrapper\">\r\n\r\n\t\t\t\t\t<div class=\"premium-blog-inner-container\">\r\n\r\n\t\t\t\t\t\t\t\t\t\t\t\t\t\t<h2 class=\"premium-blog-entry-title\">\r\n\t\t\t<a href=\"https:\/\/garbar.info\/en\/reforma-a-la-ley-de-teletrabajo-en-mexico\/\" target=\"_self\">\r\n\t\t\t\tReforma a la Ley de TeleTrabajo en M\u00e9xico\t\t\t<\/a>\r\n\t\t<\/h2>\r\n\t\t\t\t<div class=\"premium-blog-entry-meta\">\r\n\t\t\t\r\n\t\t\t\t\t\t\t<span class=\"premium-blog-meta-separator\">\u2022<\/span>\r\n\t\t\t\t<div class=\"premium-blog-post-time premium-blog-meta-data\">\r\n\t\t\t\t\t<i class=\"fa fa-calendar-alt\" aria-hidden=\"true\"><\/i>\r\n\t\t\t\t\t<span>4 de February de 2021<\/span>\r\n\t\t\t\t<\/div>\r\n\t\t\t\r\n\t\t\t\t\t\t\t<span class=\"premium-blog-meta-separator\">\u2022<\/span>\r\n\t\t\t\t<div class=\"premium-blog-post-categories premium-blog-meta-data\">\r\n\t\t\t\t\t<i class=\"fa fa-align-left fa-fw\" aria-hidden=\"true\"><\/i>\r\n\t\t\t\t\t<a href=\"https:\/\/garbar.info\/en\/category\/laboral-y-seguridad-social\/\" rel=\"category tag\">Labor and Social Security<\/a>\t\t\t\t<\/div>\r\n\t\t\t\r\n\t\t\t\t\t<\/div>\r\n\t\t\r\n\t\t\t\t\t<\/div>\r\n\r\n\t\t\t\t\t\t\t\t\t\t\r\n\t\t\t\t<\/div>\r\n\t\t\t<\/div>\r\n\t\t<\/div>\r\n\r\n\t\t\t\t<div class=\"premium-blog-post-outer-container regulatorio\" data-total=\"1\">\r\n\t\t\t<div class=\"premium-blog-post-container premium-blog-skin-classic\">\r\n\t\t\t\t\t\t\t\t\t<div class=\"premium-blog-thumb-effect-wrapper\">\r\n\t\t\t\t\t\t<div class=\"premium-blog-thumbnail-container premium-blog-zoomin-effect\">\r\n\t\t\t\t\t\t\t<img loading=\"lazy\" decoding=\"async\" width=\"1200\" height=\"675\" src=\"https:\/\/garbar.info\/wp-content\/uploads\/2024\/10\/Reglamento-de-la-Ley-General-De-Salud-en-materia-de-control-sanitario-para-la-produccion-investigacion-y-uso-medicinal-de-la-Cannabis-y-sus-derivados-farmacologicos.jpg\" class=\"attachment-full size-full wp-image-927\" alt=\"\" srcset=\"https:\/\/garbar.info\/wp-content\/uploads\/2024\/10\/Reglamento-de-la-Ley-General-De-Salud-en-materia-de-control-sanitario-para-la-produccion-investigacion-y-uso-medicinal-de-la-Cannabis-y-sus-derivados-farmacologicos.jpg 1200w, https:\/\/garbar.info\/wp-content\/uploads\/2024\/10\/Reglamento-de-la-Ley-General-De-Salud-en-materia-de-control-sanitario-para-la-produccion-investigacion-y-uso-medicinal-de-la-Cannabis-y-sus-derivados-farmacologicos-300x169.jpg 300w, https:\/\/garbar.info\/wp-content\/uploads\/2024\/10\/Reglamento-de-la-Ley-General-De-Salud-en-materia-de-control-sanitario-para-la-produccion-investigacion-y-uso-medicinal-de-la-Cannabis-y-sus-derivados-farmacologicos-1024x576.jpg 1024w, https:\/\/garbar.info\/wp-content\/uploads\/2024\/10\/Reglamento-de-la-Ley-General-De-Salud-en-materia-de-control-sanitario-para-la-produccion-investigacion-y-uso-medicinal-de-la-Cannabis-y-sus-derivados-farmacologicos-768x432.jpg 768w, https:\/\/garbar.info\/wp-content\/uploads\/2024\/10\/Reglamento-de-la-Ley-General-De-Salud-en-materia-de-control-sanitario-para-la-produccion-investigacion-y-uso-medicinal-de-la-Cannabis-y-sus-derivados-farmacologicos-18x10.jpg 18w\" sizes=\"(max-width: 1200px) 100vw, 1200px\" \/>\t\t\t\t\t\t<\/div>\r\n\t\t\t\t\t\t\t\t\t\t\t\t\t<div class=\"premium-blog-thumbnail-overlay\">\r\n\t\t\t\t\t\t\t\t<a class=\"elementor-icon\" href=\"https:\/\/garbar.info\/en\/reglamento-de-la-ley-general-de-salud-en-materia-de-control-sanitario-para-la-produccion-investigacion-y-uso-medicinal-de-la-cannabis-y-sus-derivados-farmacologicos\/\" target=\"_self\"><span>Reglamento de la Ley General De Salud en materia de control sanitario para la producci\u00f3n, investigaci\u00f3n y uso medicinal de la Cannabis y sus derivados farmacol\u00f3gicos.<\/span><\/a>\r\n\t\t\t\t\t\t\t<\/div>\r\n\r\n\t\t\t\t\t\t\t\t\t\t\t\t\t\t\t\t\t\t<\/div>\r\n\t\t\t\t\t\t\t\t\t\t\t\t<div class=\"premium-blog-content-wrapper\">\r\n\r\n\t\t\t\t\t<div class=\"premium-blog-inner-container\">\r\n\r\n\t\t\t\t\t\t\t\t\t\t\t\t\t\t<h2 class=\"premium-blog-entry-title\">\r\n\t\t\t<a href=\"https:\/\/garbar.info\/en\/reglamento-de-la-ley-general-de-salud-en-materia-de-control-sanitario-para-la-produccion-investigacion-y-uso-medicinal-de-la-cannabis-y-sus-derivados-farmacologicos\/\" target=\"_self\">\r\n\t\t\t\tReglamento de la Ley General De Salud en materia de control sanitario para la producci\u00f3n, investigaci\u00f3n y uso medicinal de la Cannabis y sus derivados farmacol\u00f3gicos.\t\t\t<\/a>\r\n\t\t<\/h2>\r\n\t\t\t\t<div class=\"premium-blog-entry-meta\">\r\n\t\t\t\r\n\t\t\t\t\t\t\t<span class=\"premium-blog-meta-separator\">\u2022<\/span>\r\n\t\t\t\t<div class=\"premium-blog-post-time premium-blog-meta-data\">\r\n\t\t\t\t\t<i class=\"fa fa-calendar-alt\" aria-hidden=\"true\"><\/i>\r\n\t\t\t\t\t<span>18 de January de 2021<\/span>\r\n\t\t\t\t<\/div>\r\n\t\t\t\r\n\t\t\t\t\t\t\t<span class=\"premium-blog-meta-separator\">\u2022<\/span>\r\n\t\t\t\t<div class=\"premium-blog-post-categories premium-blog-meta-data\">\r\n\t\t\t\t\t<i class=\"fa fa-align-left fa-fw\" aria-hidden=\"true\"><\/i>\r\n\t\t\t\t\t<a href=\"https:\/\/garbar.info\/en\/category\/regulatorio\/\" rel=\"category tag\">Regulatory<\/a>\t\t\t\t<\/div>\r\n\t\t\t\r\n\t\t\t\t\t<\/div>\r\n\t\t\r\n\t\t\t\t\t<\/div>\r\n\r\n\t\t\t\t\t\t\t\t\t\t\r\n\t\t\t\t<\/div>\r\n\t\t\t<\/div>\r\n\t\t<\/div>\r\n\r\n\t\t\t\t<div class=\"premium-blog-post-outer-container regulatorio\" data-total=\"1\">\r\n\t\t\t<div class=\"premium-blog-post-container premium-blog-skin-classic\">\r\n\t\t\t\t\t\t\t\t\t<div class=\"premium-blog-thumb-effect-wrapper\">\r\n\t\t\t\t\t\t<div class=\"premium-blog-thumbnail-container premium-blog-zoomin-effect\">\r\n\t\t\t\t\t\t\t<img loading=\"lazy\" decoding=\"async\" width=\"1200\" height=\"675\" src=\"https:\/\/garbar.info\/wp-content\/uploads\/2024\/10\/Secretaria-de-Energia-limita-y-frena-la-inversion-en-el-desarrollo-de-energias-renovables.jpg\" class=\"attachment-full size-full wp-image-921\" alt=\"\" srcset=\"https:\/\/garbar.info\/wp-content\/uploads\/2024\/10\/Secretaria-de-Energia-limita-y-frena-la-inversion-en-el-desarrollo-de-energias-renovables.jpg 1200w, https:\/\/garbar.info\/wp-content\/uploads\/2024\/10\/Secretaria-de-Energia-limita-y-frena-la-inversion-en-el-desarrollo-de-energias-renovables-300x169.jpg 300w, https:\/\/garbar.info\/wp-content\/uploads\/2024\/10\/Secretaria-de-Energia-limita-y-frena-la-inversion-en-el-desarrollo-de-energias-renovables-1024x576.jpg 1024w, https:\/\/garbar.info\/wp-content\/uploads\/2024\/10\/Secretaria-de-Energia-limita-y-frena-la-inversion-en-el-desarrollo-de-energias-renovables-768x432.jpg 768w, https:\/\/garbar.info\/wp-content\/uploads\/2024\/10\/Secretaria-de-Energia-limita-y-frena-la-inversion-en-el-desarrollo-de-energias-renovables-18x10.jpg 18w\" sizes=\"(max-width: 1200px) 100vw, 1200px\" \/>\t\t\t\t\t\t<\/div>\r\n\t\t\t\t\t\t\t\t\t\t\t\t\t<div class=\"premium-blog-thumbnail-overlay\">\r\n\t\t\t\t\t\t\t\t<a class=\"elementor-icon\" href=\"https:\/\/garbar.info\/en\/secretaria-de-energia-limita-y-frena-la-inversion-en-el-desarrollo-de-energias-renovables\/\" target=\"_self\"><span>Secretar\u00eda de Energ\u00eda limita y frena la inversi\u00f3n en el desarrollo de energ\u00edas renovables.<\/span><\/a>\r\n\t\t\t\t\t\t\t<\/div>\r\n\r\n\t\t\t\t\t\t\t\t\t\t\t\t\t\t\t\t\t\t<\/div>\r\n\t\t\t\t\t\t\t\t\t\t\t\t<div class=\"premium-blog-content-wrapper\">\r\n\r\n\t\t\t\t\t<div class=\"premium-blog-inner-container\">\r\n\r\n\t\t\t\t\t\t\t\t\t\t\t\t\t\t<h2 class=\"premium-blog-entry-title\">\r\n\t\t\t<a href=\"https:\/\/garbar.info\/en\/secretaria-de-energia-limita-y-frena-la-inversion-en-el-desarrollo-de-energias-renovables\/\" target=\"_self\">\r\n\t\t\t\tSecretar\u00eda de Energ\u00eda limita y frena la inversi\u00f3n en el desarrollo de energ\u00edas renovables.\t\t\t<\/a>\r\n\t\t<\/h2>\r\n\t\t\t\t<div class=\"premium-blog-entry-meta\">\r\n\t\t\t\r\n\t\t\t\t\t\t\t<span class=\"premium-blog-meta-separator\">\u2022<\/span>\r\n\t\t\t\t<div class=\"premium-blog-post-time premium-blog-meta-data\">\r\n\t\t\t\t\t<i class=\"fa fa-calendar-alt\" aria-hidden=\"true\"><\/i>\r\n\t\t\t\t\t<span>19 de May de 2020<\/span>\r\n\t\t\t\t<\/div>\r\n\t\t\t\r\n\t\t\t\t\t\t\t<span class=\"premium-blog-meta-separator\">\u2022<\/span>\r\n\t\t\t\t<div class=\"premium-blog-post-categories premium-blog-meta-data\">\r\n\t\t\t\t\t<i class=\"fa fa-align-left fa-fw\" aria-hidden=\"true\"><\/i>\r\n\t\t\t\t\t<a href=\"https:\/\/garbar.info\/en\/category\/regulatorio\/\" rel=\"category tag\">Regulatory<\/a>\t\t\t\t<\/div>\r\n\t\t\t\r\n\t\t\t\t\t<\/div>\r\n\t\t\r\n\t\t\t\t\t<\/div>\r\n\r\n\t\t\t\t\t\t\t\t\t\t\r\n\t\t\t\t<\/div>\r\n\t\t\t<\/div>\r\n\t\t<\/div>\r\n\r\n\t\t\t\t<div class=\"premium-blog-post-outer-container fiscal\" data-total=\"1\">\r\n\t\t\t<div class=\"premium-blog-post-container premium-blog-skin-classic\">\r\n\t\t\t\t\t\t\t\t\t<div class=\"premium-blog-thumb-effect-wrapper\">\r\n\t\t\t\t\t\t<div class=\"premium-blog-thumbnail-container premium-blog-zoomin-effect\">\r\n\t\t\t\t\t\t\t<img loading=\"lazy\" decoding=\"async\" width=\"1200\" height=\"675\" src=\"https:\/\/garbar.info\/wp-content\/uploads\/2024\/10\/Modificacion-a-la-Ley-del-Impuesto-al-Valor-Agregado-en-materia-de-retencion-de-impuestos-a-residentes-extranjeros-que-prestan-servicios-digitales-sin-establecimiento-en-Mexico.jpg\" class=\"attachment-full size-full wp-image-915\" alt=\"\" srcset=\"https:\/\/garbar.info\/wp-content\/uploads\/2024\/10\/Modificacion-a-la-Ley-del-Impuesto-al-Valor-Agregado-en-materia-de-retencion-de-impuestos-a-residentes-extranjeros-que-prestan-servicios-digitales-sin-establecimiento-en-Mexico.jpg 1200w, https:\/\/garbar.info\/wp-content\/uploads\/2024\/10\/Modificacion-a-la-Ley-del-Impuesto-al-Valor-Agregado-en-materia-de-retencion-de-impuestos-a-residentes-extranjeros-que-prestan-servicios-digitales-sin-establecimiento-en-Mexico-300x169.jpg 300w, https:\/\/garbar.info\/wp-content\/uploads\/2024\/10\/Modificacion-a-la-Ley-del-Impuesto-al-Valor-Agregado-en-materia-de-retencion-de-impuestos-a-residentes-extranjeros-que-prestan-servicios-digitales-sin-establecimiento-en-Mexico-1024x576.jpg 1024w, https:\/\/garbar.info\/wp-content\/uploads\/2024\/10\/Modificacion-a-la-Ley-del-Impuesto-al-Valor-Agregado-en-materia-de-retencion-de-impuestos-a-residentes-extranjeros-que-prestan-servicios-digitales-sin-establecimiento-en-Mexico-768x432.jpg 768w, https:\/\/garbar.info\/wp-content\/uploads\/2024\/10\/Modificacion-a-la-Ley-del-Impuesto-al-Valor-Agregado-en-materia-de-retencion-de-impuestos-a-residentes-extranjeros-que-prestan-servicios-digitales-sin-establecimiento-en-Mexico-18x10.jpg 18w\" sizes=\"(max-width: 1200px) 100vw, 1200px\" \/>\t\t\t\t\t\t<\/div>\r\n\t\t\t\t\t\t\t\t\t\t\t\t\t<div class=\"premium-blog-thumbnail-overlay\">\r\n\t\t\t\t\t\t\t\t<a class=\"elementor-icon\" href=\"https:\/\/garbar.info\/en\/modificacion-a-la-ley-del-impuesto-al-valor-agregado-en-materia-de-retencion-de-impuestos-a-residentes-extranjeros-que-prestan-servicios-digitales-sin-establecimiento-en-mexico\/\" target=\"_self\"><span>Modificaci\u00f3n a la Ley del Impuesto al Valor Agregado en materia de retenci\u00f3n de impuestos a residentes extranjeros que prestan servicios digitales sin establecimiento en M\u00e9xico.<\/span><\/a>\r\n\t\t\t\t\t\t\t<\/div>\r\n\r\n\t\t\t\t\t\t\t\t\t\t\t\t\t\t\t\t\t\t<\/div>\r\n\t\t\t\t\t\t\t\t\t\t\t\t<div class=\"premium-blog-content-wrapper\">\r\n\r\n\t\t\t\t\t<div class=\"premium-blog-inner-container\">\r\n\r\n\t\t\t\t\t\t\t\t\t\t\t\t\t\t<h2 class=\"premium-blog-entry-title\">\r\n\t\t\t<a href=\"https:\/\/garbar.info\/en\/modificacion-a-la-ley-del-impuesto-al-valor-agregado-en-materia-de-retencion-de-impuestos-a-residentes-extranjeros-que-prestan-servicios-digitales-sin-establecimiento-en-mexico\/\" target=\"_self\">\r\n\t\t\t\tModificaci\u00f3n a la Ley del Impuesto al Valor Agregado en materia de retenci\u00f3n de impuestos a residentes extranjeros que prestan servicios digitales sin establecimiento en M\u00e9xico.\t\t\t<\/a>\r\n\t\t<\/h2>\r\n\t\t\t\t<div class=\"premium-blog-entry-meta\">\r\n\t\t\t\r\n\t\t\t\t\t\t\t<span class=\"premium-blog-meta-separator\">\u2022<\/span>\r\n\t\t\t\t<div class=\"premium-blog-post-time premium-blog-meta-data\">\r\n\t\t\t\t\t<i class=\"fa fa-calendar-alt\" aria-hidden=\"true\"><\/i>\r\n\t\t\t\t\t<span>15 de May de 2020<\/span>\r\n\t\t\t\t<\/div>\r\n\t\t\t\r\n\t\t\t\t\t\t\t<span class=\"premium-blog-meta-separator\">\u2022<\/span>\r\n\t\t\t\t<div class=\"premium-blog-post-categories premium-blog-meta-data\">\r\n\t\t\t\t\t<i class=\"fa fa-align-left fa-fw\" aria-hidden=\"true\"><\/i>\r\n\t\t\t\t\t<a href=\"https:\/\/garbar.info\/en\/category\/fiscal\/\" rel=\"category tag\">Tax Law<\/a>\t\t\t\t<\/div>\r\n\t\t\t\r\n\t\t\t\t\t<\/div>\r\n\t\t\r\n\t\t\t\t\t<\/div>\r\n\r\n\t\t\t\t\t\t\t\t\t\t\r\n\t\t\t\t<\/div>\r\n\t\t\t<\/div>\r\n\t\t<\/div>\r\n\r\n\t\t\t\t<div class=\"premium-blog-post-outer-container laboral-y-seguridad-social\" data-total=\"1\">\r\n\t\t\t<div class=\"premium-blog-post-container premium-blog-skin-classic\">\r\n\t\t\t\t\t\t\t\t\t<div class=\"premium-blog-thumb-effect-wrapper\">\r\n\t\t\t\t\t\t<div class=\"premium-blog-thumbnail-container premium-blog-zoomin-effect\">\r\n\t\t\t\t\t\t\t<img loading=\"lazy\" decoding=\"async\" width=\"1200\" height=\"675\" src=\"https:\/\/garbar.info\/wp-content\/uploads\/2024\/10\/Pago-en-Parcialidades-Simplificado.jpg\" class=\"attachment-full size-full wp-image-909\" alt=\"\" srcset=\"https:\/\/garbar.info\/wp-content\/uploads\/2024\/10\/Pago-en-Parcialidades-Simplificado.jpg 1200w, https:\/\/garbar.info\/wp-content\/uploads\/2024\/10\/Pago-en-Parcialidades-Simplificado-300x169.jpg 300w, https:\/\/garbar.info\/wp-content\/uploads\/2024\/10\/Pago-en-Parcialidades-Simplificado-1024x576.jpg 1024w, https:\/\/garbar.info\/wp-content\/uploads\/2024\/10\/Pago-en-Parcialidades-Simplificado-768x432.jpg 768w, https:\/\/garbar.info\/wp-content\/uploads\/2024\/10\/Pago-en-Parcialidades-Simplificado-18x10.jpg 18w\" sizes=\"(max-width: 1200px) 100vw, 1200px\" \/>\t\t\t\t\t\t<\/div>\r\n\t\t\t\t\t\t\t\t\t\t\t\t\t<div class=\"premium-blog-thumbnail-overlay\">\r\n\t\t\t\t\t\t\t\t<a class=\"elementor-icon\" href=\"https:\/\/garbar.info\/en\/pago-en-parcialidades-simplificado\/\" target=\"_self\"><span>Pago en Parcialidades Simplificado<\/span><\/a>\r\n\t\t\t\t\t\t\t<\/div>\r\n\r\n\t\t\t\t\t\t\t\t\t\t\t\t\t\t\t\t\t\t<\/div>\r\n\t\t\t\t\t\t\t\t\t\t\t\t<div class=\"premium-blog-content-wrapper\">\r\n\r\n\t\t\t\t\t<div class=\"premium-blog-inner-container\">\r\n\r\n\t\t\t\t\t\t\t\t\t\t\t\t\t\t<h2 class=\"premium-blog-entry-title\">\r\n\t\t\t<a href=\"https:\/\/garbar.info\/en\/pago-en-parcialidades-simplificado\/\" target=\"_self\">\r\n\t\t\t\tPago en Parcialidades Simplificado\t\t\t<\/a>\r\n\t\t<\/h2>\r\n\t\t\t\t<div class=\"premium-blog-entry-meta\">\r\n\t\t\t\r\n\t\t\t\t\t\t\t<span class=\"premium-blog-meta-separator\">\u2022<\/span>\r\n\t\t\t\t<div class=\"premium-blog-post-time premium-blog-meta-data\">\r\n\t\t\t\t\t<i class=\"fa fa-calendar-alt\" aria-hidden=\"true\"><\/i>\r\n\t\t\t\t\t<span>7 de May de 2020<\/span>\r\n\t\t\t\t<\/div>\r\n\t\t\t\r\n\t\t\t\t\t\t\t<span class=\"premium-blog-meta-separator\">\u2022<\/span>\r\n\t\t\t\t<div class=\"premium-blog-post-categories premium-blog-meta-data\">\r\n\t\t\t\t\t<i class=\"fa fa-align-left fa-fw\" aria-hidden=\"true\"><\/i>\r\n\t\t\t\t\t<a href=\"https:\/\/garbar.info\/en\/category\/laboral-y-seguridad-social\/\" rel=\"category tag\">Labor and Social Security<\/a>\t\t\t\t<\/div>\r\n\t\t\t\r\n\t\t\t\t\t<\/div>\r\n\t\t\r\n\t\t\t\t\t<\/div>\r\n\r\n\t\t\t\t\t\t\t\t\t\t\r\n\t\t\t\t<\/div>\r\n\t\t\t<\/div>\r\n\t\t<\/div>\r\n\r\n\t\t\t\t<div class=\"premium-blog-post-outer-container agrario construccion hoteleria-y-turismo inmobiliario\" data-total=\"1\">\r\n\t\t\t<div class=\"premium-blog-post-container premium-blog-skin-classic\">\r\n\t\t\t\t\t\t\t\t\t<div class=\"premium-blog-thumb-effect-wrapper\">\r\n\t\t\t\t\t\t<div class=\"premium-blog-thumbnail-container premium-blog-zoomin-effect\">\r\n\t\t\t\t\t\t\t<img loading=\"lazy\" decoding=\"async\" width=\"1200\" height=\"675\" src=\"https:\/\/garbar.info\/wp-content\/uploads\/2024\/10\/Reforma-a-la-Legislacion-Forestal.jpg\" class=\"attachment-full size-full wp-image-903\" alt=\"\" srcset=\"https:\/\/garbar.info\/wp-content\/uploads\/2024\/10\/Reforma-a-la-Legislacion-Forestal.jpg 1200w, https:\/\/garbar.info\/wp-content\/uploads\/2024\/10\/Reforma-a-la-Legislacion-Forestal-300x169.jpg 300w, https:\/\/garbar.info\/wp-content\/uploads\/2024\/10\/Reforma-a-la-Legislacion-Forestal-1024x576.jpg 1024w, https:\/\/garbar.info\/wp-content\/uploads\/2024\/10\/Reforma-a-la-Legislacion-Forestal-768x432.jpg 768w, https:\/\/garbar.info\/wp-content\/uploads\/2024\/10\/Reforma-a-la-Legislacion-Forestal-18x10.jpg 18w\" sizes=\"(max-width: 1200px) 100vw, 1200px\" \/>\t\t\t\t\t\t<\/div>\r\n\t\t\t\t\t\t\t\t\t\t\t\t\t<div class=\"premium-blog-thumbnail-overlay\">\r\n\t\t\t\t\t\t\t\t<a class=\"elementor-icon\" href=\"https:\/\/garbar.info\/en\/reforma-a-la-legislacion-forestal\/\" target=\"_self\"><span>Reforma a la Legislaci\u00f3n Forestal<\/span><\/a>\r\n\t\t\t\t\t\t\t<\/div>\r\n\r\n\t\t\t\t\t\t\t\t\t\t\t\t\t\t\t\t\t\t<\/div>\r\n\t\t\t\t\t\t\t\t\t\t\t\t<div class=\"premium-blog-content-wrapper\">\r\n\r\n\t\t\t\t\t<div class=\"premium-blog-inner-container\">\r\n\r\n\t\t\t\t\t\t\t\t\t\t\t\t\t\t<h2 class=\"premium-blog-entry-title\">\r\n\t\t\t<a href=\"https:\/\/garbar.info\/en\/reforma-a-la-legislacion-forestal\/\" target=\"_self\">\r\n\t\t\t\tReforma a la Legislaci\u00f3n Forestal\t\t\t<\/a>\r\n\t\t<\/h2>\r\n\t\t\t\t<div class=\"premium-blog-entry-meta\">\r\n\t\t\t\r\n\t\t\t\t\t\t\t<span class=\"premium-blog-meta-separator\">\u2022<\/span>\r\n\t\t\t\t<div class=\"premium-blog-post-time premium-blog-meta-data\">\r\n\t\t\t\t\t<i class=\"fa fa-calendar-alt\" aria-hidden=\"true\"><\/i>\r\n\t\t\t\t\t<span>7 de May de 2020<\/span>\r\n\t\t\t\t<\/div>\r\n\t\t\t\r\n\t\t\t\t\t\t\t<span class=\"premium-blog-meta-separator\">\u2022<\/span>\r\n\t\t\t\t<div class=\"premium-blog-post-categories premium-blog-meta-data\">\r\n\t\t\t\t\t<i class=\"fa fa-align-left fa-fw\" aria-hidden=\"true\"><\/i>\r\n\t\t\t\t\t<a href=\"https:\/\/garbar.info\/en\/category\/agrario\/\" rel=\"category tag\">Agrarian<\/a>, <a href=\"https:\/\/garbar.info\/en\/category\/construccion\/\" rel=\"category tag\">Construction<\/a>, <a href=\"https:\/\/garbar.info\/en\/category\/hoteleria-y-turismo\/\" rel=\"category tag\">Hotels and Tourism<\/a>, <a href=\"https:\/\/garbar.info\/en\/category\/inmobiliario\/\" rel=\"category tag\">Real Estate and Construction<\/a>\t\t\t\t<\/div>\r\n\t\t\t\r\n\t\t\t\t\t<\/div>\r\n\t\t\r\n\t\t\t\t\t<\/div>\r\n\r\n\t\t\t\t\t\t\t\t\t\t\r\n\t\t\t\t<\/div>\r\n\t\t\t<\/div>\r\n\t\t<\/div>\r\n\r\n\t\t\t\t<div class=\"premium-blog-post-outer-container laboral-y-seguridad-social\" data-total=\"1\">\r\n\t\t\t<div class=\"premium-blog-post-container premium-blog-skin-classic\">\r\n\t\t\t\t\t\t\t\t\t<div class=\"premium-blog-thumb-effect-wrapper\">\r\n\t\t\t\t\t\t<div class=\"premium-blog-thumbnail-container premium-blog-zoomin-effect\">\r\n\t\t\t\t\t\t\t<img loading=\"lazy\" decoding=\"async\" width=\"1200\" height=\"675\" src=\"https:\/\/garbar.info\/wp-content\/uploads\/2024\/10\/Consejo-Tecnico-del-IMSS-difunde-instrumentos-legales-y-administrativos-para-facilitar-el-pago-de-cuotas-obrero-patronales.jpg\" class=\"attachment-full size-full wp-image-897\" alt=\"\" srcset=\"https:\/\/garbar.info\/wp-content\/uploads\/2024\/10\/Consejo-Tecnico-del-IMSS-difunde-instrumentos-legales-y-administrativos-para-facilitar-el-pago-de-cuotas-obrero-patronales.jpg 1200w, https:\/\/garbar.info\/wp-content\/uploads\/2024\/10\/Consejo-Tecnico-del-IMSS-difunde-instrumentos-legales-y-administrativos-para-facilitar-el-pago-de-cuotas-obrero-patronales-300x169.jpg 300w, https:\/\/garbar.info\/wp-content\/uploads\/2024\/10\/Consejo-Tecnico-del-IMSS-difunde-instrumentos-legales-y-administrativos-para-facilitar-el-pago-de-cuotas-obrero-patronales-1024x576.jpg 1024w, https:\/\/garbar.info\/wp-content\/uploads\/2024\/10\/Consejo-Tecnico-del-IMSS-difunde-instrumentos-legales-y-administrativos-para-facilitar-el-pago-de-cuotas-obrero-patronales-768x432.jpg 768w, https:\/\/garbar.info\/wp-content\/uploads\/2024\/10\/Consejo-Tecnico-del-IMSS-difunde-instrumentos-legales-y-administrativos-para-facilitar-el-pago-de-cuotas-obrero-patronales-18x10.jpg 18w\" sizes=\"(max-width: 1200px) 100vw, 1200px\" \/>\t\t\t\t\t\t<\/div>\r\n\t\t\t\t\t\t\t\t\t\t\t\t\t<div class=\"premium-blog-thumbnail-overlay\">\r\n\t\t\t\t\t\t\t\t<a class=\"elementor-icon\" href=\"https:\/\/garbar.info\/en\/consejo-tecnico-del-imss-difunde-instrumentos-legales-y-administrativos-para-facilitar-el-pago-de-cuotas-obrero-patronales\/\" target=\"_self\"><span>Consejo T\u00e9cnico del IMSS difunde instrumentos legales y administrativos para facilitar el pago de cuotas obrero-patronales.<\/span><\/a>\r\n\t\t\t\t\t\t\t<\/div>\r\n\r\n\t\t\t\t\t\t\t\t\t\t\t\t\t\t\t\t\t\t<\/div>\r\n\t\t\t\t\t\t\t\t\t\t\t\t<div class=\"premium-blog-content-wrapper\">\r\n\r\n\t\t\t\t\t<div class=\"premium-blog-inner-container\">\r\n\r\n\t\t\t\t\t\t\t\t\t\t\t\t\t\t<h2 class=\"premium-blog-entry-title\">\r\n\t\t\t<a href=\"https:\/\/garbar.info\/en\/consejo-tecnico-del-imss-difunde-instrumentos-legales-y-administrativos-para-facilitar-el-pago-de-cuotas-obrero-patronales\/\" target=\"_self\">\r\n\t\t\t\tConsejo T\u00e9cnico del IMSS difunde instrumentos legales y administrativos para facilitar el pago de cuotas obrero-patronales.\t\t\t<\/a>\r\n\t\t<\/h2>\r\n\t\t\t\t<div class=\"premium-blog-entry-meta\">\r\n\t\t\t\r\n\t\t\t\t\t\t\t<span class=\"premium-blog-meta-separator\">\u2022<\/span>\r\n\t\t\t\t<div class=\"premium-blog-post-time premium-blog-meta-data\">\r\n\t\t\t\t\t<i class=\"fa fa-calendar-alt\" aria-hidden=\"true\"><\/i>\r\n\t\t\t\t\t<span>7 de May de 2020<\/span>\r\n\t\t\t\t<\/div>\r\n\t\t\t\r\n\t\t\t\t\t\t\t<span class=\"premium-blog-meta-separator\">\u2022<\/span>\r\n\t\t\t\t<div class=\"premium-blog-post-categories premium-blog-meta-data\">\r\n\t\t\t\t\t<i class=\"fa fa-align-left fa-fw\" aria-hidden=\"true\"><\/i>\r\n\t\t\t\t\t<a href=\"https:\/\/garbar.info\/en\/category\/laboral-y-seguridad-social\/\" rel=\"category tag\">Labor and Social Security<\/a>\t\t\t\t<\/div>\r\n\t\t\t\r\n\t\t\t\t\t<\/div>\r\n\t\t\r\n\t\t\t\t\t<\/div>\r\n\r\n\t\t\t\t\t\t\t\t\t\t\r\n\t\t\t\t<\/div>\r\n\t\t\t<\/div>\r\n\t\t<\/div>\r\n\r\n\t\t\t\t<div class=\"premium-blog-post-outer-container regulatorio\" data-total=\"1\">\r\n\t\t\t<div class=\"premium-blog-post-container premium-blog-skin-classic\">\r\n\t\t\t\t\t\t\t\t\t<div class=\"premium-blog-thumb-effect-wrapper\">\r\n\t\t\t\t\t\t<div class=\"premium-blog-thumbnail-container premium-blog-zoomin-effect\">\r\n\t\t\t\t\t\t\t<img loading=\"lazy\" decoding=\"async\" width=\"1200\" height=\"675\" src=\"https:\/\/garbar.info\/wp-content\/uploads\/2024\/10\/El-proceso-de-competencia-en-la-epoca-del-Covid-19.-_-Inadecuada-interpretacion-por-parte-de-los-agentes-economicos-respecto-de-la-permisividad-de-la-COFECE-de-celebrar-acuerdos-entre-competidores.jpg\" class=\"attachment-full size-full wp-image-891\" alt=\"\" srcset=\"https:\/\/garbar.info\/wp-content\/uploads\/2024\/10\/El-proceso-de-competencia-en-la-epoca-del-Covid-19.-_-Inadecuada-interpretacion-por-parte-de-los-agentes-economicos-respecto-de-la-permisividad-de-la-COFECE-de-celebrar-acuerdos-entre-competidores.jpg 1200w, https:\/\/garbar.info\/wp-content\/uploads\/2024\/10\/El-proceso-de-competencia-en-la-epoca-del-Covid-19.-_-Inadecuada-interpretacion-por-parte-de-los-agentes-economicos-respecto-de-la-permisividad-de-la-COFECE-de-celebrar-acuerdos-entre-competidores-300x169.jpg 300w, https:\/\/garbar.info\/wp-content\/uploads\/2024\/10\/El-proceso-de-competencia-en-la-epoca-del-Covid-19.-_-Inadecuada-interpretacion-por-parte-de-los-agentes-economicos-respecto-de-la-permisividad-de-la-COFECE-de-celebrar-acuerdos-entre-competidores-1024x576.jpg 1024w, https:\/\/garbar.info\/wp-content\/uploads\/2024\/10\/El-proceso-de-competencia-en-la-epoca-del-Covid-19.-_-Inadecuada-interpretacion-por-parte-de-los-agentes-economicos-respecto-de-la-permisividad-de-la-COFECE-de-celebrar-acuerdos-entre-competidores-768x432.jpg 768w, https:\/\/garbar.info\/wp-content\/uploads\/2024\/10\/El-proceso-de-competencia-en-la-epoca-del-Covid-19.-_-Inadecuada-interpretacion-por-parte-de-los-agentes-economicos-respecto-de-la-permisividad-de-la-COFECE-de-celebrar-acuerdos-entre-competidores-18x10.jpg 18w\" sizes=\"(max-width: 1200px) 100vw, 1200px\" \/>\t\t\t\t\t\t<\/div>\r\n\t\t\t\t\t\t\t\t\t\t\t\t\t<div class=\"premium-blog-thumbnail-overlay\">\r\n\t\t\t\t\t\t\t\t<a class=\"elementor-icon\" href=\"https:\/\/garbar.info\/en\/el-proceso-de-competencia-en-la-epoca-del-covid-19-inadecuada-interpretacion-por-parte-de-los-agentes-economicos-respecto-de-la-permisividad-de-la-cofece-de-celebrar-acuerdos-entre-competidores\/\" target=\"_self\"><span>El proceso de competencia en la \u00e9poca del Covid-19. | Inadecuada interpretaci\u00f3n por parte de los agentes econ\u00f3micos respecto de la permisividad de la COFECE de celebrar acuerdos entre competidores.<\/span><\/a>\r\n\t\t\t\t\t\t\t<\/div>\r\n\r\n\t\t\t\t\t\t\t\t\t\t\t\t\t\t\t\t\t\t<\/div>\r\n\t\t\t\t\t\t\t\t\t\t\t\t<div class=\"premium-blog-content-wrapper\">\r\n\r\n\t\t\t\t\t<div class=\"premium-blog-inner-container\">\r\n\r\n\t\t\t\t\t\t\t\t\t\t\t\t\t\t<h2 class=\"premium-blog-entry-title\">\r\n\t\t\t<a href=\"https:\/\/garbar.info\/en\/el-proceso-de-competencia-en-la-epoca-del-covid-19-inadecuada-interpretacion-por-parte-de-los-agentes-economicos-respecto-de-la-permisividad-de-la-cofece-de-celebrar-acuerdos-entre-competidores\/\" target=\"_self\">\r\n\t\t\t\tEl proceso de competencia en la \u00e9poca del Covid-19. | Inadecuada interpretaci\u00f3n por parte de los agentes econ\u00f3micos respecto de la permisividad de la COFECE de celebrar acuerdos entre competidores.\t\t\t<\/a>\r\n\t\t<\/h2>\r\n\t\t\t\t<div class=\"premium-blog-entry-meta\">\r\n\t\t\t\r\n\t\t\t\t\t\t\t<span class=\"premium-blog-meta-separator\">\u2022<\/span>\r\n\t\t\t\t<div class=\"premium-blog-post-time premium-blog-meta-data\">\r\n\t\t\t\t\t<i class=\"fa fa-calendar-alt\" aria-hidden=\"true\"><\/i>\r\n\t\t\t\t\t<span>14 de April de 2020<\/span>\r\n\t\t\t\t<\/div>\r\n\t\t\t\r\n\t\t\t\t\t\t\t<span class=\"premium-blog-meta-separator\">\u2022<\/span>\r\n\t\t\t\t<div class=\"premium-blog-post-categories premium-blog-meta-data\">\r\n\t\t\t\t\t<i class=\"fa fa-align-left fa-fw\" aria-hidden=\"true\"><\/i>\r\n\t\t\t\t\t<a href=\"https:\/\/garbar.info\/en\/category\/regulatorio\/\" rel=\"category tag\">Regulatory<\/a>\t\t\t\t<\/div>\r\n\t\t\t\r\n\t\t\t\t\t<\/div>\r\n\t\t\r\n\t\t\t\t\t<\/div>\r\n\r\n\t\t\t\t\t\t\t\t\t\t\r\n\t\t\t\t<\/div>\r\n\t\t\t<\/div>\r\n\t\t<\/div>\r\n\r\n\t\t\t\t<div class=\"premium-blog-post-outer-container fiscal\" data-total=\"1\">\r\n\t\t\t<div class=\"premium-blog-post-container premium-blog-skin-classic\">\r\n\t\t\t\t\t\t\t\t\t<div class=\"premium-blog-thumb-effect-wrapper\">\r\n\t\t\t\t\t\t<div class=\"premium-blog-thumbnail-container premium-blog-zoomin-effect\">\r\n\t\t\t\t\t\t\t<img loading=\"lazy\" decoding=\"async\" width=\"1200\" height=\"675\" src=\"https:\/\/garbar.info\/wp-content\/uploads\/2024\/10\/RNIE-Avisos-de-actualizacion-trimestral-2020-Informe-economico-anual-2019.jpg\" class=\"attachment-full size-full wp-image-885\" alt=\"\" srcset=\"https:\/\/garbar.info\/wp-content\/uploads\/2024\/10\/RNIE-Avisos-de-actualizacion-trimestral-2020-Informe-economico-anual-2019.jpg 1200w, https:\/\/garbar.info\/wp-content\/uploads\/2024\/10\/RNIE-Avisos-de-actualizacion-trimestral-2020-Informe-economico-anual-2019-300x169.jpg 300w, https:\/\/garbar.info\/wp-content\/uploads\/2024\/10\/RNIE-Avisos-de-actualizacion-trimestral-2020-Informe-economico-anual-2019-1024x576.jpg 1024w, https:\/\/garbar.info\/wp-content\/uploads\/2024\/10\/RNIE-Avisos-de-actualizacion-trimestral-2020-Informe-economico-anual-2019-768x432.jpg 768w, https:\/\/garbar.info\/wp-content\/uploads\/2024\/10\/RNIE-Avisos-de-actualizacion-trimestral-2020-Informe-economico-anual-2019-18x10.jpg 18w\" sizes=\"(max-width: 1200px) 100vw, 1200px\" \/>\t\t\t\t\t\t<\/div>\r\n\t\t\t\t\t\t\t\t\t\t\t\t\t<div class=\"premium-blog-thumbnail-overlay\">\r\n\t\t\t\t\t\t\t\t<a class=\"elementor-icon\" href=\"https:\/\/garbar.info\/en\/rnie-avisos-de-actualizacion-trimestral-2020-informe-economico-anual-2019\/\" target=\"_self\"><span>RNIE &#8211; Avisos de actualizaci\u00f3n trimestral 2020 &#8211; Informe econ\u00f3mico anual 2019.<\/span><\/a>\r\n\t\t\t\t\t\t\t<\/div>\r\n\r\n\t\t\t\t\t\t\t\t\t\t\t\t\t\t\t\t\t\t<\/div>\r\n\t\t\t\t\t\t\t\t\t\t\t\t<div class=\"premium-blog-content-wrapper\">\r\n\r\n\t\t\t\t\t<div class=\"premium-blog-inner-container\">\r\n\r\n\t\t\t\t\t\t\t\t\t\t\t\t\t\t<h2 class=\"premium-blog-entry-title\">\r\n\t\t\t<a href=\"https:\/\/garbar.info\/en\/rnie-avisos-de-actualizacion-trimestral-2020-informe-economico-anual-2019\/\" target=\"_self\">\r\n\t\t\t\tRNIE &#8211; Avisos de actualizaci\u00f3n trimestral 2020 &#8211; Informe econ\u00f3mico anual 2019.\t\t\t<\/a>\r\n\t\t<\/h2>\r\n\t\t\t\t<div class=\"premium-blog-entry-meta\">\r\n\t\t\t\r\n\t\t\t\t\t\t\t<span class=\"premium-blog-meta-separator\">\u2022<\/span>\r\n\t\t\t\t<div class=\"premium-blog-post-time premium-blog-meta-data\">\r\n\t\t\t\t\t<i class=\"fa fa-calendar-alt\" aria-hidden=\"true\"><\/i>\r\n\t\t\t\t\t<span>8 de April de 2020<\/span>\r\n\t\t\t\t<\/div>\r\n\t\t\t\r\n\t\t\t\t\t\t\t<span class=\"premium-blog-meta-separator\">\u2022<\/span>\r\n\t\t\t\t<div class=\"premium-blog-post-categories premium-blog-meta-data\">\r\n\t\t\t\t\t<i class=\"fa fa-align-left fa-fw\" aria-hidden=\"true\"><\/i>\r\n\t\t\t\t\t<a href=\"https:\/\/garbar.info\/en\/category\/fiscal\/\" rel=\"category tag\">Tax Law<\/a>\t\t\t\t<\/div>\r\n\t\t\t\r\n\t\t\t\t\t<\/div>\r\n\t\t\r\n\t\t\t\t\t<\/div>\r\n\r\n\t\t\t\t\t\t\t\t\t\t\r\n\t\t\t\t<\/div>\r\n\t\t\t<\/div>\r\n\t\t<\/div>\r\n\r\n\t\t\t\t<div class=\"premium-blog-post-outer-container regulatorio\" data-total=\"1\">\r\n\t\t\t<div class=\"premium-blog-post-container premium-blog-skin-classic\">\r\n\t\t\t\t\t\t\t\t\t<div class=\"premium-blog-thumb-effect-wrapper\">\r\n\t\t\t\t\t\t<div class=\"premium-blog-thumbnail-container premium-blog-zoomin-effect\">\r\n\t\t\t\t\t\t\t<img loading=\"lazy\" decoding=\"async\" width=\"1200\" height=\"675\" src=\"https:\/\/garbar.info\/wp-content\/uploads\/2024\/10\/Criterios-aplicables-para-el-desarrollo-de-inspecciones-extraordinarias-derivadas-de-la-declaratoria-de-emergencia-sanitaria-por-causa-de-fuerza-mayor.jpg\" class=\"attachment-full size-full wp-image-879\" alt=\"\" srcset=\"https:\/\/garbar.info\/wp-content\/uploads\/2024\/10\/Criterios-aplicables-para-el-desarrollo-de-inspecciones-extraordinarias-derivadas-de-la-declaratoria-de-emergencia-sanitaria-por-causa-de-fuerza-mayor.jpg 1200w, https:\/\/garbar.info\/wp-content\/uploads\/2024\/10\/Criterios-aplicables-para-el-desarrollo-de-inspecciones-extraordinarias-derivadas-de-la-declaratoria-de-emergencia-sanitaria-por-causa-de-fuerza-mayor-300x169.jpg 300w, https:\/\/garbar.info\/wp-content\/uploads\/2024\/10\/Criterios-aplicables-para-el-desarrollo-de-inspecciones-extraordinarias-derivadas-de-la-declaratoria-de-emergencia-sanitaria-por-causa-de-fuerza-mayor-1024x576.jpg 1024w, https:\/\/garbar.info\/wp-content\/uploads\/2024\/10\/Criterios-aplicables-para-el-desarrollo-de-inspecciones-extraordinarias-derivadas-de-la-declaratoria-de-emergencia-sanitaria-por-causa-de-fuerza-mayor-768x432.jpg 768w, https:\/\/garbar.info\/wp-content\/uploads\/2024\/10\/Criterios-aplicables-para-el-desarrollo-de-inspecciones-extraordinarias-derivadas-de-la-declaratoria-de-emergencia-sanitaria-por-causa-de-fuerza-mayor-18x10.jpg 18w\" sizes=\"(max-width: 1200px) 100vw, 1200px\" \/>\t\t\t\t\t\t<\/div>\r\n\t\t\t\t\t\t\t\t\t\t\t\t\t<div class=\"premium-blog-thumbnail-overlay\">\r\n\t\t\t\t\t\t\t\t<a class=\"elementor-icon\" href=\"https:\/\/garbar.info\/en\/criterios-aplicables-para-el-desarrollo-de-inspecciones-extraordinarias-derivadas-de-la-declaratoria-de-emergencia-sanitaria-por-causa-de-fuerza-mayor\/\" target=\"_self\"><span>Criterios aplicables para el desarrollo de inspecciones extraordinarias derivadas de la declaratoria de emergencia sanitaria por causa de fuerza mayor.<\/span><\/a>\r\n\t\t\t\t\t\t\t<\/div>\r\n\r\n\t\t\t\t\t\t\t\t\t\t\t\t\t\t\t\t\t\t<\/div>\r\n\t\t\t\t\t\t\t\t\t\t\t\t<div class=\"premium-blog-content-wrapper\">\r\n\r\n\t\t\t\t\t<div class=\"premium-blog-inner-container\">\r\n\r\n\t\t\t\t\t\t\t\t\t\t\t\t\t\t<h2 class=\"premium-blog-entry-title\">\r\n\t\t\t<a href=\"https:\/\/garbar.info\/en\/criterios-aplicables-para-el-desarrollo-de-inspecciones-extraordinarias-derivadas-de-la-declaratoria-de-emergencia-sanitaria-por-causa-de-fuerza-mayor\/\" target=\"_self\">\r\n\t\t\t\tCriterios aplicables para el desarrollo de inspecciones extraordinarias derivadas de la declaratoria de emergencia sanitaria por causa de fuerza mayor.\t\t\t<\/a>\r\n\t\t<\/h2>\r\n\t\t\t\t<div class=\"premium-blog-entry-meta\">\r\n\t\t\t\r\n\t\t\t\t\t\t\t<span class=\"premium-blog-meta-separator\">\u2022<\/span>\r\n\t\t\t\t<div class=\"premium-blog-post-time premium-blog-meta-data\">\r\n\t\t\t\t\t<i class=\"fa fa-calendar-alt\" aria-hidden=\"true\"><\/i>\r\n\t\t\t\t\t<span>8 de April de 2020<\/span>\r\n\t\t\t\t<\/div>\r\n\t\t\t\r\n\t\t\t\t\t\t\t<span class=\"premium-blog-meta-separator\">\u2022<\/span>\r\n\t\t\t\t<div class=\"premium-blog-post-categories premium-blog-meta-data\">\r\n\t\t\t\t\t<i class=\"fa fa-align-left fa-fw\" aria-hidden=\"true\"><\/i>\r\n\t\t\t\t\t<a href=\"https:\/\/garbar.info\/en\/category\/regulatorio\/\" rel=\"category tag\">Regulatory<\/a>\t\t\t\t<\/div>\r\n\t\t\t\r\n\t\t\t\t\t<\/div>\r\n\t\t\r\n\t\t\t\t\t<\/div>\r\n\r\n\t\t\t\t\t\t\t\t\t\t\r\n\t\t\t\t<\/div>\r\n\t\t\t<\/div>\r\n\t\t<\/div>\r\n\r\n\t\t\t\t<div class=\"premium-blog-post-outer-container regulatorio\" data-total=\"1\">\r\n\t\t\t<div class=\"premium-blog-post-container premium-blog-skin-classic\">\r\n\t\t\t\t\t\t\t\t\t<div class=\"premium-blog-thumb-effect-wrapper\">\r\n\t\t\t\t\t\t<div class=\"premium-blog-thumbnail-container premium-blog-zoomin-effect\">\r\n\t\t\t\t\t\t\t<img loading=\"lazy\" decoding=\"async\" width=\"1200\" height=\"675\" src=\"https:\/\/garbar.info\/wp-content\/uploads\/2024\/10\/Modificaciones-a-las-disposiciones-referentes-al-etiquetado-de-alimentos-y-bebidas-no-alcoholicas.jpg\" class=\"attachment-full size-full wp-image-873\" alt=\"\" srcset=\"https:\/\/garbar.info\/wp-content\/uploads\/2024\/10\/Modificaciones-a-las-disposiciones-referentes-al-etiquetado-de-alimentos-y-bebidas-no-alcoholicas.jpg 1200w, https:\/\/garbar.info\/wp-content\/uploads\/2024\/10\/Modificaciones-a-las-disposiciones-referentes-al-etiquetado-de-alimentos-y-bebidas-no-alcoholicas-300x169.jpg 300w, https:\/\/garbar.info\/wp-content\/uploads\/2024\/10\/Modificaciones-a-las-disposiciones-referentes-al-etiquetado-de-alimentos-y-bebidas-no-alcoholicas-1024x576.jpg 1024w, https:\/\/garbar.info\/wp-content\/uploads\/2024\/10\/Modificaciones-a-las-disposiciones-referentes-al-etiquetado-de-alimentos-y-bebidas-no-alcoholicas-768x432.jpg 768w, https:\/\/garbar.info\/wp-content\/uploads\/2024\/10\/Modificaciones-a-las-disposiciones-referentes-al-etiquetado-de-alimentos-y-bebidas-no-alcoholicas-18x10.jpg 18w\" sizes=\"(max-width: 1200px) 100vw, 1200px\" \/>\t\t\t\t\t\t<\/div>\r\n\t\t\t\t\t\t\t\t\t\t\t\t\t<div class=\"premium-blog-thumbnail-overlay\">\r\n\t\t\t\t\t\t\t\t<a class=\"elementor-icon\" href=\"https:\/\/garbar.info\/en\/modificaciones-a-las-disposiciones-referentes-al-etiquetado-de-alimentos-y-bebidas-no-alcoholicas\/\" target=\"_self\"><span>Modificaciones a las disposiciones referentes al etiquetado de alimentos y bebidas no alcoh\u00f3licas.<\/span><\/a>\r\n\t\t\t\t\t\t\t<\/div>\r\n\r\n\t\t\t\t\t\t\t\t\t\t\t\t\t\t\t\t\t\t<\/div>\r\n\t\t\t\t\t\t\t\t\t\t\t\t<div class=\"premium-blog-content-wrapper\">\r\n\r\n\t\t\t\t\t<div class=\"premium-blog-inner-container\">\r\n\r\n\t\t\t\t\t\t\t\t\t\t\t\t\t\t<h2 class=\"premium-blog-entry-title\">\r\n\t\t\t<a href=\"https:\/\/garbar.info\/en\/modificaciones-a-las-disposiciones-referentes-al-etiquetado-de-alimentos-y-bebidas-no-alcoholicas\/\" target=\"_self\">\r\n\t\t\t\tModificaciones a las disposiciones referentes al etiquetado de alimentos y bebidas no alcoh\u00f3licas.\t\t\t<\/a>\r\n\t\t<\/h2>\r\n\t\t\t\t<div class=\"premium-blog-entry-meta\">\r\n\t\t\t\r\n\t\t\t\t\t\t\t<span class=\"premium-blog-meta-separator\">\u2022<\/span>\r\n\t\t\t\t<div class=\"premium-blog-post-time premium-blog-meta-data\">\r\n\t\t\t\t\t<i class=\"fa fa-calendar-alt\" aria-hidden=\"true\"><\/i>\r\n\t\t\t\t\t<span>3 de April de 2020<\/span>\r\n\t\t\t\t<\/div>\r\n\t\t\t\r\n\t\t\t\t\t\t\t<span class=\"premium-blog-meta-separator\">\u2022<\/span>\r\n\t\t\t\t<div class=\"premium-blog-post-categories premium-blog-meta-data\">\r\n\t\t\t\t\t<i class=\"fa fa-align-left fa-fw\" aria-hidden=\"true\"><\/i>\r\n\t\t\t\t\t<a href=\"https:\/\/garbar.info\/en\/category\/regulatorio\/\" rel=\"category tag\">Regulatory<\/a>\t\t\t\t<\/div>\r\n\t\t\t\r\n\t\t\t\t\t<\/div>\r\n\t\t\r\n\t\t\t\t\t<\/div>\r\n\r\n\t\t\t\t\t\t\t\t\t\t\r\n\t\t\t\t<\/div>\r\n\t\t\t<\/div>\r\n\t\t<\/div>\r\n\r\n\t\t\t\t<div class=\"premium-blog-post-outer-container regulatorio\" data-total=\"1\">\r\n\t\t\t<div class=\"premium-blog-post-container premium-blog-skin-classic\">\r\n\t\t\t\t\t\t\t\t\t<div class=\"premium-blog-thumb-effect-wrapper\">\r\n\t\t\t\t\t\t<div class=\"premium-blog-thumbnail-container premium-blog-zoomin-effect\">\r\n\t\t\t\t\t\t\t<img loading=\"lazy\" decoding=\"async\" width=\"1200\" height=\"675\" src=\"https:\/\/garbar.info\/wp-content\/uploads\/2024\/10\/Licencias-de-Utilidad-Publica.jpg\" class=\"attachment-full size-full wp-image-867\" alt=\"\" srcset=\"https:\/\/garbar.info\/wp-content\/uploads\/2024\/10\/Licencias-de-Utilidad-Publica.jpg 1200w, https:\/\/garbar.info\/wp-content\/uploads\/2024\/10\/Licencias-de-Utilidad-Publica-300x169.jpg 300w, https:\/\/garbar.info\/wp-content\/uploads\/2024\/10\/Licencias-de-Utilidad-Publica-1024x576.jpg 1024w, https:\/\/garbar.info\/wp-content\/uploads\/2024\/10\/Licencias-de-Utilidad-Publica-768x432.jpg 768w, https:\/\/garbar.info\/wp-content\/uploads\/2024\/10\/Licencias-de-Utilidad-Publica-18x10.jpg 18w\" sizes=\"(max-width: 1200px) 100vw, 1200px\" \/>\t\t\t\t\t\t<\/div>\r\n\t\t\t\t\t\t\t\t\t\t\t\t\t<div class=\"premium-blog-thumbnail-overlay\">\r\n\t\t\t\t\t\t\t\t<a class=\"elementor-icon\" href=\"https:\/\/garbar.info\/en\/licencias-de-utilidad-publica\/\" target=\"_self\"><span>Licencias de Utilidad P\u00fablica<\/span><\/a>\r\n\t\t\t\t\t\t\t<\/div>\r\n\r\n\t\t\t\t\t\t\t\t\t\t\t\t\t\t\t\t\t\t<\/div>\r\n\t\t\t\t\t\t\t\t\t\t\t\t<div class=\"premium-blog-content-wrapper\">\r\n\r\n\t\t\t\t\t<div class=\"premium-blog-inner-container\">\r\n\r\n\t\t\t\t\t\t\t\t\t\t\t\t\t\t<h2 class=\"premium-blog-entry-title\">\r\n\t\t\t<a href=\"https:\/\/garbar.info\/en\/licencias-de-utilidad-publica\/\" target=\"_self\">\r\n\t\t\t\tLicencias de Utilidad P\u00fablica\t\t\t<\/a>\r\n\t\t<\/h2>\r\n\t\t\t\t<div class=\"premium-blog-entry-meta\">\r\n\t\t\t\r\n\t\t\t\t\t\t\t<span class=\"premium-blog-meta-separator\">\u2022<\/span>\r\n\t\t\t\t<div class=\"premium-blog-post-time premium-blog-meta-data\">\r\n\t\t\t\t\t<i class=\"fa fa-calendar-alt\" aria-hidden=\"true\"><\/i>\r\n\t\t\t\t\t<span>3 de April de 2020<\/span>\r\n\t\t\t\t<\/div>\r\n\t\t\t\r\n\t\t\t\t\t\t\t<span class=\"premium-blog-meta-separator\">\u2022<\/span>\r\n\t\t\t\t<div class=\"premium-blog-post-categories premium-blog-meta-data\">\r\n\t\t\t\t\t<i class=\"fa fa-align-left fa-fw\" aria-hidden=\"true\"><\/i>\r\n\t\t\t\t\t<a href=\"https:\/\/garbar.info\/en\/category\/regulatorio\/\" rel=\"category tag\">Regulatory<\/a>\t\t\t\t<\/div>\r\n\t\t\t\r\n\t\t\t\t\t<\/div>\r\n\t\t\r\n\t\t\t\t\t<\/div>\r\n\r\n\t\t\t\t\t\t\t\t\t\t\r\n\t\t\t\t<\/div>\r\n\t\t\t<\/div>\r\n\t\t<\/div>\r\n\r\n\t\t\t\t<div class=\"premium-blog-post-outer-container regulatorio\" data-total=\"1\">\r\n\t\t\t<div class=\"premium-blog-post-container premium-blog-skin-classic\">\r\n\t\t\t\t\t\t\t\t\t<div class=\"premium-blog-thumb-effect-wrapper\">\r\n\t\t\t\t\t\t<div class=\"premium-blog-thumbnail-container premium-blog-zoomin-effect\">\r\n\t\t\t\t\t\t\t<img loading=\"lazy\" decoding=\"async\" width=\"1200\" height=\"675\" src=\"https:\/\/garbar.info\/wp-content\/uploads\/2024\/10\/Situacion-de-Autoridades-en-temas-de-P.I.-y-Regulatorio-ante-epidemia-COVID-19.jpg\" class=\"attachment-full size-full wp-image-861\" alt=\"\" srcset=\"https:\/\/garbar.info\/wp-content\/uploads\/2024\/10\/Situacion-de-Autoridades-en-temas-de-P.I.-y-Regulatorio-ante-epidemia-COVID-19.jpg 1200w, https:\/\/garbar.info\/wp-content\/uploads\/2024\/10\/Situacion-de-Autoridades-en-temas-de-P.I.-y-Regulatorio-ante-epidemia-COVID-19-300x169.jpg 300w, https:\/\/garbar.info\/wp-content\/uploads\/2024\/10\/Situacion-de-Autoridades-en-temas-de-P.I.-y-Regulatorio-ante-epidemia-COVID-19-1024x576.jpg 1024w, https:\/\/garbar.info\/wp-content\/uploads\/2024\/10\/Situacion-de-Autoridades-en-temas-de-P.I.-y-Regulatorio-ante-epidemia-COVID-19-768x432.jpg 768w, https:\/\/garbar.info\/wp-content\/uploads\/2024\/10\/Situacion-de-Autoridades-en-temas-de-P.I.-y-Regulatorio-ante-epidemia-COVID-19-18x10.jpg 18w\" sizes=\"(max-width: 1200px) 100vw, 1200px\" \/>\t\t\t\t\t\t<\/div>\r\n\t\t\t\t\t\t\t\t\t\t\t\t\t<div class=\"premium-blog-thumbnail-overlay\">\r\n\t\t\t\t\t\t\t\t<a class=\"elementor-icon\" href=\"https:\/\/garbar.info\/en\/situacion-de-autoridades-en-temas-de-p-i-y-regulatorio-ante-epidemia-covid-19\/\" target=\"_self\"><span>Situaci\u00f3n de Autoridades en temas de P.I. y Regulatorio ante epidemia COVID -19.<\/span><\/a>\r\n\t\t\t\t\t\t\t<\/div>\r\n\r\n\t\t\t\t\t\t\t\t\t\t\t\t\t\t\t\t\t\t<\/div>\r\n\t\t\t\t\t\t\t\t\t\t\t\t<div class=\"premium-blog-content-wrapper\">\r\n\r\n\t\t\t\t\t<div class=\"premium-blog-inner-container\">\r\n\r\n\t\t\t\t\t\t\t\t\t\t\t\t\t\t<h2 class=\"premium-blog-entry-title\">\r\n\t\t\t<a href=\"https:\/\/garbar.info\/en\/situacion-de-autoridades-en-temas-de-p-i-y-regulatorio-ante-epidemia-covid-19\/\" target=\"_self\">\r\n\t\t\t\tSituaci\u00f3n de Autoridades en temas de P.I. y Regulatorio ante epidemia COVID -19.\t\t\t<\/a>\r\n\t\t<\/h2>\r\n\t\t\t\t<div class=\"premium-blog-entry-meta\">\r\n\t\t\t\r\n\t\t\t\t\t\t\t<span class=\"premium-blog-meta-separator\">\u2022<\/span>\r\n\t\t\t\t<div class=\"premium-blog-post-time premium-blog-meta-data\">\r\n\t\t\t\t\t<i class=\"fa fa-calendar-alt\" aria-hidden=\"true\"><\/i>\r\n\t\t\t\t\t<span>3 de April de 2020<\/span>\r\n\t\t\t\t<\/div>\r\n\t\t\t\r\n\t\t\t\t\t\t\t<span class=\"premium-blog-meta-separator\">\u2022<\/span>\r\n\t\t\t\t<div class=\"premium-blog-post-categories premium-blog-meta-data\">\r\n\t\t\t\t\t<i class=\"fa fa-align-left fa-fw\" aria-hidden=\"true\"><\/i>\r\n\t\t\t\t\t<a href=\"https:\/\/garbar.info\/en\/category\/regulatorio\/\" rel=\"category tag\">Regulatory<\/a>\t\t\t\t<\/div>\r\n\t\t\t\r\n\t\t\t\t\t<\/div>\r\n\t\t\r\n\t\t\t\t\t<\/div>\r\n\r\n\t\t\t\t\t\t\t\t\t\t\r\n\t\t\t\t<\/div>\r\n\t\t\t<\/div>\r\n\t\t<\/div>\r\n\r\n\t\t\t\t<div class=\"premium-blog-post-outer-container bancario-y-financiero\" data-total=\"1\">\r\n\t\t\t<div class=\"premium-blog-post-container premium-blog-skin-classic\">\r\n\t\t\t\t\t\t\t\t\t<div class=\"premium-blog-thumb-effect-wrapper\">\r\n\t\t\t\t\t\t<div class=\"premium-blog-thumbnail-container premium-blog-zoomin-effect\">\r\n\t\t\t\t\t\t\t<img loading=\"lazy\" decoding=\"async\" width=\"1200\" height=\"675\" src=\"https:\/\/garbar.info\/wp-content\/uploads\/2024\/10\/Suspenden-terminos-en-la-Secretaria-de-Economia-y-se-establecen-medidas-administrativas-para-contener-la-propagacion-del-coronavirus-COVID-19.jpg\" class=\"attachment-full size-full wp-image-855\" alt=\"\" srcset=\"https:\/\/garbar.info\/wp-content\/uploads\/2024\/10\/Suspenden-terminos-en-la-Secretaria-de-Economia-y-se-establecen-medidas-administrativas-para-contener-la-propagacion-del-coronavirus-COVID-19.jpg 1200w, https:\/\/garbar.info\/wp-content\/uploads\/2024\/10\/Suspenden-terminos-en-la-Secretaria-de-Economia-y-se-establecen-medidas-administrativas-para-contener-la-propagacion-del-coronavirus-COVID-19-300x169.jpg 300w, https:\/\/garbar.info\/wp-content\/uploads\/2024\/10\/Suspenden-terminos-en-la-Secretaria-de-Economia-y-se-establecen-medidas-administrativas-para-contener-la-propagacion-del-coronavirus-COVID-19-1024x576.jpg 1024w, https:\/\/garbar.info\/wp-content\/uploads\/2024\/10\/Suspenden-terminos-en-la-Secretaria-de-Economia-y-se-establecen-medidas-administrativas-para-contener-la-propagacion-del-coronavirus-COVID-19-768x432.jpg 768w, https:\/\/garbar.info\/wp-content\/uploads\/2024\/10\/Suspenden-terminos-en-la-Secretaria-de-Economia-y-se-establecen-medidas-administrativas-para-contener-la-propagacion-del-coronavirus-COVID-19-18x10.jpg 18w\" sizes=\"(max-width: 1200px) 100vw, 1200px\" \/>\t\t\t\t\t\t<\/div>\r\n\t\t\t\t\t\t\t\t\t\t\t\t\t<div class=\"premium-blog-thumbnail-overlay\">\r\n\t\t\t\t\t\t\t\t<a class=\"elementor-icon\" href=\"https:\/\/garbar.info\/en\/suspenden-terminos-en-la-secretaria-de-economia-y-se-establecen-medidas-administrativas-para-contener-la-propagacion-del-coronavirus-covid-19\/\" target=\"_self\"><span>Suspenden t\u00e9rminos en la Secretar\u00eda de Econom\u00eda y se establecen medidas administrativas para contener la propagaci\u00f3n del coronavirus COVID-19.<\/span><\/a>\r\n\t\t\t\t\t\t\t<\/div>\r\n\r\n\t\t\t\t\t\t\t\t\t\t\t\t\t\t\t\t\t\t<\/div>\r\n\t\t\t\t\t\t\t\t\t\t\t\t<div class=\"premium-blog-content-wrapper\">\r\n\r\n\t\t\t\t\t<div class=\"premium-blog-inner-container\">\r\n\r\n\t\t\t\t\t\t\t\t\t\t\t\t\t\t<h2 class=\"premium-blog-entry-title\">\r\n\t\t\t<a href=\"https:\/\/garbar.info\/en\/suspenden-terminos-en-la-secretaria-de-economia-y-se-establecen-medidas-administrativas-para-contener-la-propagacion-del-coronavirus-covid-19\/\" target=\"_self\">\r\n\t\t\t\tSuspenden t\u00e9rminos en la Secretar\u00eda de Econom\u00eda y se establecen medidas administrativas para contener la propagaci\u00f3n del coronavirus COVID-19.\t\t\t<\/a>\r\n\t\t<\/h2>\r\n\t\t\t\t<div class=\"premium-blog-entry-meta\">\r\n\t\t\t\r\n\t\t\t\t\t\t\t<span class=\"premium-blog-meta-separator\">\u2022<\/span>\r\n\t\t\t\t<div class=\"premium-blog-post-time premium-blog-meta-data\">\r\n\t\t\t\t\t<i class=\"fa fa-calendar-alt\" aria-hidden=\"true\"><\/i>\r\n\t\t\t\t\t<span>1 de April de 2020<\/span>\r\n\t\t\t\t<\/div>\r\n\t\t\t\r\n\t\t\t\t\t\t\t<span class=\"premium-blog-meta-separator\">\u2022<\/span>\r\n\t\t\t\t<div class=\"premium-blog-post-categories premium-blog-meta-data\">\r\n\t\t\t\t\t<i class=\"fa fa-align-left fa-fw\" aria-hidden=\"true\"><\/i>\r\n\t\t\t\t\t<a href=\"https:\/\/garbar.info\/en\/category\/bancario-y-financiero\/\" rel=\"category tag\">Banking and Finance<\/a>\t\t\t\t<\/div>\r\n\t\t\t\r\n\t\t\t\t\t<\/div>\r\n\t\t\r\n\t\t\t\t\t<\/div>\r\n\r\n\t\t\t\t\t\t\t\t\t\t\r\n\t\t\t\t<\/div>\r\n\t\t\t<\/div>\r\n\t\t<\/div>\r\n\r\n\t\t\t\t<div class=\"premium-blog-post-outer-container bancario-y-financiero\" data-total=\"1\">\r\n\t\t\t<div class=\"premium-blog-post-container premium-blog-skin-classic\">\r\n\t\t\t\t\t\t\t\t\t<div class=\"premium-blog-thumb-effect-wrapper\">\r\n\t\t\t\t\t\t<div class=\"premium-blog-thumbnail-container premium-blog-zoomin-effect\">\r\n\t\t\t\t\t\t\t<img loading=\"lazy\" decoding=\"async\" width=\"1200\" height=\"675\" src=\"https:\/\/garbar.info\/wp-content\/uploads\/2024\/10\/Secretaria-de-Economia-publica-nuevas-reglas-para-sociedades-extranjeras.jpg\" class=\"attachment-full size-full wp-image-849\" alt=\"\" srcset=\"https:\/\/garbar.info\/wp-content\/uploads\/2024\/10\/Secretaria-de-Economia-publica-nuevas-reglas-para-sociedades-extranjeras.jpg 1200w, https:\/\/garbar.info\/wp-content\/uploads\/2024\/10\/Secretaria-de-Economia-publica-nuevas-reglas-para-sociedades-extranjeras-300x169.jpg 300w, https:\/\/garbar.info\/wp-content\/uploads\/2024\/10\/Secretaria-de-Economia-publica-nuevas-reglas-para-sociedades-extranjeras-1024x576.jpg 1024w, https:\/\/garbar.info\/wp-content\/uploads\/2024\/10\/Secretaria-de-Economia-publica-nuevas-reglas-para-sociedades-extranjeras-768x432.jpg 768w, https:\/\/garbar.info\/wp-content\/uploads\/2024\/10\/Secretaria-de-Economia-publica-nuevas-reglas-para-sociedades-extranjeras-18x10.jpg 18w\" sizes=\"(max-width: 1200px) 100vw, 1200px\" \/>\t\t\t\t\t\t<\/div>\r\n\t\t\t\t\t\t\t\t\t\t\t\t\t<div class=\"premium-blog-thumbnail-overlay\">\r\n\t\t\t\t\t\t\t\t<a class=\"elementor-icon\" href=\"https:\/\/garbar.info\/en\/secretaria-de-economia-publica-nuevas-reglas-para-sociedades-extranjeras\/\" target=\"_self\"><span>Secretar\u00eda de Econom\u00eda publica nuevas reglas para sociedades extranjeras.<\/span><\/a>\r\n\t\t\t\t\t\t\t<\/div>\r\n\r\n\t\t\t\t\t\t\t\t\t\t\t\t\t\t\t\t\t\t<\/div>\r\n\t\t\t\t\t\t\t\t\t\t\t\t<div class=\"premium-blog-content-wrapper\">\r\n\r\n\t\t\t\t\t<div class=\"premium-blog-inner-container\">\r\n\r\n\t\t\t\t\t\t\t\t\t\t\t\t\t\t<h2 class=\"premium-blog-entry-title\">\r\n\t\t\t<a href=\"https:\/\/garbar.info\/en\/secretaria-de-economia-publica-nuevas-reglas-para-sociedades-extranjeras\/\" target=\"_self\">\r\n\t\t\t\tSecretar\u00eda de Econom\u00eda publica nuevas reglas para sociedades extranjeras.\t\t\t<\/a>\r\n\t\t<\/h2>\r\n\t\t\t\t<div class=\"premium-blog-entry-meta\">\r\n\t\t\t\r\n\t\t\t\t\t\t\t<span class=\"premium-blog-meta-separator\">\u2022<\/span>\r\n\t\t\t\t<div class=\"premium-blog-post-time premium-blog-meta-data\">\r\n\t\t\t\t\t<i class=\"fa fa-calendar-alt\" aria-hidden=\"true\"><\/i>\r\n\t\t\t\t\t<span>1 de April de 2020<\/span>\r\n\t\t\t\t<\/div>\r\n\t\t\t\r\n\t\t\t\t\t\t\t<span class=\"premium-blog-meta-separator\">\u2022<\/span>\r\n\t\t\t\t<div class=\"premium-blog-post-categories premium-blog-meta-data\">\r\n\t\t\t\t\t<i class=\"fa fa-align-left fa-fw\" aria-hidden=\"true\"><\/i>\r\n\t\t\t\t\t<a href=\"https:\/\/garbar.info\/en\/category\/bancario-y-financiero\/\" rel=\"category tag\">Banking and Finance<\/a>\t\t\t\t<\/div>\r\n\t\t\t\r\n\t\t\t\t\t<\/div>\r\n\t\t\r\n\t\t\t\t\t<\/div>\r\n\r\n\t\t\t\t\t\t\t\t\t\t\r\n\t\t\t\t<\/div>\r\n\t\t\t<\/div>\r\n\t\t<\/div>\r\n\r\n\t\t\t\t<div class=\"premium-blog-post-outer-container regulatorio\" data-total=\"1\">\r\n\t\t\t<div class=\"premium-blog-post-container premium-blog-skin-classic\">\r\n\t\t\t\t\t\t\t\t\t<div class=\"premium-blog-thumb-effect-wrapper\">\r\n\t\t\t\t\t\t<div class=\"premium-blog-thumbnail-container premium-blog-zoomin-effect\">\r\n\t\t\t\t\t\t\t<img loading=\"lazy\" decoding=\"async\" width=\"1200\" height=\"675\" src=\"https:\/\/garbar.info\/wp-content\/uploads\/2024\/10\/Medidas-de-la-Procuraduria-Federal-del-Consumidor-ante-la-pandemia-por-el-Covid-19.jpg\" class=\"attachment-full size-full wp-image-840\" alt=\"\" srcset=\"https:\/\/garbar.info\/wp-content\/uploads\/2024\/10\/Medidas-de-la-Procuraduria-Federal-del-Consumidor-ante-la-pandemia-por-el-Covid-19.jpg 1200w, https:\/\/garbar.info\/wp-content\/uploads\/2024\/10\/Medidas-de-la-Procuraduria-Federal-del-Consumidor-ante-la-pandemia-por-el-Covid-19-300x169.jpg 300w, https:\/\/garbar.info\/wp-content\/uploads\/2024\/10\/Medidas-de-la-Procuraduria-Federal-del-Consumidor-ante-la-pandemia-por-el-Covid-19-1024x576.jpg 1024w, https:\/\/garbar.info\/wp-content\/uploads\/2024\/10\/Medidas-de-la-Procuraduria-Federal-del-Consumidor-ante-la-pandemia-por-el-Covid-19-768x432.jpg 768w, https:\/\/garbar.info\/wp-content\/uploads\/2024\/10\/Medidas-de-la-Procuraduria-Federal-del-Consumidor-ante-la-pandemia-por-el-Covid-19-18x10.jpg 18w\" sizes=\"(max-width: 1200px) 100vw, 1200px\" \/>\t\t\t\t\t\t<\/div>\r\n\t\t\t\t\t\t\t\t\t\t\t\t\t<div class=\"premium-blog-thumbnail-overlay\">\r\n\t\t\t\t\t\t\t\t<a class=\"elementor-icon\" href=\"https:\/\/garbar.info\/en\/medidas-de-la-procuraduria-federal-del-consumidor-ante-la-pandemia-por-el-covid-19\/\" target=\"_self\"><span>Medidas de la Procuradur\u00eda Federal del Consumidor ante la pandemia por el Covid-19<\/span><\/a>\r\n\t\t\t\t\t\t\t<\/div>\r\n\r\n\t\t\t\t\t\t\t\t\t\t\t\t\t\t\t\t\t\t<\/div>\r\n\t\t\t\t\t\t\t\t\t\t\t\t<div class=\"premium-blog-content-wrapper\">\r\n\r\n\t\t\t\t\t<div class=\"premium-blog-inner-container\">\r\n\r\n\t\t\t\t\t\t\t\t\t\t\t\t\t\t<h2 class=\"premium-blog-entry-title\">\r\n\t\t\t<a href=\"https:\/\/garbar.info\/en\/medidas-de-la-procuraduria-federal-del-consumidor-ante-la-pandemia-por-el-covid-19\/\" target=\"_self\">\r\n\t\t\t\tMedidas de la Procuradur\u00eda Federal del Consumidor ante la pandemia por el Covid-19\t\t\t<\/a>\r\n\t\t<\/h2>\r\n\t\t\t\t<div class=\"premium-blog-entry-meta\">\r\n\t\t\t\r\n\t\t\t\t\t\t\t<span class=\"premium-blog-meta-separator\">\u2022<\/span>\r\n\t\t\t\t<div class=\"premium-blog-post-time premium-blog-meta-data\">\r\n\t\t\t\t\t<i class=\"fa fa-calendar-alt\" aria-hidden=\"true\"><\/i>\r\n\t\t\t\t\t<span>27 de March de 2020<\/span>\r\n\t\t\t\t<\/div>\r\n\t\t\t\r\n\t\t\t\t\t\t\t<span class=\"premium-blog-meta-separator\">\u2022<\/span>\r\n\t\t\t\t<div class=\"premium-blog-post-categories premium-blog-meta-data\">\r\n\t\t\t\t\t<i class=\"fa fa-align-left fa-fw\" aria-hidden=\"true\"><\/i>\r\n\t\t\t\t\t<a href=\"https:\/\/garbar.info\/en\/category\/regulatorio\/\" rel=\"category tag\">Regulatory<\/a>\t\t\t\t<\/div>\r\n\t\t\t\r\n\t\t\t\t\t<\/div>\r\n\t\t\r\n\t\t\t\t\t<\/div>\r\n\r\n\t\t\t\t\t\t\t\t\t\t\r\n\t\t\t\t<\/div>\r\n\t\t\t<\/div>\r\n\t\t<\/div>\r\n\r\n\t\t\t\t<div class=\"premium-blog-post-outer-container bancario-y-financiero\" data-total=\"1\">\r\n\t\t\t<div class=\"premium-blog-post-container premium-blog-skin-classic\">\r\n\t\t\t\t\t\t\t\t\t<div class=\"premium-blog-thumb-effect-wrapper\">\r\n\t\t\t\t\t\t<div class=\"premium-blog-thumbnail-container premium-blog-zoomin-effect\">\r\n\t\t\t\t\t\t\t<img loading=\"lazy\" decoding=\"async\" width=\"1200\" height=\"675\" src=\"https:\/\/garbar.info\/wp-content\/uploads\/2024\/10\/La-Comision-Nacional-Bancaria-y-de-Valores-CNBV-acuerda-aplazar-el-pago-de-creditos-para-personas-fisicas-y-morales-hasta-por-6-meses-frente-a-la-contingencia-derivada-del-Covid-19.jpg\" class=\"attachment-full size-full wp-image-834\" alt=\"\" srcset=\"https:\/\/garbar.info\/wp-content\/uploads\/2024\/10\/La-Comision-Nacional-Bancaria-y-de-Valores-CNBV-acuerda-aplazar-el-pago-de-creditos-para-personas-fisicas-y-morales-hasta-por-6-meses-frente-a-la-contingencia-derivada-del-Covid-19.jpg 1200w, https:\/\/garbar.info\/wp-content\/uploads\/2024\/10\/La-Comision-Nacional-Bancaria-y-de-Valores-CNBV-acuerda-aplazar-el-pago-de-creditos-para-personas-fisicas-y-morales-hasta-por-6-meses-frente-a-la-contingencia-derivada-del-Covid-19-300x169.jpg 300w, https:\/\/garbar.info\/wp-content\/uploads\/2024\/10\/La-Comision-Nacional-Bancaria-y-de-Valores-CNBV-acuerda-aplazar-el-pago-de-creditos-para-personas-fisicas-y-morales-hasta-por-6-meses-frente-a-la-contingencia-derivada-del-Covid-19-1024x576.jpg 1024w, https:\/\/garbar.info\/wp-content\/uploads\/2024\/10\/La-Comision-Nacional-Bancaria-y-de-Valores-CNBV-acuerda-aplazar-el-pago-de-creditos-para-personas-fisicas-y-morales-hasta-por-6-meses-frente-a-la-contingencia-derivada-del-Covid-19-768x432.jpg 768w, https:\/\/garbar.info\/wp-content\/uploads\/2024\/10\/La-Comision-Nacional-Bancaria-y-de-Valores-CNBV-acuerda-aplazar-el-pago-de-creditos-para-personas-fisicas-y-morales-hasta-por-6-meses-frente-a-la-contingencia-derivada-del-Covid-19-18x10.jpg 18w\" sizes=\"(max-width: 1200px) 100vw, 1200px\" \/>\t\t\t\t\t\t<\/div>\r\n\t\t\t\t\t\t\t\t\t\t\t\t\t<div class=\"premium-blog-thumbnail-overlay\">\r\n\t\t\t\t\t\t\t\t<a class=\"elementor-icon\" href=\"https:\/\/garbar.info\/en\/la-comision-nacional-bancaria-y-de-valores-cnbv-acuerda-aplazar-el-pago-de-creditos-para-personas-fisicas-y-morales-hasta-por-6-meses-frente-a-la-contingencia-derivada-del-covid-19\/\" target=\"_self\"><span>La Comisi\u00f3n Nacional Bancaria y de Valores (CNBV) acuerda aplazar el pago de cr\u00e9ditos para personas f\u00edsicas y morales hasta por 6 meses frente a la contingencia derivada del Covid-19<\/span><\/a>\r\n\t\t\t\t\t\t\t<\/div>\r\n\r\n\t\t\t\t\t\t\t\t\t\t\t\t\t\t\t\t\t\t<\/div>\r\n\t\t\t\t\t\t\t\t\t\t\t\t<div class=\"premium-blog-content-wrapper\">\r\n\r\n\t\t\t\t\t<div class=\"premium-blog-inner-container\">\r\n\r\n\t\t\t\t\t\t\t\t\t\t\t\t\t\t<h2 class=\"premium-blog-entry-title\">\r\n\t\t\t<a href=\"https:\/\/garbar.info\/en\/la-comision-nacional-bancaria-y-de-valores-cnbv-acuerda-aplazar-el-pago-de-creditos-para-personas-fisicas-y-morales-hasta-por-6-meses-frente-a-la-contingencia-derivada-del-covid-19\/\" target=\"_self\">\r\n\t\t\t\tLa Comisi\u00f3n Nacional Bancaria y de Valores (CNBV) acuerda aplazar el pago de cr\u00e9ditos para personas f\u00edsicas y morales hasta por 6 meses frente a la contingencia derivada del Covid-19\t\t\t<\/a>\r\n\t\t<\/h2>\r\n\t\t\t\t<div class=\"premium-blog-entry-meta\">\r\n\t\t\t\r\n\t\t\t\t\t\t\t<span class=\"premium-blog-meta-separator\">\u2022<\/span>\r\n\t\t\t\t<div class=\"premium-blog-post-time premium-blog-meta-data\">\r\n\t\t\t\t\t<i class=\"fa fa-calendar-alt\" aria-hidden=\"true\"><\/i>\r\n\t\t\t\t\t<span>26 de March de 2020<\/span>\r\n\t\t\t\t<\/div>\r\n\t\t\t\r\n\t\t\t\t\t\t\t<span class=\"premium-blog-meta-separator\">\u2022<\/span>\r\n\t\t\t\t<div class=\"premium-blog-post-categories premium-blog-meta-data\">\r\n\t\t\t\t\t<i class=\"fa fa-align-left fa-fw\" aria-hidden=\"true\"><\/i>\r\n\t\t\t\t\t<a href=\"https:\/\/garbar.info\/en\/category\/bancario-y-financiero\/\" rel=\"category tag\">Banking and Finance<\/a>\t\t\t\t<\/div>\r\n\t\t\t\r\n\t\t\t\t\t<\/div>\r\n\t\t\r\n\t\t\t\t\t<\/div>\r\n\r\n\t\t\t\t\t\t\t\t\t\t\r\n\t\t\t\t<\/div>\r\n\t\t\t<\/div>\r\n\t\t<\/div>\r\n\r\n\t\t\t\t<div class=\"premium-blog-post-outer-container regulatorio\" data-total=\"1\">\r\n\t\t\t<div class=\"premium-blog-post-container premium-blog-skin-classic\">\r\n\t\t\t\t\t\t\t\t\t<div class=\"premium-blog-thumb-effect-wrapper\">\r\n\t\t\t\t\t\t<div class=\"premium-blog-thumbnail-container premium-blog-zoomin-effect\">\r\n\t\t\t\t\t\t\t<img loading=\"lazy\" decoding=\"async\" width=\"1200\" height=\"675\" src=\"https:\/\/garbar.info\/wp-content\/uploads\/2024\/10\/Efectos-de-la-pandemia-del-Covid-19-en-el-cumplimiento-de-las-obligaciones-de-las-empresas-y-de-las-personas-fisicas.jpg\" class=\"attachment-full size-full wp-image-828\" alt=\"\" srcset=\"https:\/\/garbar.info\/wp-content\/uploads\/2024\/10\/Efectos-de-la-pandemia-del-Covid-19-en-el-cumplimiento-de-las-obligaciones-de-las-empresas-y-de-las-personas-fisicas.jpg 1200w, https:\/\/garbar.info\/wp-content\/uploads\/2024\/10\/Efectos-de-la-pandemia-del-Covid-19-en-el-cumplimiento-de-las-obligaciones-de-las-empresas-y-de-las-personas-fisicas-300x169.jpg 300w, https:\/\/garbar.info\/wp-content\/uploads\/2024\/10\/Efectos-de-la-pandemia-del-Covid-19-en-el-cumplimiento-de-las-obligaciones-de-las-empresas-y-de-las-personas-fisicas-1024x576.jpg 1024w, https:\/\/garbar.info\/wp-content\/uploads\/2024\/10\/Efectos-de-la-pandemia-del-Covid-19-en-el-cumplimiento-de-las-obligaciones-de-las-empresas-y-de-las-personas-fisicas-768x432.jpg 768w, https:\/\/garbar.info\/wp-content\/uploads\/2024\/10\/Efectos-de-la-pandemia-del-Covid-19-en-el-cumplimiento-de-las-obligaciones-de-las-empresas-y-de-las-personas-fisicas-18x10.jpg 18w\" sizes=\"(max-width: 1200px) 100vw, 1200px\" \/>\t\t\t\t\t\t<\/div>\r\n\t\t\t\t\t\t\t\t\t\t\t\t\t<div class=\"premium-blog-thumbnail-overlay\">\r\n\t\t\t\t\t\t\t\t<a class=\"elementor-icon\" href=\"https:\/\/garbar.info\/en\/efectos-de-la-pandemia-del-covid-19-en-el-cumplimiento-de-las-obligaciones-de-las-empresas-y-de-las-personas-fisicas\/\" target=\"_self\"><span>Efectos de la pandemia del Covid-19 en el cumplimiento de las obligaciones de las empresas y de las personas f\u00edsicas.<\/span><\/a>\r\n\t\t\t\t\t\t\t<\/div>\r\n\r\n\t\t\t\t\t\t\t\t\t\t\t\t\t\t\t\t\t\t<\/div>\r\n\t\t\t\t\t\t\t\t\t\t\t\t<div class=\"premium-blog-content-wrapper\">\r\n\r\n\t\t\t\t\t<div class=\"premium-blog-inner-container\">\r\n\r\n\t\t\t\t\t\t\t\t\t\t\t\t\t\t<h2 class=\"premium-blog-entry-title\">\r\n\t\t\t<a href=\"https:\/\/garbar.info\/en\/efectos-de-la-pandemia-del-covid-19-en-el-cumplimiento-de-las-obligaciones-de-las-empresas-y-de-las-personas-fisicas\/\" target=\"_self\">\r\n\t\t\t\tEfectos de la pandemia del Covid-19 en el cumplimiento de las obligaciones de las empresas y de las personas f\u00edsicas.\t\t\t<\/a>\r\n\t\t<\/h2>\r\n\t\t\t\t<div class=\"premium-blog-entry-meta\">\r\n\t\t\t\r\n\t\t\t\t\t\t\t<span class=\"premium-blog-meta-separator\">\u2022<\/span>\r\n\t\t\t\t<div class=\"premium-blog-post-time premium-blog-meta-data\">\r\n\t\t\t\t\t<i class=\"fa fa-calendar-alt\" aria-hidden=\"true\"><\/i>\r\n\t\t\t\t\t<span>26 de March de 2020<\/span>\r\n\t\t\t\t<\/div>\r\n\t\t\t\r\n\t\t\t\t\t\t\t<span class=\"premium-blog-meta-separator\">\u2022<\/span>\r\n\t\t\t\t<div class=\"premium-blog-post-categories premium-blog-meta-data\">\r\n\t\t\t\t\t<i class=\"fa fa-align-left fa-fw\" aria-hidden=\"true\"><\/i>\r\n\t\t\t\t\t<a href=\"https:\/\/garbar.info\/en\/category\/regulatorio\/\" rel=\"category tag\">Regulatory<\/a>\t\t\t\t<\/div>\r\n\t\t\t\r\n\t\t\t\t\t<\/div>\r\n\t\t\r\n\t\t\t\t\t<\/div>\r\n\r\n\t\t\t\t\t\t\t\t\t\t\r\n\t\t\t\t<\/div>\r\n\t\t\t<\/div>\r\n\t\t<\/div>\r\n\r\n\t\t\t\t<div class=\"premium-blog-post-outer-container laboral-y-seguridad-social\" data-total=\"1\">\r\n\t\t\t<div class=\"premium-blog-post-container premium-blog-skin-classic\">\r\n\t\t\t\t\t\t\t\t\t<div class=\"premium-blog-thumb-effect-wrapper\">\r\n\t\t\t\t\t\t<div class=\"premium-blog-thumbnail-container premium-blog-zoomin-effect\">\r\n\t\t\t\t\t\t\t<img loading=\"lazy\" decoding=\"async\" width=\"1200\" height=\"675\" src=\"https:\/\/garbar.info\/wp-content\/uploads\/2024\/10\/Medidas-preventivas-ante-la-pandemia-del-Covid-19-emitidas-por-la-Secretaria-de-Salud-de-Mexico.jpg\" class=\"attachment-full size-full wp-image-822\" alt=\"\" srcset=\"https:\/\/garbar.info\/wp-content\/uploads\/2024\/10\/Medidas-preventivas-ante-la-pandemia-del-Covid-19-emitidas-por-la-Secretaria-de-Salud-de-Mexico.jpg 1200w, https:\/\/garbar.info\/wp-content\/uploads\/2024\/10\/Medidas-preventivas-ante-la-pandemia-del-Covid-19-emitidas-por-la-Secretaria-de-Salud-de-Mexico-300x169.jpg 300w, https:\/\/garbar.info\/wp-content\/uploads\/2024\/10\/Medidas-preventivas-ante-la-pandemia-del-Covid-19-emitidas-por-la-Secretaria-de-Salud-de-Mexico-1024x576.jpg 1024w, https:\/\/garbar.info\/wp-content\/uploads\/2024\/10\/Medidas-preventivas-ante-la-pandemia-del-Covid-19-emitidas-por-la-Secretaria-de-Salud-de-Mexico-768x432.jpg 768w, https:\/\/garbar.info\/wp-content\/uploads\/2024\/10\/Medidas-preventivas-ante-la-pandemia-del-Covid-19-emitidas-por-la-Secretaria-de-Salud-de-Mexico-18x10.jpg 18w\" sizes=\"(max-width: 1200px) 100vw, 1200px\" \/>\t\t\t\t\t\t<\/div>\r\n\t\t\t\t\t\t\t\t\t\t\t\t\t<div class=\"premium-blog-thumbnail-overlay\">\r\n\t\t\t\t\t\t\t\t<a class=\"elementor-icon\" href=\"https:\/\/garbar.info\/en\/medidas-preventivas-ante-la-pandemia-del-covid-19-emitidas-por-la-secretaria-de-salud-de-mexico\/\" target=\"_self\"><span>Medidas preventivas ante la pandemia del Covid-19 emitidas por la Secretar\u00eda de Salud de M\u00e9xico<\/span><\/a>\r\n\t\t\t\t\t\t\t<\/div>\r\n\r\n\t\t\t\t\t\t\t\t\t\t\t\t\t\t\t\t\t\t<\/div>\r\n\t\t\t\t\t\t\t\t\t\t\t\t<div class=\"premium-blog-content-wrapper\">\r\n\r\n\t\t\t\t\t<div class=\"premium-blog-inner-container\">\r\n\r\n\t\t\t\t\t\t\t\t\t\t\t\t\t\t<h2 class=\"premium-blog-entry-title\">\r\n\t\t\t<a href=\"https:\/\/garbar.info\/en\/medidas-preventivas-ante-la-pandemia-del-covid-19-emitidas-por-la-secretaria-de-salud-de-mexico\/\" target=\"_self\">\r\n\t\t\t\tMedidas preventivas ante la pandemia del Covid-19 emitidas por la Secretar\u00eda de Salud de M\u00e9xico\t\t\t<\/a>\r\n\t\t<\/h2>\r\n\t\t\t\t<div class=\"premium-blog-entry-meta\">\r\n\t\t\t\r\n\t\t\t\t\t\t\t<span class=\"premium-blog-meta-separator\">\u2022<\/span>\r\n\t\t\t\t<div class=\"premium-blog-post-time premium-blog-meta-data\">\r\n\t\t\t\t\t<i class=\"fa fa-calendar-alt\" aria-hidden=\"true\"><\/i>\r\n\t\t\t\t\t<span>25 de March de 2020<\/span>\r\n\t\t\t\t<\/div>\r\n\t\t\t\r\n\t\t\t\t\t\t\t<span class=\"premium-blog-meta-separator\">\u2022<\/span>\r\n\t\t\t\t<div class=\"premium-blog-post-categories premium-blog-meta-data\">\r\n\t\t\t\t\t<i class=\"fa fa-align-left fa-fw\" aria-hidden=\"true\"><\/i>\r\n\t\t\t\t\t<a href=\"https:\/\/garbar.info\/en\/category\/laboral-y-seguridad-social\/\" rel=\"category tag\">Labor and Social Security<\/a>\t\t\t\t<\/div>\r\n\t\t\t\r\n\t\t\t\t\t<\/div>\r\n\t\t\r\n\t\t\t\t\t<\/div>\r\n\r\n\t\t\t\t\t\t\t\t\t\t\r\n\t\t\t\t<\/div>\r\n\t\t\t<\/div>\r\n\t\t<\/div>\r\n\r\n\t\t\t\t<div class=\"premium-blog-post-outer-container laboral-y-seguridad-social\" data-total=\"1\">\r\n\t\t\t<div class=\"premium-blog-post-container premium-blog-skin-classic\">\r\n\t\t\t\t\t\t\t\t\t<div class=\"premium-blog-thumb-effect-wrapper\">\r\n\t\t\t\t\t\t<div class=\"premium-blog-thumbnail-container premium-blog-zoomin-effect\">\r\n\t\t\t\t\t\t\t<img loading=\"lazy\" decoding=\"async\" width=\"1200\" height=\"675\" src=\"https:\/\/garbar.info\/wp-content\/uploads\/2024\/10\/Implicaciones-laborales-para-las-empresas-en-caso-de-contingencia-sanitaria-por-Covid-19.jpg\" class=\"attachment-full size-full wp-image-816\" alt=\"\" srcset=\"https:\/\/garbar.info\/wp-content\/uploads\/2024\/10\/Implicaciones-laborales-para-las-empresas-en-caso-de-contingencia-sanitaria-por-Covid-19.jpg 1200w, https:\/\/garbar.info\/wp-content\/uploads\/2024\/10\/Implicaciones-laborales-para-las-empresas-en-caso-de-contingencia-sanitaria-por-Covid-19-300x169.jpg 300w, https:\/\/garbar.info\/wp-content\/uploads\/2024\/10\/Implicaciones-laborales-para-las-empresas-en-caso-de-contingencia-sanitaria-por-Covid-19-1024x576.jpg 1024w, https:\/\/garbar.info\/wp-content\/uploads\/2024\/10\/Implicaciones-laborales-para-las-empresas-en-caso-de-contingencia-sanitaria-por-Covid-19-768x432.jpg 768w, https:\/\/garbar.info\/wp-content\/uploads\/2024\/10\/Implicaciones-laborales-para-las-empresas-en-caso-de-contingencia-sanitaria-por-Covid-19-18x10.jpg 18w\" sizes=\"(max-width: 1200px) 100vw, 1200px\" \/>\t\t\t\t\t\t<\/div>\r\n\t\t\t\t\t\t\t\t\t\t\t\t\t<div class=\"premium-blog-thumbnail-overlay\">\r\n\t\t\t\t\t\t\t\t<a class=\"elementor-icon\" href=\"https:\/\/garbar.info\/en\/implicaciones-laborales-para-las-empresas-en-caso-de-contingencia-sanitaria-por-covid-19\/\" target=\"_self\"><span>Implicaciones laborales para las empresas en caso de contingencia sanitaria por Covid-19<\/span><\/a>\r\n\t\t\t\t\t\t\t<\/div>\r\n\r\n\t\t\t\t\t\t\t\t\t\t\t\t\t\t\t\t\t\t<\/div>\r\n\t\t\t\t\t\t\t\t\t\t\t\t<div class=\"premium-blog-content-wrapper\">\r\n\r\n\t\t\t\t\t<div class=\"premium-blog-inner-container\">\r\n\r\n\t\t\t\t\t\t\t\t\t\t\t\t\t\t<h2 class=\"premium-blog-entry-title\">\r\n\t\t\t<a href=\"https:\/\/garbar.info\/en\/implicaciones-laborales-para-las-empresas-en-caso-de-contingencia-sanitaria-por-covid-19\/\" target=\"_self\">\r\n\t\t\t\tImplicaciones laborales para las empresas en caso de contingencia sanitaria por Covid-19\t\t\t<\/a>\r\n\t\t<\/h2>\r\n\t\t\t\t<div class=\"premium-blog-entry-meta\">\r\n\t\t\t\r\n\t\t\t\t\t\t\t<span class=\"premium-blog-meta-separator\">\u2022<\/span>\r\n\t\t\t\t<div class=\"premium-blog-post-time premium-blog-meta-data\">\r\n\t\t\t\t\t<i class=\"fa fa-calendar-alt\" aria-hidden=\"true\"><\/i>\r\n\t\t\t\t\t<span>24 de March de 2020<\/span>\r\n\t\t\t\t<\/div>\r\n\t\t\t\r\n\t\t\t\t\t\t\t<span class=\"premium-blog-meta-separator\">\u2022<\/span>\r\n\t\t\t\t<div class=\"premium-blog-post-categories premium-blog-meta-data\">\r\n\t\t\t\t\t<i class=\"fa fa-align-left fa-fw\" aria-hidden=\"true\"><\/i>\r\n\t\t\t\t\t<a href=\"https:\/\/garbar.info\/en\/category\/laboral-y-seguridad-social\/\" rel=\"category tag\">Labor and Social Security<\/a>\t\t\t\t<\/div>\r\n\t\t\t\r\n\t\t\t\t\t<\/div>\r\n\t\t\r\n\t\t\t\t\t<\/div>\r\n\r\n\t\t\t\t\t\t\t\t\t\t\r\n\t\t\t\t<\/div>\r\n\t\t\t<\/div>\r\n\t\t<\/div>\r\n\r\n\t\t\t\t<div class=\"premium-blog-post-outer-container bancario-y-financiero\" data-total=\"1\">\r\n\t\t\t<div class=\"premium-blog-post-container premium-blog-skin-classic\">\r\n\t\t\t\t\t\t\t\t\t<div class=\"premium-blog-thumb-effect-wrapper\">\r\n\t\t\t\t\t\t<div class=\"premium-blog-thumbnail-container premium-blog-zoomin-effect\">\r\n\t\t\t\t\t\t\t<img loading=\"lazy\" decoding=\"async\" width=\"1200\" height=\"675\" src=\"https:\/\/garbar.info\/wp-content\/uploads\/2024\/10\/COVID-19-Firm-Update.jpg\" class=\"attachment-full size-full wp-image-810\" alt=\"\" srcset=\"https:\/\/garbar.info\/wp-content\/uploads\/2024\/10\/COVID-19-Firm-Update.jpg 1200w, https:\/\/garbar.info\/wp-content\/uploads\/2024\/10\/COVID-19-Firm-Update-300x169.jpg 300w, https:\/\/garbar.info\/wp-content\/uploads\/2024\/10\/COVID-19-Firm-Update-1024x576.jpg 1024w, https:\/\/garbar.info\/wp-content\/uploads\/2024\/10\/COVID-19-Firm-Update-768x432.jpg 768w, https:\/\/garbar.info\/wp-content\/uploads\/2024\/10\/COVID-19-Firm-Update-18x10.jpg 18w\" sizes=\"(max-width: 1200px) 100vw, 1200px\" \/>\t\t\t\t\t\t<\/div>\r\n\t\t\t\t\t\t\t\t\t\t\t\t\t<div class=\"premium-blog-thumbnail-overlay\">\r\n\t\t\t\t\t\t\t\t<a class=\"elementor-icon\" href=\"https:\/\/garbar.info\/en\/covid-19-firm-update\/\" target=\"_self\"><span>COVID-19 Firm Update<\/span><\/a>\r\n\t\t\t\t\t\t\t<\/div>\r\n\r\n\t\t\t\t\t\t\t\t\t\t\t\t\t\t\t\t\t\t<\/div>\r\n\t\t\t\t\t\t\t\t\t\t\t\t<div class=\"premium-blog-content-wrapper\">\r\n\r\n\t\t\t\t\t<div class=\"premium-blog-inner-container\">\r\n\r\n\t\t\t\t\t\t\t\t\t\t\t\t\t\t<h2 class=\"premium-blog-entry-title\">\r\n\t\t\t<a href=\"https:\/\/garbar.info\/en\/covid-19-firm-update\/\" target=\"_self\">\r\n\t\t\t\tCOVID-19 Firm Update\t\t\t<\/a>\r\n\t\t<\/h2>\r\n\t\t\t\t<div class=\"premium-blog-entry-meta\">\r\n\t\t\t\r\n\t\t\t\t\t\t\t<span class=\"premium-blog-meta-separator\">\u2022<\/span>\r\n\t\t\t\t<div class=\"premium-blog-post-time premium-blog-meta-data\">\r\n\t\t\t\t\t<i class=\"fa fa-calendar-alt\" aria-hidden=\"true\"><\/i>\r\n\t\t\t\t\t<span>16 de March de 2020<\/span>\r\n\t\t\t\t<\/div>\r\n\t\t\t\r\n\t\t\t\t\t\t\t<span class=\"premium-blog-meta-separator\">\u2022<\/span>\r\n\t\t\t\t<div class=\"premium-blog-post-categories premium-blog-meta-data\">\r\n\t\t\t\t\t<i class=\"fa fa-align-left fa-fw\" aria-hidden=\"true\"><\/i>\r\n\t\t\t\t\t<a href=\"https:\/\/garbar.info\/en\/category\/bancario-y-financiero\/\" rel=\"category tag\">Banking and Finance<\/a>\t\t\t\t<\/div>\r\n\t\t\t\r\n\t\t\t\t\t<\/div>\r\n\t\t\r\n\t\t\t\t\t<\/div>\r\n\r\n\t\t\t\t\t\t\t\t\t\t\r\n\t\t\t\t<\/div>\r\n\t\t\t<\/div>\r\n\t\t<\/div>\r\n\r\n\t\t\t\t<div class=\"premium-blog-post-outer-container bancario-y-financiero\" data-total=\"1\">\r\n\t\t\t<div class=\"premium-blog-post-container premium-blog-skin-classic\">\r\n\t\t\t\t\t\t\t\t\t<div class=\"premium-blog-thumb-effect-wrapper\">\r\n\t\t\t\t\t\t<div class=\"premium-blog-thumbnail-container premium-blog-zoomin-effect\">\r\n\t\t\t\t\t\t\t<img loading=\"lazy\" decoding=\"async\" width=\"1200\" height=\"675\" src=\"https:\/\/garbar.info\/wp-content\/uploads\/2024\/10\/Nuevas-Importaciones-a-Mexico.jpg\" class=\"attachment-full size-full wp-image-782\" alt=\"\" srcset=\"https:\/\/garbar.info\/wp-content\/uploads\/2024\/10\/Nuevas-Importaciones-a-Mexico.jpg 1200w, https:\/\/garbar.info\/wp-content\/uploads\/2024\/10\/Nuevas-Importaciones-a-Mexico-300x169.jpg 300w, https:\/\/garbar.info\/wp-content\/uploads\/2024\/10\/Nuevas-Importaciones-a-Mexico-1024x576.jpg 1024w, https:\/\/garbar.info\/wp-content\/uploads\/2024\/10\/Nuevas-Importaciones-a-Mexico-768x432.jpg 768w, https:\/\/garbar.info\/wp-content\/uploads\/2024\/10\/Nuevas-Importaciones-a-Mexico-18x10.jpg 18w\" sizes=\"(max-width: 1200px) 100vw, 1200px\" \/>\t\t\t\t\t\t<\/div>\r\n\t\t\t\t\t\t\t\t\t\t\t\t\t<div class=\"premium-blog-thumbnail-overlay\">\r\n\t\t\t\t\t\t\t\t<a class=\"elementor-icon\" href=\"https:\/\/garbar.info\/en\/nuevas-importaciones-a-mexico\/\" target=\"_self\"><span>Nuevas Importaciones a M\u00e9xico<\/span><\/a>\r\n\t\t\t\t\t\t\t<\/div>\r\n\r\n\t\t\t\t\t\t\t\t\t\t\t\t\t\t\t\t\t\t<\/div>\r\n\t\t\t\t\t\t\t\t\t\t\t\t<div class=\"premium-blog-content-wrapper\">\r\n\r\n\t\t\t\t\t<div class=\"premium-blog-inner-container\">\r\n\r\n\t\t\t\t\t\t\t\t\t\t\t\t\t\t<h2 class=\"premium-blog-entry-title\">\r\n\t\t\t<a href=\"https:\/\/garbar.info\/en\/nuevas-importaciones-a-mexico\/\" target=\"_self\">\r\n\t\t\t\tNuevas Importaciones a M\u00e9xico\t\t\t<\/a>\r\n\t\t<\/h2>\r\n\t\t\t\t<div class=\"premium-blog-entry-meta\">\r\n\t\t\t\r\n\t\t\t\t\t\t\t<span class=\"premium-blog-meta-separator\">\u2022<\/span>\r\n\t\t\t\t<div class=\"premium-blog-post-time premium-blog-meta-data\">\r\n\t\t\t\t\t<i class=\"fa fa-calendar-alt\" aria-hidden=\"true\"><\/i>\r\n\t\t\t\t\t<span>26 de November de 2018<\/span>\r\n\t\t\t\t<\/div>\r\n\t\t\t\r\n\t\t\t\t\t\t\t<span class=\"premium-blog-meta-separator\">\u2022<\/span>\r\n\t\t\t\t<div class=\"premium-blog-post-categories premium-blog-meta-data\">\r\n\t\t\t\t\t<i class=\"fa fa-align-left fa-fw\" aria-hidden=\"true\"><\/i>\r\n\t\t\t\t\t<a href=\"https:\/\/garbar.info\/en\/category\/bancario-y-financiero\/\" rel=\"category tag\">Banking and Finance<\/a>\t\t\t\t<\/div>\r\n\t\t\t\r\n\t\t\t\t\t<\/div>\r\n\t\t\r\n\t\t\t\t\t<\/div>\r\n\r\n\t\t\t\t\t\t\t\t\t\t\r\n\t\t\t\t<\/div>\r\n\t\t\t<\/div>\r\n\t\t<\/div>\r\n\r\n\t\t\t\t<div class=\"premium-blog-post-outer-container regulatorio\" data-total=\"1\">\r\n\t\t\t<div class=\"premium-blog-post-container premium-blog-skin-classic\">\r\n\t\t\t\t\t\t\t\t\t<div class=\"premium-blog-thumb-effect-wrapper\">\r\n\t\t\t\t\t\t<div class=\"premium-blog-thumbnail-container premium-blog-zoomin-effect\">\r\n\t\t\t\t\t\t\t<img loading=\"lazy\" decoding=\"async\" width=\"1200\" height=\"675\" src=\"https:\/\/garbar.info\/wp-content\/uploads\/2018\/11\/Seguimiento-a-la-regulacion-de-cannabis-en-Mexico.-Alimentos-Suplementos-Alimenticios-Bebidas-no-Alcoholicas-y-Bebidas-Alcoholicas.jpg\" class=\"attachment-full size-full wp-image-779\" alt=\"\" srcset=\"https:\/\/garbar.info\/wp-content\/uploads\/2018\/11\/Seguimiento-a-la-regulacion-de-cannabis-en-Mexico.-Alimentos-Suplementos-Alimenticios-Bebidas-no-Alcoholicas-y-Bebidas-Alcoholicas.jpg 1200w, https:\/\/garbar.info\/wp-content\/uploads\/2018\/11\/Seguimiento-a-la-regulacion-de-cannabis-en-Mexico.-Alimentos-Suplementos-Alimenticios-Bebidas-no-Alcoholicas-y-Bebidas-Alcoholicas-300x169.jpg 300w, https:\/\/garbar.info\/wp-content\/uploads\/2018\/11\/Seguimiento-a-la-regulacion-de-cannabis-en-Mexico.-Alimentos-Suplementos-Alimenticios-Bebidas-no-Alcoholicas-y-Bebidas-Alcoholicas-1024x576.jpg 1024w, https:\/\/garbar.info\/wp-content\/uploads\/2018\/11\/Seguimiento-a-la-regulacion-de-cannabis-en-Mexico.-Alimentos-Suplementos-Alimenticios-Bebidas-no-Alcoholicas-y-Bebidas-Alcoholicas-768x432.jpg 768w, https:\/\/garbar.info\/wp-content\/uploads\/2018\/11\/Seguimiento-a-la-regulacion-de-cannabis-en-Mexico.-Alimentos-Suplementos-Alimenticios-Bebidas-no-Alcoholicas-y-Bebidas-Alcoholicas-18x10.jpg 18w\" sizes=\"(max-width: 1200px) 100vw, 1200px\" \/>\t\t\t\t\t\t<\/div>\r\n\t\t\t\t\t\t\t\t\t\t\t\t\t<div class=\"premium-blog-thumbnail-overlay\">\r\n\t\t\t\t\t\t\t\t<a class=\"elementor-icon\" href=\"https:\/\/garbar.info\/en\/regulacion-de-cannabis-en-mexico-medicamentos\/\" target=\"_self\"><span>Regulaci\u00f3n de cannabis en M\u00e9xico. Medicamentos.<\/span><\/a>\r\n\t\t\t\t\t\t\t<\/div>\r\n\r\n\t\t\t\t\t\t\t\t\t\t\t\t\t\t\t\t\t\t<\/div>\r\n\t\t\t\t\t\t\t\t\t\t\t\t<div class=\"premium-blog-content-wrapper\">\r\n\r\n\t\t\t\t\t<div class=\"premium-blog-inner-container\">\r\n\r\n\t\t\t\t\t\t\t\t\t\t\t\t\t\t<h2 class=\"premium-blog-entry-title\">\r\n\t\t\t<a href=\"https:\/\/garbar.info\/en\/regulacion-de-cannabis-en-mexico-medicamentos\/\" target=\"_self\">\r\n\t\t\t\tRegulaci\u00f3n de cannabis en M\u00e9xico. Medicamentos.\t\t\t<\/a>\r\n\t\t<\/h2>\r\n\t\t\t\t<div class=\"premium-blog-entry-meta\">\r\n\t\t\t\r\n\t\t\t\t\t\t\t<span class=\"premium-blog-meta-separator\">\u2022<\/span>\r\n\t\t\t\t<div class=\"premium-blog-post-time premium-blog-meta-data\">\r\n\t\t\t\t\t<i class=\"fa fa-calendar-alt\" aria-hidden=\"true\"><\/i>\r\n\t\t\t\t\t<span>20 de November de 2018<\/span>\r\n\t\t\t\t<\/div>\r\n\t\t\t\r\n\t\t\t\t\t\t\t<span class=\"premium-blog-meta-separator\">\u2022<\/span>\r\n\t\t\t\t<div class=\"premium-blog-post-categories premium-blog-meta-data\">\r\n\t\t\t\t\t<i class=\"fa fa-align-left fa-fw\" aria-hidden=\"true\"><\/i>\r\n\t\t\t\t\t<a href=\"https:\/\/garbar.info\/en\/category\/regulatorio\/\" rel=\"category tag\">Regulatory<\/a>\t\t\t\t<\/div>\r\n\t\t\t\r\n\t\t\t\t\t<\/div>\r\n\t\t\r\n\t\t\t\t\t<\/div>\r\n\r\n\t\t\t\t\t\t\t\t\t\t\r\n\t\t\t\t<\/div>\r\n\t\t\t<\/div>\r\n\t\t<\/div>\r\n\r\n\t\t\t\t<div class=\"premium-blog-post-outer-container regulatorio\" data-total=\"1\">\r\n\t\t\t<div class=\"premium-blog-post-container premium-blog-skin-classic\">\r\n\t\t\t\t\t\t\t\t\t<div class=\"premium-blog-thumb-effect-wrapper\">\r\n\t\t\t\t\t\t<div class=\"premium-blog-thumbnail-container premium-blog-zoomin-effect\">\r\n\t\t\t\t\t\t\t<img loading=\"lazy\" decoding=\"async\" width=\"1200\" height=\"675\" src=\"https:\/\/garbar.info\/wp-content\/uploads\/2018\/11\/Regulacion-de-cannabis-en-Mexico.-Medicamentos.jpg\" class=\"attachment-full size-full wp-image-780\" alt=\"\" srcset=\"https:\/\/garbar.info\/wp-content\/uploads\/2018\/11\/Regulacion-de-cannabis-en-Mexico.-Medicamentos.jpg 1200w, https:\/\/garbar.info\/wp-content\/uploads\/2018\/11\/Regulacion-de-cannabis-en-Mexico.-Medicamentos-300x169.jpg 300w, https:\/\/garbar.info\/wp-content\/uploads\/2018\/11\/Regulacion-de-cannabis-en-Mexico.-Medicamentos-1024x576.jpg 1024w, https:\/\/garbar.info\/wp-content\/uploads\/2018\/11\/Regulacion-de-cannabis-en-Mexico.-Medicamentos-768x432.jpg 768w, https:\/\/garbar.info\/wp-content\/uploads\/2018\/11\/Regulacion-de-cannabis-en-Mexico.-Medicamentos-18x10.jpg 18w\" sizes=\"(max-width: 1200px) 100vw, 1200px\" \/>\t\t\t\t\t\t<\/div>\r\n\t\t\t\t\t\t\t\t\t\t\t\t\t<div class=\"premium-blog-thumbnail-overlay\">\r\n\t\t\t\t\t\t\t\t<a class=\"elementor-icon\" href=\"https:\/\/garbar.info\/en\/seguimiento-a-la-regulacion-de-cannabis-en-mexico-alimentos-suplementos-alimenticios-bebidas-no-alcoholicas-y-bebidas-alcoholicas\/\" target=\"_self\"><span>Seguimiento a la regulaci\u00f3n de cannabis en M\u00e9xico. Alimentos, Suplementos Alimenticios, Bebidas no Alcoh\u00f3licas y Bebidas Alcoh\u00f3licas.<\/span><\/a>\r\n\t\t\t\t\t\t\t<\/div>\r\n\r\n\t\t\t\t\t\t\t\t\t\t\t\t\t\t\t\t\t\t<\/div>\r\n\t\t\t\t\t\t\t\t\t\t\t\t<div class=\"premium-blog-content-wrapper\">\r\n\r\n\t\t\t\t\t<div class=\"premium-blog-inner-container\">\r\n\r\n\t\t\t\t\t\t\t\t\t\t\t\t\t\t<h2 class=\"premium-blog-entry-title\">\r\n\t\t\t<a href=\"https:\/\/garbar.info\/en\/seguimiento-a-la-regulacion-de-cannabis-en-mexico-alimentos-suplementos-alimenticios-bebidas-no-alcoholicas-y-bebidas-alcoholicas\/\" target=\"_self\">\r\n\t\t\t\tSeguimiento a la regulaci\u00f3n de cannabis en M\u00e9xico. Alimentos, Suplementos Alimenticios, Bebidas no Alcoh\u00f3licas y Bebidas Alcoh\u00f3licas.\t\t\t<\/a>\r\n\t\t<\/h2>\r\n\t\t\t\t<div class=\"premium-blog-entry-meta\">\r\n\t\t\t\r\n\t\t\t\t\t\t\t<span class=\"premium-blog-meta-separator\">\u2022<\/span>\r\n\t\t\t\t<div class=\"premium-blog-post-time premium-blog-meta-data\">\r\n\t\t\t\t\t<i class=\"fa fa-calendar-alt\" aria-hidden=\"true\"><\/i>\r\n\t\t\t\t\t<span>16 de November de 2018<\/span>\r\n\t\t\t\t<\/div>\r\n\t\t\t\r\n\t\t\t\t\t\t\t<span class=\"premium-blog-meta-separator\">\u2022<\/span>\r\n\t\t\t\t<div class=\"premium-blog-post-categories premium-blog-meta-data\">\r\n\t\t\t\t\t<i class=\"fa fa-align-left fa-fw\" aria-hidden=\"true\"><\/i>\r\n\t\t\t\t\t<a href=\"https:\/\/garbar.info\/en\/category\/regulatorio\/\" rel=\"category tag\">Regulatory<\/a>\t\t\t\t<\/div>\r\n\t\t\t\r\n\t\t\t\t\t<\/div>\r\n\t\t\r\n\t\t\t\t\t<\/div>\r\n\r\n\t\t\t\t\t\t\t\t\t\t\r\n\t\t\t\t<\/div>\r\n\t\t\t<\/div>\r\n\t\t<\/div>\r\n\r\n\t\t\t\t<\/div>\r\n\r\n\t\t\t\t\t\t<\/div>\n\t\t\t\t<\/div>\n\t\t\t\t\t<\/div>\n\t\t<\/div>\n\t\t\t\t\t<\/div>\n\t\t<\/section>\n\t\t\t\t<section class=\"elementor-section elementor-top-section elementor-element elementor-element-f5f6e70 elementor-section-boxed elementor-section-height-default elementor-section-height-default\" data-id=\"f5f6e70\" data-element_type=\"section\" data-settings=\"{&quot;background_background&quot;:&quot;classic&quot;}\">\n\t\t\t\t\t\t<div class=\"elementor-container elementor-column-gap-default\">\n\t\t\t\t\t<div class=\"elementor-column elementor-col-50 elementor-top-column elementor-element elementor-element-1686f29\" data-id=\"1686f29\" data-element_type=\"column\">\n\t\t\t<div class=\"elementor-widget-wrap\">\n\t\t\t\t\t\t\t<\/div>\n\t\t<\/div>\n\t\t\t\t<div class=\"elementor-column elementor-col-50 elementor-top-column elementor-element elementor-element-56154f2\" data-id=\"56154f2\" data-element_type=\"column\">\n\t\t\t<div class=\"elementor-widget-wrap\">\n\t\t\t\t\t\t\t<\/div>\n\t\t<\/div>\n\t\t\t\t\t<\/div>\n\t\t<\/section>\n\t\t\t\t<\/div>","protected":false},"excerpt":{"rendered":"<p>Newsletter Noticias Todas Administrativo Agrario Arbitraje Bancario y Financiero Comercio Exterior y Derecho Aduanero Construcci\u00f3n Corporate\/M&amp;A Energ\u00eda y Recursos Naturales Fiscal Hoteler\u00eda y Turismo Inmobiliario Laboral y Seguridad Social Litigios Civiles y Comerciales Litigios y M\u00e9todos Alternativos de Soluci\u00f3n de Controversias Mercantil Propiedad Intelectual Regulatorio Telecomunicaciones \u00a0An\u00e1lisis al Decreto por el que se reforman y &#8230; <a title=\"Seguimiento a la regulaci\u00f3n de cannabis en M\u00e9xico. Alimentos, Suplementos Alimenticios, Bebidas no Alcoh\u00f3licas y Bebidas Alcoh\u00f3licas.\" class=\"read-more\" href=\"https:\/\/garbar.info\/en\/seguimiento-a-la-regulacion-de-cannabis-en-mexico-alimentos-suplementos-alimenticios-bebidas-no-alcoholicas-y-bebidas-alcoholicas\/\" aria-label=\"Read more about Seguimiento a la regulaci\u00f3n de cannabis en M\u00e9xico. Alimentos, Suplementos Alimenticios, Bebidas no Alcoh\u00f3licas y Bebidas Alcoh\u00f3licas.\">Read more<\/a><\/p>","protected":false},"author":1,"featured_media":0,"parent":0,"menu_order":0,"comment_status":"closed","ping_status":"closed","template":"elementor_header_footer","meta":{"inline_featured_image":false,"footnotes":""},"class_list":["post-443","page","type-page","status-publish","hentry"],"_links":{"self":[{"href":"https:\/\/garbar.info\/en\/wp-json\/wp\/v2\/pages\/443","targetHints":{"allow":["GET"]}}],"collection":[{"href":"https:\/\/garbar.info\/en\/wp-json\/wp\/v2\/pages"}],"about":[{"href":"https:\/\/garbar.info\/en\/wp-json\/wp\/v2\/types\/page"}],"author":[{"embeddable":true,"href":"https:\/\/garbar.info\/en\/wp-json\/wp\/v2\/users\/1"}],"replies":[{"embeddable":true,"href":"https:\/\/garbar.info\/en\/wp-json\/wp\/v2\/comments?post=443"}],"version-history":[{"count":70,"href":"https:\/\/garbar.info\/en\/wp-json\/wp\/v2\/pages\/443\/revisions"}],"predecessor-version":[{"id":1554,"href":"https:\/\/garbar.info\/en\/wp-json\/wp\/v2\/pages\/443\/revisions\/1554"}],"wp:attachment":[{"href":"https:\/\/garbar.info\/en\/wp-json\/wp\/v2\/media?parent=443"}],"curies":[{"name":"wp","href":"https:\/\/api.w.org\/{rel}","templated":true}]}}